{"id":58117,"date":"2026-05-21T12:44:00","date_gmt":"2026-05-21T10:44:00","guid":{"rendered":"https:\/\/ayurvedisktcenter.se\/?post_type=tribe_events&#038;p=58117"},"modified":"2026-05-26T16:49:17","modified_gmt":"2026-05-26T14:49:17","slug":"pitta-svalka-din-inre-eld-en-workshop-i-yoga-ayurveda-for-en-balanserad-sommartid","status":"publish","type":"tribe_events","link":"https:\/\/ayurvedisktcenter.se\/en\/event\/pitta-svalka-din-inre-eld-en-workshop-i-yoga-ayurveda-for-en-balanserad-sommartid\/","title":{"rendered":"Svalka din inre Eld \u2013 En workshop i\u00a0Yoga &amp; Ayurveda f\u00f6r en Balanserad Sommartid"},"content":{"rendered":"<div  class=\"tribe-events-schedule tribe-clearfix\" >\n\t<p class=\"tribe-events-schedule__datetime\">\n\t\t<span class=\"tribe-events-schedule__date tribe-events-schedule__date--start\">\n\t\t\tJune 27\t\t<\/span>\n\n\t\t\t\t\t<span class=\"tribe-events-schedule__separator tribe-events-schedule__separator--date\">\n\t\t\t\t@\t\t\t<\/span>\n\t\t\t<span class=\"tribe-events-schedule__time tribe-events-schedule__time--start\">\n\t\t\t\t12:00\t\t\t<\/span>\n\t\t\n\t\t\t\t\t\t\t\t\t<span class=\"tribe-events-schedule__separator tribe-events-schedule__separator--time\">\n\t\t\t\t\t&#8211;\t\t\t\t<\/span>\n\t\t\t\n\t\t\t\t\t\t\t<span class=\"tribe-events-schedule__time tribe-events-schedule__time--end\">\n\t\t\t\t\t14:10\t\t\t\t<\/span>\n\t\t\t\n\t\t\t\t\t\t<\/p>\n<\/div>\n\n\n\n<p class=\"wp-block-paragraph\">\u201dI denna ljuva Pitta-tid\u2026\u201d Sommaren \u00e4r v\u00e5r mest \u00e4lskade \u00e5rstid, fylld av ljus, bad och tid utomhus. Enligt Ayurveda \u00e4r detta \u201dPitta-tid\u201d, en period d\u00e5 framf\u00f6rallt elementet eld dominerar. Men precis som en eld kan vara b\u00e5de lugnande och v\u00e4rmande, kan den ocks\u00e5 ta \u00f6ver, br\u00e4nnas och leda till torka.<\/p>\n\n\n\n<p class=\"wp-block-paragraph\">H\u00f6ga temperaturer, brutna rutiner, social press och sommarens alla f\u00f6rv\u00e4ntningar g\u00f6r att den inre elden l\u00e4tt flammar upp. N\u00e4r Pitta hamnar i obalans tappar vi l\u00e4tt v\u00e5r svalka \u2013 b\u00e5de i kroppen och i sinnet. Vad ayurvedan l\u00e4r oss \u00e4r att h\u00e4lsa handlar om att leva i takt med naturen och att motsatser skapar balans.&nbsp;<\/p>\n\n\n\n<p class=\"wp-block-paragraph\">L\u00e5t dig inspireras av ayurvedan och yogans tidl\u00f6sa visdom om hur naturen utanf\u00f6r oss och v\u00e5rt inre &#8211; kropp och sinne, h\u00e4nger samman. Under denna workshop f\u00e5r du l\u00e4ra dig ayurvedans tre gyllene nycklar f\u00f6r att balansera och svalka din Pitta \u2013 s\u00e5 att du verkligen kan njuta av sommaren. Du kommer \u00e4ven att guidas genom ett svalkande Yoga (Hatha\/Yin) , lugnande Pranayam (Andning) och grundande Dharana\/Dhyana (Koncentration\/Meditation).&nbsp;<\/p>\n\n\n\n<p class=\"wp-block-paragraph\">V\u00e4lkommen till ett unikt tillf\u00e4lle att stanna upp, svalka systemet och hitta din inre balans mitt i sommarens fl\u00f6de. Ge dig sj\u00e4lv g\u00e5van att landa i kroppen och m\u00f6ta resten av sommaren med ny energi och ett lugnt sinne.<\/p>\n\n\n\n<p class=\"wp-block-paragraph\">N\u00e4r: L\u00f6rdagen den 27:e Juni&nbsp;<br>Tid: 12:00 ~14:10<br>Omfattning: 2 timmars workshop + 10 minuters paus&nbsp;<br>Pris: 375:-&nbsp; \u2013&nbsp;<em>Har du sommarkortet eller \u00e4r medlem hos Ayurvediskt center f\u00e5r du&nbsp;15% rabatt.&nbsp;<\/em><\/p>\n\n\n\n<p class=\"wp-block-paragraph\">Vid fr\u00e5gor: Mejla&nbsp;<a href=\"mailto:s.lindgrencortes@gmail.com\">s.lindgrencortes@gmail.com<\/a>&nbsp;<\/p>\n\n\n\n<div class=\"wp-block-buttons is-layout-flex wp-block-buttons-is-layout-flex\">\n<div class=\"wp-block-button\"><a class=\"wp-block-button__link has-text-color has-background has-link-color wp-element-button\" href=\"https:\/\/www.getmana.app\/s\/ayurvediskt-center-malmo\/courses\/abbb2169-3edc-4b0d-ab76-450a11f915ab\" style=\"color:#f2e6d6;background-color:#c45b31\">Boka din plats<\/a><\/div>\n<\/div>\n\n\n\n<h4 class=\"wp-block-heading\"><br>Om workshopsledaren:&nbsp;<\/h4>\n\n\n\n<p class=\"wp-block-paragraph\">Med r\u00f6tterna i V\u00e4sterbotten och Sydamerika b\u00e4r Sofia med sig en unik kontakt med naturen och det naturliga. Som socialantropolog med en master i ledarskap har hon etablerat en djup f\u00f6rst\u00e5else f\u00f6r m\u00e4nniskan och v\u00e5ra sammanhang \u2013 en kunskap som hon f\u00f6renar med sitt engagemang f\u00f6r konst, kultur och milj\u00f6. Idag \u00e4r Sofia en erfaren och mycket omtyckt yoga och meditationsl\u00e4rare med \u00f6ver 500 timmars utbildning i ryggen.<\/p>\n\n\n\n\n\t<div  class=\"tribe-block tribe-block__events-link\" >\n\t\t<div class=\"tribe-events tribe-common\">\n\t\t\t<div class=\"tribe-events-c-subscribe-dropdown__container\">\n\t\t\t\t<div class=\"tribe-events-c-subscribe-dropdown\">\n\t\t\t\t\t<div class=\"tribe-common-c-btn-border tribe-events-c-subscribe-dropdown__button\">\n\t\t\t\t\t\t<svg\n\t class=\"tribe-common-c-svgicon tribe-common-c-svgicon--cal-export tribe-events-c-subscribe-dropdown__export-icon\" \taria-hidden=\"true\"\n\tviewbox=\"0 0 23 17\"\n\txmlns=\"http:\/\/www.w3.org\/2000\/svg\"\n>\n\t<path fill-rule=\"evenodd\" clip-rule=\"evenodd\" d=\"M.128.896V16.13c0 .211.145.383.323.383h15.354c.179 0 .323-.172.323-.383V.896c0-.212-.144-.383-.323-.383H.451C.273.513.128.684.128.896Zm16 6.742h-.901V4.679H1.009v10.729h14.218v-3.336h.901V7.638ZM1.01 1.614h14.218v2.058H1.009V1.614Z\" \/>\n\t<path d=\"M20.5 9.846H8.312M18.524 6.953l2.89 2.909-2.855 2.855\" stroke-width=\"1.2\" stroke-linecap=\"round\" stroke-linejoin=\"round\"\/>\n<\/svg>\n\t\t\t\t\t\t<button\n\t\t\t\t\t\t\tclass=\"tribe-events-c-subscribe-dropdown__button-text\"\n\t\t\t\t\t\t\taria-expanded=\"false\"\n\t\t\t\t\t\t\taria-controls=\"tribe-events-subscribe-dropdown-content\"\n\t\t\t\t\t\t\taria-label=\"View links to add events to your calendar\"\n\t\t\t\t\t\t>\n\t\t\t\t\t\t\tAdd to calendar\t\t\t\t\t\t<\/button>\n\t\t\t\t\t\t<svg\n\t class=\"tribe-common-c-svgicon tribe-common-c-svgicon--caret-down tribe-events-c-subscribe-dropdown__button-icon\" \taria-hidden=\"true\"\n\tviewbox=\"0 0 10 7\"\n\txmlns=\"http:\/\/www.w3.org\/2000\/svg\"\n>\n\t<path fill-rule=\"evenodd\" clip-rule=\"evenodd\" d=\"M1.008.609L5 4.6 8.992.61l.958.958L5 6.517.05 1.566l.958-.958z\" class=\"tribe-common-c-svgicon__svg-fill\"\/>\n<\/svg>\n\t\t\t\t\t<\/div>\n\t\t\t\t\t<div id=\"tribe-events-subscribe-dropdown-content\" class=\"tribe-events-c-subscribe-dropdown__content\">\n\t\t\t\t\t\t<ul class=\"tribe-events-c-subscribe-dropdown__list\">\n\t\t\t\t\t\t\t\t\t\t\t\t\t\t\t<li class=\"tribe-events-c-subscribe-dropdown__list-item tribe-events-c-subscribe-dropdown__list-item--gcal\">\n\t\t\t\t\t\t\t\t\t<a\n\t\t\t\t\t\t\t\t\t\thref=\"https:\/\/www.google.com\/calendar\/event?action=TEMPLATE&#038;dates=20260627T120000\/20260627T141000&#038;text=Svalka%20din%20inre%20Eld%20%E2%80%93%20En%20workshop%20i%C2%A0Yoga%20%26amp%3B%20Ayurveda%20f%C3%B6r%20en%20Balanserad%20Sommartid&#038;details=%3Cp%3E%E2%80%9DI+denna+ljuva+Pitta-tid%E2%80%A6%E2%80%9D+Sommaren+%C3%A4r+v%C3%A5r+mest+%C3%A4lskade+%C3%A5rstid%2C+fylld+av+ljus%2C+bad+och+tid+utomhus.+Enligt+Ayurveda+%C3%A4r+detta+%E2%80%9DPitta-tid%E2%80%9D%2C+en+period+d%C3%A5+framf%C3%B6rallt+elementet+eld+dominerar.+Men+precis+som+en+eld+kan+vara+b%C3%A5de+lugnande+och+v%C3%A4rmande%2C+kan+den+ocks%C3%A5+ta+%C3%B6ver%2C+br%C3%A4nnas+och+leda+till+torka.%3C%2Fp%3E+%3Cp%3EH%C3%B6ga+temperaturer%2C+brutna+rutiner%2C+social+press+och+sommarens+alla+f%C3%B6rv%C3%A4ntningar+g%C3%B6r+att+den+inre+elden+l%C3%A4tt+flammar+upp.+N%C3%A4r+Pitta+hamnar+i+obalans+tappar+vi+l%C3%A4tt+v%C3%A5r+svalka+%E2%80%93+b%C3%A5de+i+kroppen+och+i+sinnet.+Vad+ayurvedan+l%C3%A4r+oss+%C3%A4r+att+h%C3%A4lsa+handlar+om+att+leva+i+takt+med+naturen+och+att+motsatser+skapar+balans.%26nbsp%3B%3C%2Fp%3E+%3Cp%3EL%C3%A5t+dig+inspireras+av+ayurvedan+och+yogans+tidl%C3%B6sa+visdom+om+hur+naturen+utanf%C3%B6r+oss+och+v%C3%A5rt+inre+-+kropp+och+sinne%2C+h%C3%A4nger+samman.+Under+denna+workshop+f%C3%A5r+du+l%C3%A4ra+dig+ayurvedans+tre+gyllene+nycklar+f%C3%B6r+att+balansera+och+svalka+din+Pitta+%E2%80%93+s%C3%A5+att+du+verkligen+kan+njuta+av+sommaren.+Du+kommer+%C3%A4ven+at%3C%2Fp%3E+%28View+Full+event+Description+Here%3A+https%3A%2F%2Fayurvedisktcenter.se%2Fen%2Fevent%2Fpitta-svalka-din-inre-eld-en-workshop-i-yoga-ayurveda-for-en-balanserad-sommartid%2F%29&#038;trp=false&#038;ctz=Europe\/Stockholm&#038;sprop=website:https:\/\/ayurvedisktcenter.se\/en\"\n\t\t\t\t\t\t\t\t\t\tclass=\"tribe-events-c-subscribe-dropdown__list-item-link\"\n\t\t\t\t\t\t\t\t\t\ttarget=\"_blank\"\n\t\t\t\t\t\t\t\t\t\trel=\"noopener noreferrer nofollow noindex\"\n\t\t\t\t\t\t\t\t\t>\n\t\t\t\t\t\t\t\t\t\tGoogle Calendar\t\t\t\t\t\t\t\t\t<\/a>\n\t\t\t\t\t\t\t\t<\/li>\n\t\t\t\t\t\t\t\t\t\t\t\t\t\t\t<li class=\"tribe-events-c-subscribe-dropdown__list-item tribe-events-c-subscribe-dropdown__list-item--ical\">\n\t\t\t\t\t\t\t\t\t<a\n\t\t\t\t\t\t\t\t\t\thref=\"\"\n\t\t\t\t\t\t\t\t\t\tclass=\"tribe-events-c-subscribe-dropdown__list-item-link\"\n\t\t\t\t\t\t\t\t\t\ttarget=\"_blank\"\n\t\t\t\t\t\t\t\t\t\trel=\"noopener noreferrer nofollow noindex\"\n\t\t\t\t\t\t\t\t\t>\n\t\t\t\t\t\t\t\t\t\tiCalendar\t\t\t\t\t\t\t\t\t<\/a>\n\t\t\t\t\t\t\t\t<\/li>\n\t\t\t\t\t\t\t\t\t\t\t\t\t\t\t<li class=\"tribe-events-c-subscribe-dropdown__list-item tribe-events-c-subscribe-dropdown__list-item--outlook-365\">\n\t\t\t\t\t\t\t\t\t<a\n\t\t\t\t\t\t\t\t\t\thref=\"\"\n\t\t\t\t\t\t\t\t\t\tclass=\"tribe-events-c-subscribe-dropdown__list-item-link\"\n\t\t\t\t\t\t\t\t\t\ttarget=\"_blank\"\n\t\t\t\t\t\t\t\t\t\trel=\"noopener noreferrer nofollow noindex\"\n\t\t\t\t\t\t\t\t\t>\n\t\t\t\t\t\t\t\t\t\tOutlook 365\t\t\t\t\t\t\t\t\t<\/a>\n\t\t\t\t\t\t\t\t<\/li>\n\t\t\t\t\t\t\t\t\t\t\t\t\t\t\t<li class=\"tribe-events-c-subscribe-dropdown__list-item tribe-events-c-subscribe-dropdown__list-item--outlook-live\">\n\t\t\t\t\t\t\t\t\t<a\n\t\t\t\t\t\t\t\t\t\thref=\"\"\n\t\t\t\t\t\t\t\t\t\tclass=\"tribe-events-c-subscribe-dropdown__list-item-link\"\n\t\t\t\t\t\t\t\t\t\ttarget=\"_blank\"\n\t\t\t\t\t\t\t\t\t\trel=\"noopener noreferrer nofollow noindex\"\n\t\t\t\t\t\t\t\t\t>\n\t\t\t\t\t\t\t\t\t\tOutlook Live\t\t\t\t\t\t\t\t\t<\/a>\n\t\t\t\t\t\t\t\t<\/li>\n\t\t\t\t\t\t\t\t\t\t\t\t\t<\/ul>\n\t\t\t\t\t<\/div>\n\t\t\t\t<\/div>\n\t\t\t<\/div>\n\t\t<\/div>\n\t<\/div>","protected":false},"excerpt":{"rendered":"<p>\u201dI denna ljuva Pitta-tid\u2026\u201d Sommaren \u00e4r v\u00e5r mest \u00e4lskade \u00e5rstid, fylld av ljus, bad och tid utomhus. Enligt Ayurveda \u00e4r detta \u201dPitta-tid\u201d, en period d\u00e5 framf\u00f6rallt elementet eld dominerar. Men [&hellip;]<\/p>\n","protected":false},"author":1,"featured_media":58118,"template":"","meta":{"_acf_changed":false,"_EventAllDay":false,"_EventTimezone":"Europe\/Stockholm","_EventStartDate":"2026-06-27 12:00:00","_EventEndDate":"2026-06-27 14:10:00","_EventStartDateUTC":"2026-06-27 10:00:00","_EventEndDateUTC":"2026-06-27 12:10:00","_EventShowMap":false,"_EventShowMapLink":false,"_EventURL":"","_EventCost":"","_EventCostDescription":"","_EventCurrencySymbol":"$","_EventCurrencyCode":"USD","_EventCurrencyPosition":"prefix","_EventDateTimeSeparator":"@","_EventTimeRangeSeparator":"-","_EventOrganizerID":[],"_EventVenueID":[],"_OrganizerEmail":"","_OrganizerPhone":"","_OrganizerWebsite":"","_VenueAddress":"","_VenueCity":"","_VenueCountry":"","_VenueProvince":"","_VenueState":"","_VenueZip":"","_VenuePhone":"","_VenueURL":"","_VenueStateProvince":"","_VenueLat":"","_VenueLng":"","_VenueShowMap":false,"_VenueShowMapLink":false,"_tribe_events_status":"","_tribe_events_status_reason":"","footnotes":""},"tags":[],"tribe_events_cat":[],"class_list":["post-58117","tribe_events","type-tribe_events","status-publish","has-post-thumbnail","hentry"],"acf":[],"yoast_head":"<!-- This site is optimized with the Yoast SEO plugin v28.4 - https:\/\/yoast.com\/product\/yoast-seo-wordpress\/ -->\n<title>Svalka din inre Eld \u2013 En workshop i\u00a0Yoga &amp; Ayurveda f\u00f6r en Balanserad Sommartid - Ayurvediskt Center<\/title>\n<meta name=\"robots\" content=\"index, follow, max-snippet:-1, max-image-preview:large, max-video-preview:-1\" \/>\n<link rel=\"canonical\" href=\"https:\/\/ayurvedisktcenter.se\/en\/event\/pitta-svalka-din-inre-eld-en-workshop-i-yoga-ayurveda-for-en-balanserad-sommartid\/\" \/>\n<meta property=\"og:locale\" content=\"en_US\" \/>\n<meta property=\"og:type\" content=\"article\" \/>\n<meta property=\"og:title\" content=\"Svalka din inre Eld \u2013 En workshop i\u00a0Yoga &amp; Ayurveda f\u00f6r en Balanserad Sommartid - Ayurvediskt Center\" \/>\n<meta property=\"og:description\" content=\"\u201dI denna ljuva Pitta-tid\u2026\u201d Sommaren \u00e4r v\u00e5r mest \u00e4lskade \u00e5rstid, fylld av ljus, bad och tid utomhus. Enligt Ayurveda \u00e4r detta \u201dPitta-tid\u201d, en period d\u00e5 framf\u00f6rallt elementet eld dominerar. Men [&hellip;]\" \/>\n<meta property=\"og:url\" content=\"https:\/\/ayurvedisktcenter.se\/en\/event\/pitta-svalka-din-inre-eld-en-workshop-i-yoga-ayurveda-for-en-balanserad-sommartid\/\" \/>\n<meta property=\"og:site_name\" content=\"Ayurvediskt Center\" \/>\n<meta property=\"article:publisher\" content=\"https:\/\/www.facebook.com\/ayurvedamalmo\/\" \/>\n<meta property=\"article:modified_time\" content=\"2026-05-26T14:49:17+00:00\" \/>\n<meta property=\"og:image\" content=\"https:\/\/ayurvedisktcenter.se\/wp-content\/uploads\/2026\/05\/Website-Event-thumbnail-3.webp\" \/>\n\t<meta property=\"og:image:width\" content=\"720\" \/>\n\t<meta property=\"og:image:height\" content=\"480\" \/>\n\t<meta property=\"og:image:type\" content=\"image\/webp\" \/>\n<meta name=\"twitter:card\" content=\"summary_large_image\" \/>\n<meta name=\"twitter:label1\" content=\"Est. reading time\" \/>\n\t<meta name=\"twitter:data1\" content=\"2 minutes\" \/>\n<script type=\"application\/ld+json\" class=\"yoast-schema-graph\">{\"@context\":\"https:\\\/\\\/schema.org\",\"@graph\":[{\"@type\":\"WebPage\",\"@id\":\"https:\\\/\\\/ayurvedisktcenter.se\\\/event\\\/pitta-svalka-din-inre-eld-en-workshop-i-yoga-ayurveda-for-en-balanserad-sommartid\\\/\",\"url\":\"https:\\\/\\\/ayurvedisktcenter.se\\\/event\\\/pitta-svalka-din-inre-eld-en-workshop-i-yoga-ayurveda-for-en-balanserad-sommartid\\\/\",\"name\":\"Svalka din inre Eld \u2013 En workshop i\u00a0Yoga &amp; Ayurveda f\u00f6r en Balanserad Sommartid - Ayurvediskt Center\",\"isPartOf\":{\"@id\":\"https:\\\/\\\/ayurvedisktcenter.se\\\/en\\\/#website\"},\"primaryImageOfPage\":{\"@id\":\"https:\\\/\\\/ayurvedisktcenter.se\\\/event\\\/pitta-svalka-din-inre-eld-en-workshop-i-yoga-ayurveda-for-en-balanserad-sommartid\\\/#primaryimage\"},\"image\":{\"@id\":\"https:\\\/\\\/ayurvedisktcenter.se\\\/event\\\/pitta-svalka-din-inre-eld-en-workshop-i-yoga-ayurveda-for-en-balanserad-sommartid\\\/#primaryimage\"},\"thumbnailUrl\":\"https:\\\/\\\/ayurvedisktcenter.se\\\/wp-content\\\/uploads\\\/2026\\\/05\\\/Website-Event-thumbnail-3.webp\",\"datePublished\":\"2026-05-21T10:44:00+00:00\",\"dateModified\":\"2026-05-26T14:49:17+00:00\",\"breadcrumb\":{\"@id\":\"https:\\\/\\\/ayurvedisktcenter.se\\\/event\\\/pitta-svalka-din-inre-eld-en-workshop-i-yoga-ayurveda-for-en-balanserad-sommartid\\\/#breadcrumb\"},\"inLanguage\":\"en-US\",\"potentialAction\":[{\"@type\":\"ReadAction\",\"target\":[\"https:\\\/\\\/ayurvedisktcenter.se\\\/event\\\/pitta-svalka-din-inre-eld-en-workshop-i-yoga-ayurveda-for-en-balanserad-sommartid\\\/\"]}]},{\"@type\":\"ImageObject\",\"inLanguage\":\"en-US\",\"@id\":\"https:\\\/\\\/ayurvedisktcenter.se\\\/event\\\/pitta-svalka-din-inre-eld-en-workshop-i-yoga-ayurveda-for-en-balanserad-sommartid\\\/#primaryimage\",\"url\":\"https:\\\/\\\/ayurvedisktcenter.se\\\/wp-content\\\/uploads\\\/2026\\\/05\\\/Website-Event-thumbnail-3.webp\",\"contentUrl\":\"https:\\\/\\\/ayurvedisktcenter.se\\\/wp-content\\\/uploads\\\/2026\\\/05\\\/Website-Event-thumbnail-3.webp\",\"width\":720,\"height\":480,\"caption\":\"eventbanner f\u00f6r ett yogaevent i malm\u00f6\"},{\"@type\":\"BreadcrumbList\",\"@id\":\"https:\\\/\\\/ayurvedisktcenter.se\\\/event\\\/pitta-svalka-din-inre-eld-en-workshop-i-yoga-ayurveda-for-en-balanserad-sommartid\\\/#breadcrumb\",\"itemListElement\":[{\"@type\":\"ListItem\",\"position\":1,\"name\":\"Hem\",\"item\":\"https:\\\/\\\/ayurvedisktcenter.se\\\/\"},{\"@type\":\"ListItem\",\"position\":2,\"name\":\"Events\",\"item\":\"https:\\\/\\\/ayurvedisktcenter.se\\\/en\\\/eventkalender\\\/\"},{\"@type\":\"ListItem\",\"position\":3,\"name\":\"Svalka din inre Eld \u2013 En workshop i\u00a0Yoga &amp; Ayurveda f\u00f6r en Balanserad Sommartid\"}]},{\"@type\":\"WebSite\",\"@id\":\"https:\\\/\\\/ayurvedisktcenter.se\\\/en\\\/#website\",\"url\":\"https:\\\/\\\/ayurvedisktcenter.se\\\/en\\\/\",\"name\":\"Ayurvediskt Center Malm\u00f6\",\"description\":\"Tidl\u00f6s visdom f\u00f6r ett liv i balans\",\"publisher\":{\"@id\":\"https:\\\/\\\/ayurvedisktcenter.se\\\/en\\\/#organization\"},\"potentialAction\":[{\"@type\":\"SearchAction\",\"target\":{\"@type\":\"EntryPoint\",\"urlTemplate\":\"https:\\\/\\\/ayurvedisktcenter.se\\\/en\\\/?s={search_term_string}\"},\"query-input\":{\"@type\":\"PropertyValueSpecification\",\"valueRequired\":true,\"valueName\":\"search_term_string\"}}],\"inLanguage\":\"en-US\"},{\"@type\":\"Organization\",\"@id\":\"https:\\\/\\\/ayurvedisktcenter.se\\\/en\\\/#organization\",\"name\":\"Ayurvediskt Center Malm\u00f6\",\"url\":\"https:\\\/\\\/ayurvedisktcenter.se\\\/en\\\/\",\"logo\":{\"@type\":\"ImageObject\",\"inLanguage\":\"en-US\",\"@id\":\"https:\\\/\\\/ayurvedisktcenter.se\\\/en\\\/#\\\/schema\\\/logo\\\/image\\\/\",\"url\":\"https:\\\/\\\/ayurvedisktcenter.se\\\/wp-content\\\/uploads\\\/2025\\\/06\\\/ACM_Logotype_Dark.svg\",\"contentUrl\":\"https:\\\/\\\/ayurvedisktcenter.se\\\/wp-content\\\/uploads\\\/2025\\\/06\\\/ACM_Logotype_Dark.svg\",\"width\":1500,\"height\":1500,\"caption\":\"Ayurvediskt Center Malm\u00f6\"},\"image\":{\"@id\":\"https:\\\/\\\/ayurvedisktcenter.se\\\/en\\\/#\\\/schema\\\/logo\\\/image\\\/\"},\"sameAs\":[\"https:\\\/\\\/www.facebook.com\\\/ayurvedamalmo\\\/\",\"https:\\\/\\\/instagram.com\\\/ayurvedisktcenter\"]}]}<\/script>\n<!-- \/ Yoast SEO plugin. -->","yoast_head_json":{"title":"Svalka din inre Eld \u2013 En workshop i\u00a0Yoga &amp; Ayurveda f\u00f6r en Balanserad Sommartid - Ayurvediskt Center","robots":{"index":"index","follow":"follow","max-snippet":"max-snippet:-1","max-image-preview":"max-image-preview:large","max-video-preview":"max-video-preview:-1"},"canonical":"https:\/\/ayurvedisktcenter.se\/en\/event\/pitta-svalka-din-inre-eld-en-workshop-i-yoga-ayurveda-for-en-balanserad-sommartid\/","og_locale":"en_US","og_type":"article","og_title":"Svalka din inre Eld \u2013 En workshop i\u00a0Yoga &amp; Ayurveda f\u00f6r en Balanserad Sommartid - Ayurvediskt Center","og_description":"\u201dI denna ljuva Pitta-tid\u2026\u201d Sommaren \u00e4r v\u00e5r mest \u00e4lskade \u00e5rstid, fylld av ljus, bad och tid utomhus. Enligt Ayurveda \u00e4r detta \u201dPitta-tid\u201d, en period d\u00e5 framf\u00f6rallt elementet eld dominerar. Men [&hellip;]","og_url":"https:\/\/ayurvedisktcenter.se\/en\/event\/pitta-svalka-din-inre-eld-en-workshop-i-yoga-ayurveda-for-en-balanserad-sommartid\/","og_site_name":"Ayurvediskt Center","article_publisher":"https:\/\/www.facebook.com\/ayurvedamalmo\/","article_modified_time":"2026-05-26T14:49:17+00:00","og_image":[{"width":720,"height":480,"url":"https:\/\/ayurvedisktcenter.se\/wp-content\/uploads\/2026\/05\/Website-Event-thumbnail-3.webp","type":"image\/webp"}],"twitter_card":"summary_large_image","twitter_misc":{"Est. reading time":"2 minutes"},"schema":{"@context":"https:\/\/schema.org","@graph":[{"@type":"WebPage","@id":"https:\/\/ayurvedisktcenter.se\/event\/pitta-svalka-din-inre-eld-en-workshop-i-yoga-ayurveda-for-en-balanserad-sommartid\/","url":"https:\/\/ayurvedisktcenter.se\/event\/pitta-svalka-din-inre-eld-en-workshop-i-yoga-ayurveda-for-en-balanserad-sommartid\/","name":"Svalka din inre Eld \u2013 En workshop i\u00a0Yoga &amp; Ayurveda f\u00f6r en Balanserad Sommartid - Ayurvediskt Center","isPartOf":{"@id":"https:\/\/ayurvedisktcenter.se\/en\/#website"},"primaryImageOfPage":{"@id":"https:\/\/ayurvedisktcenter.se\/event\/pitta-svalka-din-inre-eld-en-workshop-i-yoga-ayurveda-for-en-balanserad-sommartid\/#primaryimage"},"image":{"@id":"https:\/\/ayurvedisktcenter.se\/event\/pitta-svalka-din-inre-eld-en-workshop-i-yoga-ayurveda-for-en-balanserad-sommartid\/#primaryimage"},"thumbnailUrl":"https:\/\/ayurvedisktcenter.se\/wp-content\/uploads\/2026\/05\/Website-Event-thumbnail-3.webp","datePublished":"2026-05-21T10:44:00+00:00","dateModified":"2026-05-26T14:49:17+00:00","breadcrumb":{"@id":"https:\/\/ayurvedisktcenter.se\/event\/pitta-svalka-din-inre-eld-en-workshop-i-yoga-ayurveda-for-en-balanserad-sommartid\/#breadcrumb"},"inLanguage":"en-US","potentialAction":[{"@type":"ReadAction","target":["https:\/\/ayurvedisktcenter.se\/event\/pitta-svalka-din-inre-eld-en-workshop-i-yoga-ayurveda-for-en-balanserad-sommartid\/"]}]},{"@type":"ImageObject","inLanguage":"en-US","@id":"https:\/\/ayurvedisktcenter.se\/event\/pitta-svalka-din-inre-eld-en-workshop-i-yoga-ayurveda-for-en-balanserad-sommartid\/#primaryimage","url":"https:\/\/ayurvedisktcenter.se\/wp-content\/uploads\/2026\/05\/Website-Event-thumbnail-3.webp","contentUrl":"https:\/\/ayurvedisktcenter.se\/wp-content\/uploads\/2026\/05\/Website-Event-thumbnail-3.webp","width":720,"height":480,"caption":"eventbanner f\u00f6r ett yogaevent i malm\u00f6"},{"@type":"BreadcrumbList","@id":"https:\/\/ayurvedisktcenter.se\/event\/pitta-svalka-din-inre-eld-en-workshop-i-yoga-ayurveda-for-en-balanserad-sommartid\/#breadcrumb","itemListElement":[{"@type":"ListItem","position":1,"name":"Hem","item":"https:\/\/ayurvedisktcenter.se\/"},{"@type":"ListItem","position":2,"name":"Events","item":"https:\/\/ayurvedisktcenter.se\/en\/eventkalender\/"},{"@type":"ListItem","position":3,"name":"Svalka din inre Eld \u2013 En workshop i\u00a0Yoga &amp; Ayurveda f\u00f6r en Balanserad Sommartid"}]},{"@type":"WebSite","@id":"https:\/\/ayurvedisktcenter.se\/en\/#website","url":"https:\/\/ayurvedisktcenter.se\/en\/","name":"Ayurvedic Center Malm\u00f6","description":"Timeless wisdom for a balanced life","publisher":{"@id":"https:\/\/ayurvedisktcenter.se\/en\/#organization"},"potentialAction":[{"@type":"SearchAction","target":{"@type":"EntryPoint","urlTemplate":"https:\/\/ayurvedisktcenter.se\/en\/?s={search_term_string}"},"query-input":{"@type":"PropertyValueSpecification","valueRequired":true,"valueName":"search_term_string"}}],"inLanguage":"en-US"},{"@type":"Organization","@id":"https:\/\/ayurvedisktcenter.se\/en\/#organization","name":"Ayurvedic Center Malm\u00f6","url":"https:\/\/ayurvedisktcenter.se\/en\/","logo":{"@type":"ImageObject","inLanguage":"en-US","@id":"https:\/\/ayurvedisktcenter.se\/en\/#\/schema\/logo\/image\/","url":"https:\/\/ayurvedisktcenter.se\/wp-content\/uploads\/2025\/06\/ACM_Logotype_Dark.svg","contentUrl":"https:\/\/ayurvedisktcenter.se\/wp-content\/uploads\/2025\/06\/ACM_Logotype_Dark.svg","width":1500,"height":1500,"caption":"Ayurvediskt Center Malm\u00f6"},"image":{"@id":"https:\/\/ayurvedisktcenter.se\/en\/#\/schema\/logo\/image\/"},"sameAs":["https:\/\/www.facebook.com\/ayurvedamalmo\/","https:\/\/instagram.com\/ayurvedisktcenter"]}]}},"_links":{"self":[{"href":"https:\/\/ayurvedisktcenter.se\/en\/wp-json\/wp\/v2\/tribe_events\/58117","targetHints":{"allow":["GET"]}}],"collection":[{"href":"https:\/\/ayurvedisktcenter.se\/en\/wp-json\/wp\/v2\/tribe_events"}],"about":[{"href":"https:\/\/ayurvedisktcenter.se\/en\/wp-json\/wp\/v2\/types\/tribe_events"}],"author":[{"embeddable":true,"href":"https:\/\/ayurvedisktcenter.se\/en\/wp-json\/wp\/v2\/users\/1"}],"version-history":[{"count":4,"href":"https:\/\/ayurvedisktcenter.se\/en\/wp-json\/wp\/v2\/tribe_events\/58117\/revisions"}],"predecessor-version":[{"id":58459,"href":"https:\/\/ayurvedisktcenter.se\/en\/wp-json\/wp\/v2\/tribe_events\/58117\/revisions\/58459"}],"wp:featuredmedia":[{"embeddable":true,"href":"https:\/\/ayurvedisktcenter.se\/en\/wp-json\/wp\/v2\/media\/58118"}],"wp:attachment":[{"href":"https:\/\/ayurvedisktcenter.se\/en\/wp-json\/wp\/v2\/media?parent=58117"}],"wp:term":[{"taxonomy":"post_tag","embeddable":true,"href":"https:\/\/ayurvedisktcenter.se\/en\/wp-json\/wp\/v2\/tags?post=58117"},{"taxonomy":"tribe_events_cat","embeddable":true,"href":"https:\/\/ayurvedisktcenter.se\/en\/wp-json\/wp\/v2\/tribe_events_cat?post=58117"}],"curies":[{"name":"wp","href":"https:\/\/api.w.org\/{rel}","templated":true}]}}