{"id":55836,"date":"2026-03-05T16:51:00","date_gmt":"2026-03-05T15:51:00","guid":{"rendered":"https:\/\/ayurvedisktcenter.se\/?post_type=tribe_events&#038;p=55836"},"modified":"2026-04-14T12:49:51","modified_gmt":"2026-04-14T10:49:51","slug":"i-takt-med-arstiden-varens-ankomst-och-rening","status":"publish","type":"tribe_events","link":"https:\/\/ayurvedisktcenter.se\/en\/event\/i-takt-med-arstiden-varens-ankomst-och-rening\/","title":{"rendered":"Gemensam Ayurvedisk v\u00e5rdetox"},"content":{"rendered":"<div  class=\"tribe-events-schedule tribe-clearfix\" >\n\t<p class=\"tribe-events-schedule__datetime\">\n\t\t<span class=\"tribe-events-schedule__date tribe-events-schedule__date--start\">\n\t\t\tApril 26\t\t<\/span>\n\n\t\t\t\t\t<span class=\"tribe-events-schedule__separator tribe-events-schedule__separator--date\">\n\t\t\t\t@\t\t\t<\/span>\n\t\t\t<span class=\"tribe-events-schedule__time tribe-events-schedule__time--start\">\n\t\t\t\t10:00\t\t\t<\/span>\n\t\t\n\t\t\t\t\t\t\t\t\t<span class=\"tribe-events-schedule__separator tribe-events-schedule__separator--time\">\n\t\t\t\t\t&#8211;\t\t\t\t<\/span>\n\t\t\t\n\t\t\t\t\t\t\t<span class=\"tribe-events-schedule__time tribe-events-schedule__time--end\">\n\t\t\t\t\t11:30\t\t\t\t<\/span>\n\t\t\t\n\t\t\t\t\t\t<\/p>\n<\/div>\n\n\n\n<h4 class=\"wp-block-heading\">Boosta immunf\u00f6rsvaret och m\u00f6t v\u00e5ren med ny styrka och l\u00e4tthet<\/h4>\n\n\n\n<p class=\"wp-block-paragraph\">N\u00e4r vi g\u00e5r fr\u00e5n vinter till v\u00e5r startar det ayurvediska ny\u00e5ret. Naturen vaknar och kroppen vill g\u00f6ra detsamma. V\u00e5ren \u00e4r enligt ayurveda den b\u00e4sta tiden att rena, l\u00e4tta upp och hj\u00e4lpa kroppen att sl\u00e4ppa det den samlat p\u00e5 sig under vintern.<\/p>\n\n\n\n<p class=\"wp-block-paragraph\">D\u00e4rf\u00f6r bjuder vi, f\u00f6r fj\u00e4rde \u00e5ret i rad, in till en gemensam v\u00e5rdetox. Vi vet att det ibland kan vara sv\u00e5rt att hitta motivationen att p\u00e5b\u00f6rja eller fullf\u00f6lja en detox, s\u00e4rskilt efter den sega vintern, och d\u00e4rf\u00f6r \u00e4r det extra v\u00e4rdefullt att g\u00f6ra det tillsammans i communityt \u2013 d\u00e4r vi st\u00f6ttar, peppar och inspirerar varandra.<\/p>\n\n\n\n<p class=\"wp-block-paragraph\">Vi inleder detoxen den 26 april med en f\u00f6rel\u00e4sning med Anette, som bland annat kommer ber\u00e4tta om:<\/p>\n\n\n\n<p class=\"wp-block-paragraph\">&#8211; Vad som h\u00e4nder i kroppen n\u00e4r \u00e5rstiden skiftar<br>&#8211; Varf\u00f6r v\u00e5ren \u00e4r optimal f\u00f6r en mild detox<br>&#8211; Hur du kan minska tyngdk\u00e4nsla, allergier och tr\u00f6g energi<br>&#8211; Hur du kan st\u00f6tta kroppen efter din detox<\/p>\n\n\n\n<p class=\"wp-block-paragraph\">Vi g\u00e5r ocks\u00e5 igenom hur v\u00e5r ayurvediska v\u00e5rdetox g\u00e5r till rent praktiskt, s\u00e5 att du tryggt kan f\u00f6lja den hemma med recept och v\u00e4gledning fr\u00e5n oss.<\/p>\n\n\n\n<h4 class=\"wp-block-heading\"><strong>Praktisk info<\/strong><\/h4>\n\n\n\n<p class=\"wp-block-paragraph\">Efter f\u00f6rel\u00e4sningen bjuds alla deltagare in till en gemensam Whatsapp-grupp.<\/p>\n\n\n\n<p class=\"wp-block-paragraph\">Det \u00e4r rekommenderat att f\u00f6rbereda kroppen i minst 3-5 dagar innan detoxen genom att dra ner p\u00e5 socker, koffein, alkohol, och processad mat. Du best\u00e4mmer sj\u00e4lv vilken dag du vill s\u00e4tta ig\u00e5ng med din detox d\u00e5 det \u00e4r viktigt att det passar ditt schema.<\/p>\n\n\n\n<p class=\"wp-block-paragraph\">Sj\u00e4lva detoxen \u00e4r en monodiet best\u00e5ende av den klassiska ayurvediska r\u00e4tten Kitchari, k\u00e4nd f\u00f6r sina  n\u00e4rande egenskaper och dess st\u00e4rkande effekt p\u00e5 matsm\u00e4ltningen. Ingredienser till detoxen kommer att finnas p\u00e5 centret till ett rabatterat pris f\u00f6r att g\u00f6ra det extra enkelt att komma ig\u00e5ng. H\u00e4r hittar du ris, mungb\u00f6nor, ghee, gurkmeja, och \u00f6vriga kryddor, samt teer som kan vara extra st\u00f6ttande och renande. Vi rekommenderar ocks\u00e5 att anv\u00e4nda en tungskrapa varje morgon (finns att k\u00f6pa p\u00e5 centret).<\/p>\n\n\n\n<p class=\"wp-block-paragraph\"><strong>Pris:<\/strong> 450 kr<br>200 kr rabatt f\u00f6r yogamedlemmar.<\/p>\n\n\n\n<p class=\"wp-block-paragraph\"><em>I priset ing\u00e5r f\u00f6rel\u00e4sning, recept och v\u00e4gledning under detoxen.<\/em><br><br><em>Om du varit med p\u00e5 detoxen tidigare \u00e5r och inte har m\u00f6jlighet att komma p\u00e5 f\u00f6rel\u00e4sningen, \u00e4r du v\u00e4lkommen att ansluta dig direkt till Whatsapp-gruppen och ta del av rabatterade priser i butiken.<\/em><\/p>\n\n\n\n<div class=\"wp-block-buttons is-layout-flex wp-block-buttons-is-layout-flex\">\n<div class=\"wp-block-button\"><a class=\"wp-block-button__link has-white-color has-text-color has-background has-link-color wp-element-button\" href=\"https:\/\/www.getmana.app\/s\/ayurvediskt-center-malmo\/courses\/fc593a5d-09ff-43dc-ba94-976eda18de45\" style=\"background-color:#c45b31\">Register your place<\/a><\/div>\n<\/div>\n\n\n<div  class=\"tribe-block tribe-block__event-price\" >\n\t\t<\/div>\n\n\n\n\n<div  class=\"tribe-block tribe-block__venue tribe-clearfix\" >\n\t\n\t\t\n\t<\/div>\n\n\n\n\n\t<div  class=\"tribe-block tribe-block__events-link\" >\n\t\t<div class=\"tribe-events tribe-common\">\n\t\t\t<div class=\"tribe-events-c-subscribe-dropdown__container\">\n\t\t\t\t<div class=\"tribe-events-c-subscribe-dropdown\">\n\t\t\t\t\t<div class=\"tribe-common-c-btn-border tribe-events-c-subscribe-dropdown__button\">\n\t\t\t\t\t\t<svg\n\t class=\"tribe-common-c-svgicon tribe-common-c-svgicon--cal-export tribe-events-c-subscribe-dropdown__export-icon\" \taria-hidden=\"true\"\n\tviewbox=\"0 0 23 17\"\n\txmlns=\"http:\/\/www.w3.org\/2000\/svg\"\n>\n\t<path fill-rule=\"evenodd\" clip-rule=\"evenodd\" d=\"M.128.896V16.13c0 .211.145.383.323.383h15.354c.179 0 .323-.172.323-.383V.896c0-.212-.144-.383-.323-.383H.451C.273.513.128.684.128.896Zm16 6.742h-.901V4.679H1.009v10.729h14.218v-3.336h.901V7.638ZM1.01 1.614h14.218v2.058H1.009V1.614Z\" \/>\n\t<path d=\"M20.5 9.846H8.312M18.524 6.953l2.89 2.909-2.855 2.855\" stroke-width=\"1.2\" stroke-linecap=\"round\" stroke-linejoin=\"round\"\/>\n<\/svg>\n\t\t\t\t\t\t<button\n\t\t\t\t\t\t\tclass=\"tribe-events-c-subscribe-dropdown__button-text\"\n\t\t\t\t\t\t\taria-expanded=\"false\"\n\t\t\t\t\t\t\taria-controls=\"tribe-events-subscribe-dropdown-content\"\n\t\t\t\t\t\t\taria-label=\"View links to add events to your calendar\"\n\t\t\t\t\t\t>\n\t\t\t\t\t\t\tAdd to calendar\t\t\t\t\t\t<\/button>\n\t\t\t\t\t\t<svg\n\t class=\"tribe-common-c-svgicon tribe-common-c-svgicon--caret-down tribe-events-c-subscribe-dropdown__button-icon\" \taria-hidden=\"true\"\n\tviewbox=\"0 0 10 7\"\n\txmlns=\"http:\/\/www.w3.org\/2000\/svg\"\n>\n\t<path fill-rule=\"evenodd\" clip-rule=\"evenodd\" d=\"M1.008.609L5 4.6 8.992.61l.958.958L5 6.517.05 1.566l.958-.958z\" class=\"tribe-common-c-svgicon__svg-fill\"\/>\n<\/svg>\n\t\t\t\t\t<\/div>\n\t\t\t\t\t<div id=\"tribe-events-subscribe-dropdown-content\" class=\"tribe-events-c-subscribe-dropdown__content\">\n\t\t\t\t\t\t<ul class=\"tribe-events-c-subscribe-dropdown__list\">\n\t\t\t\t\t\t\t\t\t\t\t\t\t\t\t<li class=\"tribe-events-c-subscribe-dropdown__list-item tribe-events-c-subscribe-dropdown__list-item--gcal\">\n\t\t\t\t\t\t\t\t\t<a\n\t\t\t\t\t\t\t\t\t\thref=\"https:\/\/www.google.com\/calendar\/event?action=TEMPLATE&#038;dates=20260426T100000\/20260426T113000&#038;text=Gemensam%20Ayurvedisk%20v%C3%A5rdetox&#038;details=%3Ch4+class%3D%22wp-block-heading%22%3EBoosta+immunf%C3%B6rsvaret+och+m%C3%B6t+v%C3%A5ren+med+ny+styrka+och+l%C3%A4tthet%3C%2Fh4%3E%3Cp%3EN%C3%A4r+vi+g%C3%A5r+fr%C3%A5n+vinter+till+v%C3%A5r+startar+det+ayurvediska+ny%C3%A5ret.+Naturen+vaknar+och+kroppen+vill+g%C3%B6ra+detsamma.+V%C3%A5ren+%C3%A4r+enligt+ayurveda+den+b%C3%A4sta+tiden+att+rena%2C+l%C3%A4tta+upp+och+hj%C3%A4lpa+kroppen+att+sl%C3%A4ppa+det+den+samlat+p%C3%A5+sig+under+vintern.%3C%2Fp%3E+%3Cp%3ED%C3%A4rf%C3%B6r+bjuder+vi%2C+f%C3%B6r+fj%C3%A4rde+%C3%A5ret+i+rad%2C+in+till+en+gemensam+v%C3%A5rdetox.+Vi+vet+att+det+ibland+kan+vara+sv%C3%A5rt+att+hitta+motivationen+att+p%C3%A5b%C3%B6rja+eller+fullf%C3%B6lja+en+detox%2C+s%C3%A4rskilt+efter+den+sega+vintern%2C+och+d%C3%A4rf%C3%B6r+%C3%A4r+det+extra+v%C3%A4rdefullt+att+g%C3%B6ra+det+tillsammans+i+communityt+%E2%80%93+d%C3%A4r+vi+st%C3%B6ttar%2C+peppar+och+inspirerar+varandra.%3C%2Fp%3E+%3Cp%3EVi+inleder+detoxen+den+26+april+med+en+f%C3%B6rel%C3%A4sning+med+Anette%2C+som+bland+annat+kommer+ber%C3%A4tta+om%3A%3C%2Fp%3E+%3Cp%3E-+Vad+som+h%C3%A4nder+i+kroppen+n%C3%A4r+%C3%A5rstiden+skiftar%3Cbr+%2F%3E-+Varf%C3%B6r+v%C3%A5ren+%C3%A4r+optimal+f%C3%B6r+en+mild+detox%3Cbr+%2F%3E-+Hur+du+kan+minska+tyngdk%C3%A4nsla%2C+allergier+och+tr%C3%3C%2Fp%3E+%28View+Full+event+Description+Here%3A+https%3A%2F%2Fayurvedisktcenter.se%2Fen%2Fevent%2Fi-takt-med-arstiden-varens-ankomst-och-rening%2F%29&#038;trp=false&#038;ctz=Europe\/Stockholm&#038;sprop=website:https:\/\/ayurvedisktcenter.se\/en\"\n\t\t\t\t\t\t\t\t\t\tclass=\"tribe-events-c-subscribe-dropdown__list-item-link\"\n\t\t\t\t\t\t\t\t\t\ttarget=\"_blank\"\n\t\t\t\t\t\t\t\t\t\trel=\"noopener noreferrer nofollow noindex\"\n\t\t\t\t\t\t\t\t\t>\n\t\t\t\t\t\t\t\t\t\tGoogle Calendar\t\t\t\t\t\t\t\t\t<\/a>\n\t\t\t\t\t\t\t\t<\/li>\n\t\t\t\t\t\t\t\t\t\t\t\t\t\t\t<li class=\"tribe-events-c-subscribe-dropdown__list-item tribe-events-c-subscribe-dropdown__list-item--ical\">\n\t\t\t\t\t\t\t\t\t<a\n\t\t\t\t\t\t\t\t\t\thref=\"\"\n\t\t\t\t\t\t\t\t\t\tclass=\"tribe-events-c-subscribe-dropdown__list-item-link\"\n\t\t\t\t\t\t\t\t\t\ttarget=\"_blank\"\n\t\t\t\t\t\t\t\t\t\trel=\"noopener noreferrer nofollow noindex\"\n\t\t\t\t\t\t\t\t\t>\n\t\t\t\t\t\t\t\t\t\tiCalendar\t\t\t\t\t\t\t\t\t<\/a>\n\t\t\t\t\t\t\t\t<\/li>\n\t\t\t\t\t\t\t\t\t\t\t\t\t\t\t<li class=\"tribe-events-c-subscribe-dropdown__list-item tribe-events-c-subscribe-dropdown__list-item--outlook-365\">\n\t\t\t\t\t\t\t\t\t<a\n\t\t\t\t\t\t\t\t\t\thref=\"\"\n\t\t\t\t\t\t\t\t\t\tclass=\"tribe-events-c-subscribe-dropdown__list-item-link\"\n\t\t\t\t\t\t\t\t\t\ttarget=\"_blank\"\n\t\t\t\t\t\t\t\t\t\trel=\"noopener noreferrer nofollow noindex\"\n\t\t\t\t\t\t\t\t\t>\n\t\t\t\t\t\t\t\t\t\tOutlook 365\t\t\t\t\t\t\t\t\t<\/a>\n\t\t\t\t\t\t\t\t<\/li>\n\t\t\t\t\t\t\t\t\t\t\t\t\t\t\t<li class=\"tribe-events-c-subscribe-dropdown__list-item tribe-events-c-subscribe-dropdown__list-item--outlook-live\">\n\t\t\t\t\t\t\t\t\t<a\n\t\t\t\t\t\t\t\t\t\thref=\"\"\n\t\t\t\t\t\t\t\t\t\tclass=\"tribe-events-c-subscribe-dropdown__list-item-link\"\n\t\t\t\t\t\t\t\t\t\ttarget=\"_blank\"\n\t\t\t\t\t\t\t\t\t\trel=\"noopener noreferrer nofollow noindex\"\n\t\t\t\t\t\t\t\t\t>\n\t\t\t\t\t\t\t\t\t\tOutlook Live\t\t\t\t\t\t\t\t\t<\/a>\n\t\t\t\t\t\t\t\t<\/li>\n\t\t\t\t\t\t\t\t\t\t\t\t\t<\/ul>\n\t\t\t\t\t<\/div>\n\t\t\t\t<\/div>\n\t\t\t<\/div>\n\t\t<\/div>\n\t<\/div>","protected":false},"excerpt":{"rendered":"<p>Boosta immunf\u00f6rsvaret och m\u00f6t v\u00e5ren med ny styrka och l\u00e4tthet N\u00e4r vi g\u00e5r fr\u00e5n vinter till v\u00e5r startar det ayurvediska ny\u00e5ret. Naturen vaknar och kroppen vill g\u00f6ra detsamma. V\u00e5ren \u00e4r [&hellip;]<\/p>\n","protected":false},"author":1,"featured_media":56880,"template":"","meta":{"_acf_changed":false,"_EventAllDay":false,"_EventTimezone":"Europe\/Stockholm","_EventStartDate":"2026-04-26 10:00:00","_EventEndDate":"2026-04-26 11:30:00","_EventStartDateUTC":"2026-04-26 08:00:00","_EventEndDateUTC":"2026-04-26 09:30:00","_EventShowMap":false,"_EventShowMapLink":false,"_EventURL":"","_EventCost":"","_EventCostDescription":"","_EventCurrencySymbol":"$","_EventCurrencyCode":"USD","_EventCurrencyPosition":"prefix","_EventDateTimeSeparator":"@","_EventTimeRangeSeparator":"-","_EventOrganizerID":[],"_EventVenueID":[],"_OrganizerEmail":"","_OrganizerPhone":"","_OrganizerWebsite":"","_VenueAddress":"","_VenueCity":"","_VenueCountry":"","_VenueProvince":"","_VenueState":"","_VenueZip":"","_VenuePhone":"","_VenueURL":"","_VenueStateProvince":"","_VenueLat":"","_VenueLng":"","_VenueShowMap":false,"_VenueShowMapLink":false,"_tribe_events_status":"","_tribe_events_status_reason":"","footnotes":""},"tags":[],"tribe_events_cat":[],"class_list":["post-55836","tribe_events","type-tribe_events","status-publish","has-post-thumbnail","hentry"],"acf":[],"yoast_head":"<!-- This site is optimized with the Yoast SEO plugin v28.4 - https:\/\/yoast.com\/product\/yoast-seo-wordpress\/ -->\n<title>Gemensam Ayurvedisk v\u00e5rdetox - Ayurvediskt Center<\/title>\n<meta name=\"robots\" content=\"index, follow, max-snippet:-1, max-image-preview:large, max-video-preview:-1\" \/>\n<link rel=\"canonical\" href=\"https:\/\/ayurvedisktcenter.se\/en\/event\/i-takt-med-arstiden-varens-ankomst-och-rening\/\" \/>\n<meta property=\"og:locale\" content=\"en_US\" \/>\n<meta property=\"og:type\" content=\"article\" \/>\n<meta property=\"og:title\" content=\"Gemensam Ayurvedisk v\u00e5rdetox - Ayurvediskt Center\" \/>\n<meta property=\"og:description\" content=\"Boosta immunf\u00f6rsvaret och m\u00f6t v\u00e5ren med ny styrka och l\u00e4tthet N\u00e4r vi g\u00e5r fr\u00e5n vinter till v\u00e5r startar det ayurvediska ny\u00e5ret. Naturen vaknar och kroppen vill g\u00f6ra detsamma. V\u00e5ren \u00e4r [&hellip;]\" \/>\n<meta property=\"og:url\" content=\"https:\/\/ayurvedisktcenter.se\/en\/event\/i-takt-med-arstiden-varens-ankomst-och-rening\/\" \/>\n<meta property=\"og:site_name\" content=\"Ayurvediskt Center\" \/>\n<meta property=\"article:publisher\" content=\"https:\/\/www.facebook.com\/ayurvedamalmo\/\" \/>\n<meta property=\"article:modified_time\" content=\"2026-04-14T10:49:51+00:00\" \/>\n<meta property=\"og:image\" content=\"https:\/\/ayurvedisktcenter.se\/wp-content\/uploads\/2026\/03\/Template-Event-thumbnail-7-1.webp\" \/>\n\t<meta property=\"og:image:width\" content=\"720\" \/>\n\t<meta property=\"og:image:height\" content=\"480\" \/>\n\t<meta property=\"og:image:type\" content=\"image\/webp\" \/>\n<meta name=\"twitter:card\" content=\"summary_large_image\" \/>\n<meta name=\"twitter:label1\" content=\"Est. reading time\" \/>\n\t<meta name=\"twitter:data1\" content=\"3 minutes\" \/>\n<script type=\"application\/ld+json\" class=\"yoast-schema-graph\">{\"@context\":\"https:\\\/\\\/schema.org\",\"@graph\":[{\"@type\":\"WebPage\",\"@id\":\"https:\\\/\\\/ayurvedisktcenter.se\\\/event\\\/i-takt-med-arstiden-varens-ankomst-och-rening\\\/\",\"url\":\"https:\\\/\\\/ayurvedisktcenter.se\\\/event\\\/i-takt-med-arstiden-varens-ankomst-och-rening\\\/\",\"name\":\"Gemensam Ayurvedisk v\u00e5rdetox - Ayurvediskt Center\",\"isPartOf\":{\"@id\":\"https:\\\/\\\/ayurvedisktcenter.se\\\/en\\\/#website\"},\"primaryImageOfPage\":{\"@id\":\"https:\\\/\\\/ayurvedisktcenter.se\\\/event\\\/i-takt-med-arstiden-varens-ankomst-och-rening\\\/#primaryimage\"},\"image\":{\"@id\":\"https:\\\/\\\/ayurvedisktcenter.se\\\/event\\\/i-takt-med-arstiden-varens-ankomst-och-rening\\\/#primaryimage\"},\"thumbnailUrl\":\"https:\\\/\\\/ayurvedisktcenter.se\\\/wp-content\\\/uploads\\\/2026\\\/03\\\/Template-Event-thumbnail-7-1.webp\",\"datePublished\":\"2026-03-05T15:51:00+00:00\",\"dateModified\":\"2026-04-14T10:49:51+00:00\",\"breadcrumb\":{\"@id\":\"https:\\\/\\\/ayurvedisktcenter.se\\\/event\\\/i-takt-med-arstiden-varens-ankomst-och-rening\\\/#breadcrumb\"},\"inLanguage\":\"en-US\",\"potentialAction\":[{\"@type\":\"ReadAction\",\"target\":[\"https:\\\/\\\/ayurvedisktcenter.se\\\/event\\\/i-takt-med-arstiden-varens-ankomst-och-rening\\\/\"]}]},{\"@type\":\"ImageObject\",\"inLanguage\":\"en-US\",\"@id\":\"https:\\\/\\\/ayurvedisktcenter.se\\\/event\\\/i-takt-med-arstiden-varens-ankomst-och-rening\\\/#primaryimage\",\"url\":\"https:\\\/\\\/ayurvedisktcenter.se\\\/wp-content\\\/uploads\\\/2026\\\/03\\\/Template-Event-thumbnail-7-1.webp\",\"contentUrl\":\"https:\\\/\\\/ayurvedisktcenter.se\\\/wp-content\\\/uploads\\\/2026\\\/03\\\/Template-Event-thumbnail-7-1.webp\",\"width\":720,\"height\":480},{\"@type\":\"BreadcrumbList\",\"@id\":\"https:\\\/\\\/ayurvedisktcenter.se\\\/event\\\/i-takt-med-arstiden-varens-ankomst-och-rening\\\/#breadcrumb\",\"itemListElement\":[{\"@type\":\"ListItem\",\"position\":1,\"name\":\"Hem\",\"item\":\"https:\\\/\\\/ayurvedisktcenter.se\\\/\"},{\"@type\":\"ListItem\",\"position\":2,\"name\":\"Events\",\"item\":\"https:\\\/\\\/ayurvedisktcenter.se\\\/en\\\/eventkalender\\\/\"},{\"@type\":\"ListItem\",\"position\":3,\"name\":\"Gemensam Ayurvedisk v\u00e5rdetox\"}]},{\"@type\":\"WebSite\",\"@id\":\"https:\\\/\\\/ayurvedisktcenter.se\\\/en\\\/#website\",\"url\":\"https:\\\/\\\/ayurvedisktcenter.se\\\/en\\\/\",\"name\":\"Ayurvediskt Center Malm\u00f6\",\"description\":\"Tidl\u00f6s visdom f\u00f6r ett liv i balans\",\"publisher\":{\"@id\":\"https:\\\/\\\/ayurvedisktcenter.se\\\/en\\\/#organization\"},\"potentialAction\":[{\"@type\":\"SearchAction\",\"target\":{\"@type\":\"EntryPoint\",\"urlTemplate\":\"https:\\\/\\\/ayurvedisktcenter.se\\\/en\\\/?s={search_term_string}\"},\"query-input\":{\"@type\":\"PropertyValueSpecification\",\"valueRequired\":true,\"valueName\":\"search_term_string\"}}],\"inLanguage\":\"en-US\"},{\"@type\":\"Organization\",\"@id\":\"https:\\\/\\\/ayurvedisktcenter.se\\\/en\\\/#organization\",\"name\":\"Ayurvediskt Center Malm\u00f6\",\"url\":\"https:\\\/\\\/ayurvedisktcenter.se\\\/en\\\/\",\"logo\":{\"@type\":\"ImageObject\",\"inLanguage\":\"en-US\",\"@id\":\"https:\\\/\\\/ayurvedisktcenter.se\\\/en\\\/#\\\/schema\\\/logo\\\/image\\\/\",\"url\":\"https:\\\/\\\/ayurvedisktcenter.se\\\/wp-content\\\/uploads\\\/2025\\\/06\\\/ACM_Logotype_Dark.svg\",\"contentUrl\":\"https:\\\/\\\/ayurvedisktcenter.se\\\/wp-content\\\/uploads\\\/2025\\\/06\\\/ACM_Logotype_Dark.svg\",\"width\":1500,\"height\":1500,\"caption\":\"Ayurvediskt Center Malm\u00f6\"},\"image\":{\"@id\":\"https:\\\/\\\/ayurvedisktcenter.se\\\/en\\\/#\\\/schema\\\/logo\\\/image\\\/\"},\"sameAs\":[\"https:\\\/\\\/www.facebook.com\\\/ayurvedamalmo\\\/\",\"https:\\\/\\\/instagram.com\\\/ayurvedisktcenter\"]}]}<\/script>\n<!-- \/ Yoast SEO plugin. -->","yoast_head_json":{"title":"Gemensam Ayurvedisk v\u00e5rdetox - Ayurvediskt Center","robots":{"index":"index","follow":"follow","max-snippet":"max-snippet:-1","max-image-preview":"max-image-preview:large","max-video-preview":"max-video-preview:-1"},"canonical":"https:\/\/ayurvedisktcenter.se\/en\/event\/i-takt-med-arstiden-varens-ankomst-och-rening\/","og_locale":"en_US","og_type":"article","og_title":"Gemensam Ayurvedisk v\u00e5rdetox - Ayurvediskt Center","og_description":"Boosta immunf\u00f6rsvaret och m\u00f6t v\u00e5ren med ny styrka och l\u00e4tthet N\u00e4r vi g\u00e5r fr\u00e5n vinter till v\u00e5r startar det ayurvediska ny\u00e5ret. Naturen vaknar och kroppen vill g\u00f6ra detsamma. V\u00e5ren \u00e4r [&hellip;]","og_url":"https:\/\/ayurvedisktcenter.se\/en\/event\/i-takt-med-arstiden-varens-ankomst-och-rening\/","og_site_name":"Ayurvediskt Center","article_publisher":"https:\/\/www.facebook.com\/ayurvedamalmo\/","article_modified_time":"2026-04-14T10:49:51+00:00","og_image":[{"width":720,"height":480,"url":"https:\/\/ayurvedisktcenter.se\/wp-content\/uploads\/2026\/03\/Template-Event-thumbnail-7-1.webp","type":"image\/webp"}],"twitter_card":"summary_large_image","twitter_misc":{"Est. reading time":"3 minutes"},"schema":{"@context":"https:\/\/schema.org","@graph":[{"@type":"WebPage","@id":"https:\/\/ayurvedisktcenter.se\/event\/i-takt-med-arstiden-varens-ankomst-och-rening\/","url":"https:\/\/ayurvedisktcenter.se\/event\/i-takt-med-arstiden-varens-ankomst-och-rening\/","name":"Gemensam Ayurvedisk v\u00e5rdetox - Ayurvediskt Center","isPartOf":{"@id":"https:\/\/ayurvedisktcenter.se\/en\/#website"},"primaryImageOfPage":{"@id":"https:\/\/ayurvedisktcenter.se\/event\/i-takt-med-arstiden-varens-ankomst-och-rening\/#primaryimage"},"image":{"@id":"https:\/\/ayurvedisktcenter.se\/event\/i-takt-med-arstiden-varens-ankomst-och-rening\/#primaryimage"},"thumbnailUrl":"https:\/\/ayurvedisktcenter.se\/wp-content\/uploads\/2026\/03\/Template-Event-thumbnail-7-1.webp","datePublished":"2026-03-05T15:51:00+00:00","dateModified":"2026-04-14T10:49:51+00:00","breadcrumb":{"@id":"https:\/\/ayurvedisktcenter.se\/event\/i-takt-med-arstiden-varens-ankomst-och-rening\/#breadcrumb"},"inLanguage":"en-US","potentialAction":[{"@type":"ReadAction","target":["https:\/\/ayurvedisktcenter.se\/event\/i-takt-med-arstiden-varens-ankomst-och-rening\/"]}]},{"@type":"ImageObject","inLanguage":"en-US","@id":"https:\/\/ayurvedisktcenter.se\/event\/i-takt-med-arstiden-varens-ankomst-och-rening\/#primaryimage","url":"https:\/\/ayurvedisktcenter.se\/wp-content\/uploads\/2026\/03\/Template-Event-thumbnail-7-1.webp","contentUrl":"https:\/\/ayurvedisktcenter.se\/wp-content\/uploads\/2026\/03\/Template-Event-thumbnail-7-1.webp","width":720,"height":480},{"@type":"BreadcrumbList","@id":"https:\/\/ayurvedisktcenter.se\/event\/i-takt-med-arstiden-varens-ankomst-och-rening\/#breadcrumb","itemListElement":[{"@type":"ListItem","position":1,"name":"Hem","item":"https:\/\/ayurvedisktcenter.se\/"},{"@type":"ListItem","position":2,"name":"Events","item":"https:\/\/ayurvedisktcenter.se\/en\/eventkalender\/"},{"@type":"ListItem","position":3,"name":"Gemensam Ayurvedisk v\u00e5rdetox"}]},{"@type":"WebSite","@id":"https:\/\/ayurvedisktcenter.se\/en\/#website","url":"https:\/\/ayurvedisktcenter.se\/en\/","name":"Ayurvedic Center Malm\u00f6","description":"Timeless wisdom for a balanced life","publisher":{"@id":"https:\/\/ayurvedisktcenter.se\/en\/#organization"},"potentialAction":[{"@type":"SearchAction","target":{"@type":"EntryPoint","urlTemplate":"https:\/\/ayurvedisktcenter.se\/en\/?s={search_term_string}"},"query-input":{"@type":"PropertyValueSpecification","valueRequired":true,"valueName":"search_term_string"}}],"inLanguage":"en-US"},{"@type":"Organization","@id":"https:\/\/ayurvedisktcenter.se\/en\/#organization","name":"Ayurvedic Center Malm\u00f6","url":"https:\/\/ayurvedisktcenter.se\/en\/","logo":{"@type":"ImageObject","inLanguage":"en-US","@id":"https:\/\/ayurvedisktcenter.se\/en\/#\/schema\/logo\/image\/","url":"https:\/\/ayurvedisktcenter.se\/wp-content\/uploads\/2025\/06\/ACM_Logotype_Dark.svg","contentUrl":"https:\/\/ayurvedisktcenter.se\/wp-content\/uploads\/2025\/06\/ACM_Logotype_Dark.svg","width":1500,"height":1500,"caption":"Ayurvediskt Center Malm\u00f6"},"image":{"@id":"https:\/\/ayurvedisktcenter.se\/en\/#\/schema\/logo\/image\/"},"sameAs":["https:\/\/www.facebook.com\/ayurvedamalmo\/","https:\/\/instagram.com\/ayurvedisktcenter"]}]}},"_links":{"self":[{"href":"https:\/\/ayurvedisktcenter.se\/en\/wp-json\/wp\/v2\/tribe_events\/55836","targetHints":{"allow":["GET"]}}],"collection":[{"href":"https:\/\/ayurvedisktcenter.se\/en\/wp-json\/wp\/v2\/tribe_events"}],"about":[{"href":"https:\/\/ayurvedisktcenter.se\/en\/wp-json\/wp\/v2\/types\/tribe_events"}],"author":[{"embeddable":true,"href":"https:\/\/ayurvedisktcenter.se\/en\/wp-json\/wp\/v2\/users\/1"}],"version-history":[{"count":17,"href":"https:\/\/ayurvedisktcenter.se\/en\/wp-json\/wp\/v2\/tribe_events\/55836\/revisions"}],"predecessor-version":[{"id":56882,"href":"https:\/\/ayurvedisktcenter.se\/en\/wp-json\/wp\/v2\/tribe_events\/55836\/revisions\/56882"}],"wp:featuredmedia":[{"embeddable":true,"href":"https:\/\/ayurvedisktcenter.se\/en\/wp-json\/wp\/v2\/media\/56880"}],"wp:attachment":[{"href":"https:\/\/ayurvedisktcenter.se\/en\/wp-json\/wp\/v2\/media?parent=55836"}],"wp:term":[{"taxonomy":"post_tag","embeddable":true,"href":"https:\/\/ayurvedisktcenter.se\/en\/wp-json\/wp\/v2\/tags?post=55836"},{"taxonomy":"tribe_events_cat","embeddable":true,"href":"https:\/\/ayurvedisktcenter.se\/en\/wp-json\/wp\/v2\/tribe_events_cat?post=55836"}],"curies":[{"name":"wp","href":"https:\/\/api.w.org\/{rel}","templated":true}]}}