{"id":53481,"date":"2025-09-22T10:25:38","date_gmt":"2025-09-22T08:25:38","guid":{"rendered":"https:\/\/ayurvedisktcenter.se\/?post_type=tribe_events&#038;p=53481"},"modified":"2025-09-22T10:25:38","modified_gmt":"2025-09-22T08:25:38","slug":"kirtan","status":"publish","type":"tribe_events","link":"https:\/\/ayurvedisktcenter.se\/en\/event\/kirtan\/","title":{"rendered":"Kirtan"},"content":{"rendered":"<div  class=\"tribe-events-schedule tribe-clearfix\" >\n\t<p class=\"tribe-events-schedule__datetime\">\n\t\t<span class=\"tribe-events-schedule__date tribe-events-schedule__date--start\">\n\t\t\tOctober 4, 2025\t\t<\/span>\n\n\t\t\t\t\t<span class=\"tribe-events-schedule__separator tribe-events-schedule__separator--date\">\n\t\t\t\t@\t\t\t<\/span>\n\t\t\t<span class=\"tribe-events-schedule__time tribe-events-schedule__time--start\">\n\t\t\t\t17:00\t\t\t<\/span>\n\t\t\n\t\t\t\t\t\t\t\t\t<span class=\"tribe-events-schedule__separator tribe-events-schedule__separator--time\">\n\t\t\t\t\t&#8211;\t\t\t\t<\/span>\n\t\t\t\n\t\t\t\t\t\t\t<span class=\"tribe-events-schedule__time tribe-events-schedule__time--end\">\n\t\t\t\t\t19:00\t\t\t\t<\/span>\n\t\t\t\n\t\t\t\t\t\t<\/p>\n<\/div>\n\n\n\n<p class=\"wp-block-paragraph\">A warm welcome to an evening of heart-opening song, fellowship and inner peace. \u0950<br><br>Singer Annie Carroll invites you to Kirtan at the beautiful Ayurvedic Center in Malm\u00f6 and will guide us through mantra singing with warmth, presence and musical subtlety.\u00a0<br><br>About Kirtan<br>Kirtan is a form of bhakti-yoga - an ancient tradition where we through chanting and repetition of mantras in Sanskrit create a deeper connection with ourselves, each other and what is greater than us. Open to all regardless of experience, come as you are.\u00a0<br><br>About Annie\u00a0<br>Annie Carroll has been singing all her life and has studied music from several different traditions such as jazz, Swedish folk music and Indian classical music. She has been leading Kirtan in various constellations and practicing yoga and meditation with joy and dedication since 2016.\u00a0<br>Instagram: @listentoannie\u00a0<br><br>\ud83d\uddd3\ufe0f Date: Saturday, October 4\u00a0<br>\ud83d\udd56 Time: 17.00-19.00. (Please arrive 10-15 minutes before to land)<br>\ud83d\udccd Location: Ayurvedic Center in Malm\u00f6 (Skeppsbron 5, 21120 Malm\u00f6)<br>\ud83d\udc9b Price: 100-220 SEK depending on your financial situation.<br>\ud83d\udce9 Registration: Send a text message to Annie +46706425017 to register and guarantee your place. Drop in is also possible but subject to availability.<\/p>\n\n\n\n<p class=\"wp-block-paragraph\">With love and warmth,\u00a0<br>Annie &amp; Ayurvedic Center in Malm\u00f6<br><br>~ ~\u00a0~\u00a0<\/p>\n\n\n\n<h4 class=\"wp-block-heading\">In English:<\/h4>\n\n\n\n<p class=\"wp-block-paragraph\">Warmly welcome to an evening of heart-opening song, community, and inner stillness. \u0950<\/p>\n\n\n\n<p class=\"wp-block-paragraph\">Vocalist Annie Carroll invites you to a Kirtan at the beautiful Ayurvedic Center in Malm\u00f6, where she will guide us through mantra chanting with warmth, presence, and musical sensitivity.<\/p>\n\n\n\n<p class=\"wp-block-paragraph\">About Kirtan<br>Kirtan is a form of bhakti yoga - an ancient tradition in which we use song and the repetition of Sanskrit mantras to deepen our connection to ourselves, each other, and something greater. Open to all, regardless of experience - come as you are.<\/p>\n\n\n\n<p class=\"wp-block-paragraph\">About Annie<br>Annie Carroll has been singing her whole life and has studied music from various traditions including jazz, Swedish folk music, and Indian classical music. She has led Kirtan in various constellations and has practiced yoga and meditation with joy and dedication since 2016.<br>Instagram: @listentoannie<\/p>\n\n\n\n<p class=\"wp-block-paragraph\">\ud83d\uddd3\ufe0f Date: Saturday, October 4th<br>\ud83d\udd56 Time: 17:00-19:00 (Feel free to arrive 10-15 minutes early to settle in)<br>\ud83d\udccd Location: Ayurvedic Center in Malm\u00f6 (Skeppsbron 5, 21120 Malm\u00f6)<br>\ud83d\udc9b Price: 100-220 SEK depending on your financial situation<br>\ud83d\udce9 Sign-up: Send an SMS to Annie at +46 70 642 50 17 to reserve your spot. Drop-in is also possible, space permitting.<br><br>With love and warmth,<br>Annie &amp; Ayurvedic Center in Malm\u00f6<\/p>\n\n\n<div  class=\"tribe-block tribe-block__event-price\" >\n\t\t<\/div>\n\n\n\n\n<div  class=\"tribe-block tribe-block__venue tribe-clearfix\" >\n\t\n\t\t\n\t<\/div>\n\n\n\n\n\t<div  class=\"tribe-block tribe-block__events-link\" >\n\t\t<div class=\"tribe-events tribe-common\">\n\t\t\t<div class=\"tribe-events-c-subscribe-dropdown__container\">\n\t\t\t\t<div class=\"tribe-events-c-subscribe-dropdown\">\n\t\t\t\t\t<div class=\"tribe-common-c-btn-border tribe-events-c-subscribe-dropdown__button\">\n\t\t\t\t\t\t<svg\n\t class=\"tribe-common-c-svgicon tribe-common-c-svgicon--cal-export tribe-events-c-subscribe-dropdown__export-icon\" \taria-hidden=\"true\"\n\tviewbox=\"0 0 23 17\"\n\txmlns=\"http:\/\/www.w3.org\/2000\/svg\"\n>\n\t<path fill-rule=\"evenodd\" clip-rule=\"evenodd\" d=\"M.128.896V16.13c0 .211.145.383.323.383h15.354c.179 0 .323-.172.323-.383V.896c0-.212-.144-.383-.323-.383H.451C.273.513.128.684.128.896Zm16 6.742h-.901V4.679H1.009v10.729h14.218v-3.336h.901V7.638ZM1.01 1.614h14.218v2.058H1.009V1.614Z\" \/>\n\t<path d=\"M20.5 9.846H8.312M18.524 6.953l2.89 2.909-2.855 2.855\" stroke-width=\"1.2\" stroke-linecap=\"round\" stroke-linejoin=\"round\"\/>\n<\/svg>\n\t\t\t\t\t\t<button\n\t\t\t\t\t\t\tclass=\"tribe-events-c-subscribe-dropdown__button-text\"\n\t\t\t\t\t\t\taria-expanded=\"false\"\n\t\t\t\t\t\t\taria-controls=\"tribe-events-subscribe-dropdown-content\"\n\t\t\t\t\t\t\taria-label=\"View links to add events to your calendar\"\n\t\t\t\t\t\t>\n\t\t\t\t\t\t\tAdd to calendar\t\t\t\t\t\t<\/button>\n\t\t\t\t\t\t<svg\n\t class=\"tribe-common-c-svgicon tribe-common-c-svgicon--caret-down tribe-events-c-subscribe-dropdown__button-icon\" \taria-hidden=\"true\"\n\tviewbox=\"0 0 10 7\"\n\txmlns=\"http:\/\/www.w3.org\/2000\/svg\"\n>\n\t<path fill-rule=\"evenodd\" clip-rule=\"evenodd\" d=\"M1.008.609L5 4.6 8.992.61l.958.958L5 6.517.05 1.566l.958-.958z\" class=\"tribe-common-c-svgicon__svg-fill\"\/>\n<\/svg>\n\t\t\t\t\t<\/div>\n\t\t\t\t\t<div id=\"tribe-events-subscribe-dropdown-content\" class=\"tribe-events-c-subscribe-dropdown__content\">\n\t\t\t\t\t\t<ul class=\"tribe-events-c-subscribe-dropdown__list\">\n\t\t\t\t\t\t\t\t\t\t\t\t\t\t\t<li class=\"tribe-events-c-subscribe-dropdown__list-item tribe-events-c-subscribe-dropdown__list-item--gcal\">\n\t\t\t\t\t\t\t\t\t<a\n\t\t\t\t\t\t\t\t\t\thref=\"https:\/\/www.google.com\/calendar\/event?action=TEMPLATE&#038;dates=20251004T170000\/20251004T190000&#038;text=Kirtan&#038;details=%3Cp%3EVarmt+v%C3%A4lkommen+till+en+kv%C3%A4ll+fylld+av+hj%C3%A4rt%C3%B6ppnande+s%C3%A5ng%2C+gemenskap+och+inre+stillhet.+%E0%A5%90%3Cbr+%2F%3E%3Cbr+%2F%3ES%C3%A5ngerskan+Annie+Carroll+bjuder+in+till+Kirtan+p%C3%A5+vackra+Ayurvediskt+Center+i+Malm%C3%B6+och+kommer+guida+oss+genom+mantras%C3%A5ng+med+v%C3%A4rme%2C+n%C3%A4rvaro+och+musikalisk+finst%C3%A4mdhet.%C2%A0%3Cbr+%2F%3E%3Cbr+%2F%3EOm+Kirtan-%3Cbr+%2F%3EKirtan+%C3%A4r+en+form+av+bhakti-yoga+%E2%80%93+en+ur%C3%A5ldrig+tradition+d%C3%A4r+vi+genom+s%C3%A5ng+och+repetition+av+mantran+p%C3%A5+sanskrit+skapar+en+djupare+kontakt+med+oss+sj%C3%A4lva%2C+varandra+och+det+som+%C3%A4r+st%C3%B6rre+%C3%A4n+oss.+%C3%96ppet+f%C3%B6r+alla+oavsett+erfarenhet%2C+kom+som+du+%C3%A4r.%C2%A0%3Cbr+%2F%3E%3Cbr+%2F%3EOm+Annie-%C2%A0%3Cbr+%2F%3EAnnie+Carroll+har+sjungit+hela+livet+och+studerat+musik+fr%C3%A5n+flera+olika+traditioner+s%C3%A5som+jazz%2C+svensk+folk+musik+och+indisk+klassik+musik.+Hon+har+lett+Kirtan+i+olika+konstellationer+samt+ut%C3%B6vat+yoga+och+meditation+med+gl%C3%A4dje+och+dedikation+sedan+2016.%C2%A0%3Cbr+%2F%3EInstagram%3A+%40listentoannie%C2%A0%3Cbr+%2F%3E%3Cbr+%2F%3E%F0%9F%97%93%EF%B8%8F+Datum%3A+L%C3%B6rdag+4+oktober%C2%A0%3Cbr+%2F%3E%F0%9F%95%96+Tid%3A+17.00-19.00.+%28Kom+g%C3%A4rna+10-15+min+innan+f%C3%B6r+att+landa%29%3Cb%3C%2Fp%3E+%28View+Full+event+Description+Here%3A+https%3A%2F%2Fayurvedisktcenter.se%2Fen%2Fevent%2Fkirtan%2F%29&#038;trp=false&#038;ctz=Europe\/Stockholm&#038;sprop=website:https:\/\/ayurvedisktcenter.se\/en\"\n\t\t\t\t\t\t\t\t\t\tclass=\"tribe-events-c-subscribe-dropdown__list-item-link\"\n\t\t\t\t\t\t\t\t\t\ttarget=\"_blank\"\n\t\t\t\t\t\t\t\t\t\trel=\"noopener noreferrer nofollow noindex\"\n\t\t\t\t\t\t\t\t\t>\n\t\t\t\t\t\t\t\t\t\tGoogle Calendar\t\t\t\t\t\t\t\t\t<\/a>\n\t\t\t\t\t\t\t\t<\/li>\n\t\t\t\t\t\t\t\t\t\t\t\t\t\t\t<li class=\"tribe-events-c-subscribe-dropdown__list-item tribe-events-c-subscribe-dropdown__list-item--ical\">\n\t\t\t\t\t\t\t\t\t<a\n\t\t\t\t\t\t\t\t\t\thref=\"\"\n\t\t\t\t\t\t\t\t\t\tclass=\"tribe-events-c-subscribe-dropdown__list-item-link\"\n\t\t\t\t\t\t\t\t\t\ttarget=\"_blank\"\n\t\t\t\t\t\t\t\t\t\trel=\"noopener noreferrer nofollow noindex\"\n\t\t\t\t\t\t\t\t\t>\n\t\t\t\t\t\t\t\t\t\tiCalendar\t\t\t\t\t\t\t\t\t<\/a>\n\t\t\t\t\t\t\t\t<\/li>\n\t\t\t\t\t\t\t\t\t\t\t\t\t\t\t<li class=\"tribe-events-c-subscribe-dropdown__list-item tribe-events-c-subscribe-dropdown__list-item--outlook-365\">\n\t\t\t\t\t\t\t\t\t<a\n\t\t\t\t\t\t\t\t\t\thref=\"\"\n\t\t\t\t\t\t\t\t\t\tclass=\"tribe-events-c-subscribe-dropdown__list-item-link\"\n\t\t\t\t\t\t\t\t\t\ttarget=\"_blank\"\n\t\t\t\t\t\t\t\t\t\trel=\"noopener noreferrer nofollow noindex\"\n\t\t\t\t\t\t\t\t\t>\n\t\t\t\t\t\t\t\t\t\tOutlook 365\t\t\t\t\t\t\t\t\t<\/a>\n\t\t\t\t\t\t\t\t<\/li>\n\t\t\t\t\t\t\t\t\t\t\t\t\t\t\t<li class=\"tribe-events-c-subscribe-dropdown__list-item tribe-events-c-subscribe-dropdown__list-item--outlook-live\">\n\t\t\t\t\t\t\t\t\t<a\n\t\t\t\t\t\t\t\t\t\thref=\"\"\n\t\t\t\t\t\t\t\t\t\tclass=\"tribe-events-c-subscribe-dropdown__list-item-link\"\n\t\t\t\t\t\t\t\t\t\ttarget=\"_blank\"\n\t\t\t\t\t\t\t\t\t\trel=\"noopener noreferrer nofollow noindex\"\n\t\t\t\t\t\t\t\t\t>\n\t\t\t\t\t\t\t\t\t\tOutlook Live\t\t\t\t\t\t\t\t\t<\/a>\n\t\t\t\t\t\t\t\t<\/li>\n\t\t\t\t\t\t\t\t\t\t\t\t\t<\/ul>\n\t\t\t\t\t<\/div>\n\t\t\t\t<\/div>\n\t\t\t<\/div>\n\t\t<\/div>\n\t<\/div>","protected":false},"excerpt":{"rendered":"<p>Varmt v\u00e4lkommen till en kv\u00e4ll fylld av hj\u00e4rt\u00f6ppnande s\u00e5ng, gemenskap och inre stillhet. \u0950 S\u00e5ngerskan Annie Carroll bjuder in till Kirtan p\u00e5 vackra Ayurvediskt Center i Malm\u00f6 och kommer guida [&hellip;]<\/p>\n","protected":false},"author":1,"featured_media":53483,"template":"","meta":{"_acf_changed":false,"_EventAllDay":false,"_EventTimezone":"Europe\/Stockholm","_EventStartDate":"2025-10-04 17:00:00","_EventEndDate":"2025-10-04 19:00:00","_EventStartDateUTC":"2025-10-04 15:00:00","_EventEndDateUTC":"2025-10-04 17:00:00","_EventShowMap":false,"_EventShowMapLink":false,"_EventURL":"","_EventCost":"","_EventCostDescription":"","_EventCurrencySymbol":"$","_EventCurrencyCode":"USD","_EventCurrencyPosition":"prefix","_EventDateTimeSeparator":"@","_EventTimeRangeSeparator":"-","_EventOrganizerID":[],"_EventVenueID":[],"_OrganizerEmail":"","_OrganizerPhone":"","_OrganizerWebsite":"","_VenueAddress":"","_VenueCity":"","_VenueCountry":"","_VenueProvince":"","_VenueState":"","_VenueZip":"","_VenuePhone":"","_VenueURL":"","_VenueStateProvince":"","_VenueLat":"","_VenueLng":"","_VenueShowMap":false,"_VenueShowMapLink":false,"_tribe_events_status":"","_tribe_events_status_reason":"","footnotes":""},"tags":[],"tribe_events_cat":[],"class_list":["post-53481","tribe_events","type-tribe_events","status-publish","has-post-thumbnail","hentry"],"acf":[],"yoast_head":"<!-- This site is optimized with the Yoast SEO plugin v28.4 - https:\/\/yoast.com\/product\/yoast-seo-wordpress\/ -->\n<title>Kirtan - Ayurvediskt Center<\/title>\n<meta name=\"description\" content=\"S\u00e5ngerskan Annie Carroll bjuder in till Kirtan p\u00e5 Ayurvediskt Center i Malm\u00f6 och guidar oss genom mantras\u00e5ng med v\u00e4rme, n\u00e4rvaro och musikalisk finst\u00e4mdhet.\u00a0\" \/>\n<meta name=\"robots\" content=\"index, follow, max-snippet:-1, max-image-preview:large, max-video-preview:-1\" \/>\n<link rel=\"canonical\" href=\"https:\/\/ayurvedisktcenter.se\/en\/event\/kirtan\/\" \/>\n<meta property=\"og:locale\" content=\"en_US\" \/>\n<meta property=\"og:type\" content=\"article\" \/>\n<meta property=\"og:title\" content=\"Kirtan - Ayurvediskt Center\" \/>\n<meta property=\"og:description\" content=\"S\u00e5ngerskan Annie Carroll bjuder in till Kirtan p\u00e5 Ayurvediskt Center i Malm\u00f6 och guidar oss genom mantras\u00e5ng med v\u00e4rme, n\u00e4rvaro och musikalisk finst\u00e4mdhet.\u00a0\" \/>\n<meta property=\"og:url\" content=\"https:\/\/ayurvedisktcenter.se\/en\/event\/kirtan\/\" \/>\n<meta property=\"og:site_name\" content=\"Ayurvediskt Center\" \/>\n<meta property=\"article:publisher\" content=\"https:\/\/www.facebook.com\/ayurvedamalmo\/\" \/>\n<meta property=\"og:image\" content=\"https:\/\/ayurvedisktcenter.se\/wp-content\/uploads\/2025\/09\/Kirtan.webp\" \/>\n\t<meta property=\"og:image:width\" content=\"720\" \/>\n\t<meta property=\"og:image:height\" content=\"480\" \/>\n\t<meta property=\"og:image:type\" content=\"image\/webp\" \/>\n<meta name=\"twitter:card\" content=\"summary_large_image\" \/>\n<meta name=\"twitter:label1\" content=\"Est. reading time\" \/>\n\t<meta name=\"twitter:data1\" content=\"3 minutes\" \/>\n<script type=\"application\/ld+json\" class=\"yoast-schema-graph\">{\"@context\":\"https:\\\/\\\/schema.org\",\"@graph\":[{\"@type\":\"WebPage\",\"@id\":\"https:\\\/\\\/ayurvedisktcenter.se\\\/event\\\/kirtan\\\/\",\"url\":\"https:\\\/\\\/ayurvedisktcenter.se\\\/event\\\/kirtan\\\/\",\"name\":\"Kirtan - Ayurvediskt Center\",\"isPartOf\":{\"@id\":\"https:\\\/\\\/ayurvedisktcenter.se\\\/en\\\/#website\"},\"primaryImageOfPage\":{\"@id\":\"https:\\\/\\\/ayurvedisktcenter.se\\\/event\\\/kirtan\\\/#primaryimage\"},\"image\":{\"@id\":\"https:\\\/\\\/ayurvedisktcenter.se\\\/event\\\/kirtan\\\/#primaryimage\"},\"thumbnailUrl\":\"https:\\\/\\\/ayurvedisktcenter.se\\\/wp-content\\\/uploads\\\/2025\\\/09\\\/Kirtan.webp\",\"datePublished\":\"2025-09-22T08:25:38+00:00\",\"description\":\"S\u00e5ngerskan Annie Carroll bjuder in till Kirtan p\u00e5 Ayurvediskt Center i Malm\u00f6 och guidar oss genom mantras\u00e5ng med v\u00e4rme, n\u00e4rvaro och musikalisk finst\u00e4mdhet.\u00a0\",\"breadcrumb\":{\"@id\":\"https:\\\/\\\/ayurvedisktcenter.se\\\/event\\\/kirtan\\\/#breadcrumb\"},\"inLanguage\":\"en-US\",\"potentialAction\":[{\"@type\":\"ReadAction\",\"target\":[\"https:\\\/\\\/ayurvedisktcenter.se\\\/event\\\/kirtan\\\/\"]}]},{\"@type\":\"ImageObject\",\"inLanguage\":\"en-US\",\"@id\":\"https:\\\/\\\/ayurvedisktcenter.se\\\/event\\\/kirtan\\\/#primaryimage\",\"url\":\"https:\\\/\\\/ayurvedisktcenter.se\\\/wp-content\\\/uploads\\\/2025\\\/09\\\/Kirtan.webp\",\"contentUrl\":\"https:\\\/\\\/ayurvedisktcenter.se\\\/wp-content\\\/uploads\\\/2025\\\/09\\\/Kirtan.webp\",\"width\":720,\"height\":480,\"caption\":\"en kvinna och en man sjunger kirtan p\u00e5 ett evenemang\"},{\"@type\":\"BreadcrumbList\",\"@id\":\"https:\\\/\\\/ayurvedisktcenter.se\\\/event\\\/kirtan\\\/#breadcrumb\",\"itemListElement\":[{\"@type\":\"ListItem\",\"position\":1,\"name\":\"Hem\",\"item\":\"https:\\\/\\\/ayurvedisktcenter.se\\\/\"},{\"@type\":\"ListItem\",\"position\":2,\"name\":\"Events\",\"item\":\"https:\\\/\\\/ayurvedisktcenter.se\\\/en\\\/eventkalender\\\/\"},{\"@type\":\"ListItem\",\"position\":3,\"name\":\"Kirtan\"}]},{\"@type\":\"WebSite\",\"@id\":\"https:\\\/\\\/ayurvedisktcenter.se\\\/en\\\/#website\",\"url\":\"https:\\\/\\\/ayurvedisktcenter.se\\\/en\\\/\",\"name\":\"Ayurvediskt Center Malm\u00f6\",\"description\":\"Tidl\u00f6s visdom f\u00f6r ett liv i balans\",\"publisher\":{\"@id\":\"https:\\\/\\\/ayurvedisktcenter.se\\\/en\\\/#organization\"},\"potentialAction\":[{\"@type\":\"SearchAction\",\"target\":{\"@type\":\"EntryPoint\",\"urlTemplate\":\"https:\\\/\\\/ayurvedisktcenter.se\\\/en\\\/?s={search_term_string}\"},\"query-input\":{\"@type\":\"PropertyValueSpecification\",\"valueRequired\":true,\"valueName\":\"search_term_string\"}}],\"inLanguage\":\"en-US\"},{\"@type\":\"Organization\",\"@id\":\"https:\\\/\\\/ayurvedisktcenter.se\\\/en\\\/#organization\",\"name\":\"Ayurvediskt Center Malm\u00f6\",\"url\":\"https:\\\/\\\/ayurvedisktcenter.se\\\/en\\\/\",\"logo\":{\"@type\":\"ImageObject\",\"inLanguage\":\"en-US\",\"@id\":\"https:\\\/\\\/ayurvedisktcenter.se\\\/en\\\/#\\\/schema\\\/logo\\\/image\\\/\",\"url\":\"https:\\\/\\\/ayurvedisktcenter.se\\\/wp-content\\\/uploads\\\/2025\\\/06\\\/ACM_Logotype_Dark.svg\",\"contentUrl\":\"https:\\\/\\\/ayurvedisktcenter.se\\\/wp-content\\\/uploads\\\/2025\\\/06\\\/ACM_Logotype_Dark.svg\",\"width\":1500,\"height\":1500,\"caption\":\"Ayurvediskt Center Malm\u00f6\"},\"image\":{\"@id\":\"https:\\\/\\\/ayurvedisktcenter.se\\\/en\\\/#\\\/schema\\\/logo\\\/image\\\/\"},\"sameAs\":[\"https:\\\/\\\/www.facebook.com\\\/ayurvedamalmo\\\/\",\"https:\\\/\\\/instagram.com\\\/ayurvedisktcenter\"]}]}<\/script>\n<!-- \/ Yoast SEO plugin. -->","yoast_head_json":{"title":"Kirtan - Ayurvediskt Center","description":"S\u00e5ngerskan Annie Carroll bjuder in till Kirtan p\u00e5 Ayurvediskt Center i Malm\u00f6 och guidar oss genom mantras\u00e5ng med v\u00e4rme, n\u00e4rvaro och musikalisk finst\u00e4mdhet.\u00a0","robots":{"index":"index","follow":"follow","max-snippet":"max-snippet:-1","max-image-preview":"max-image-preview:large","max-video-preview":"max-video-preview:-1"},"canonical":"https:\/\/ayurvedisktcenter.se\/en\/event\/kirtan\/","og_locale":"en_US","og_type":"article","og_title":"Kirtan - Ayurvediskt Center","og_description":"S\u00e5ngerskan Annie Carroll bjuder in till Kirtan p\u00e5 Ayurvediskt Center i Malm\u00f6 och guidar oss genom mantras\u00e5ng med v\u00e4rme, n\u00e4rvaro och musikalisk finst\u00e4mdhet.\u00a0","og_url":"https:\/\/ayurvedisktcenter.se\/en\/event\/kirtan\/","og_site_name":"Ayurvediskt Center","article_publisher":"https:\/\/www.facebook.com\/ayurvedamalmo\/","og_image":[{"width":720,"height":480,"url":"https:\/\/ayurvedisktcenter.se\/wp-content\/uploads\/2025\/09\/Kirtan.webp","type":"image\/webp"}],"twitter_card":"summary_large_image","twitter_misc":{"Est. reading time":"3 minutes"},"schema":{"@context":"https:\/\/schema.org","@graph":[{"@type":"WebPage","@id":"https:\/\/ayurvedisktcenter.se\/event\/kirtan\/","url":"https:\/\/ayurvedisktcenter.se\/event\/kirtan\/","name":"Kirtan - Ayurvediskt Center","isPartOf":{"@id":"https:\/\/ayurvedisktcenter.se\/en\/#website"},"primaryImageOfPage":{"@id":"https:\/\/ayurvedisktcenter.se\/event\/kirtan\/#primaryimage"},"image":{"@id":"https:\/\/ayurvedisktcenter.se\/event\/kirtan\/#primaryimage"},"thumbnailUrl":"https:\/\/ayurvedisktcenter.se\/wp-content\/uploads\/2025\/09\/Kirtan.webp","datePublished":"2025-09-22T08:25:38+00:00","description":"S\u00e5ngerskan Annie Carroll bjuder in till Kirtan p\u00e5 Ayurvediskt Center i Malm\u00f6 och guidar oss genom mantras\u00e5ng med v\u00e4rme, n\u00e4rvaro och musikalisk finst\u00e4mdhet.\u00a0","breadcrumb":{"@id":"https:\/\/ayurvedisktcenter.se\/event\/kirtan\/#breadcrumb"},"inLanguage":"en-US","potentialAction":[{"@type":"ReadAction","target":["https:\/\/ayurvedisktcenter.se\/event\/kirtan\/"]}]},{"@type":"ImageObject","inLanguage":"en-US","@id":"https:\/\/ayurvedisktcenter.se\/event\/kirtan\/#primaryimage","url":"https:\/\/ayurvedisktcenter.se\/wp-content\/uploads\/2025\/09\/Kirtan.webp","contentUrl":"https:\/\/ayurvedisktcenter.se\/wp-content\/uploads\/2025\/09\/Kirtan.webp","width":720,"height":480,"caption":"en kvinna och en man sjunger kirtan p\u00e5 ett evenemang"},{"@type":"BreadcrumbList","@id":"https:\/\/ayurvedisktcenter.se\/event\/kirtan\/#breadcrumb","itemListElement":[{"@type":"ListItem","position":1,"name":"Hem","item":"https:\/\/ayurvedisktcenter.se\/"},{"@type":"ListItem","position":2,"name":"Events","item":"https:\/\/ayurvedisktcenter.se\/en\/eventkalender\/"},{"@type":"ListItem","position":3,"name":"Kirtan"}]},{"@type":"WebSite","@id":"https:\/\/ayurvedisktcenter.se\/en\/#website","url":"https:\/\/ayurvedisktcenter.se\/en\/","name":"Ayurvedic Center Malm\u00f6","description":"Timeless wisdom for a balanced life","publisher":{"@id":"https:\/\/ayurvedisktcenter.se\/en\/#organization"},"potentialAction":[{"@type":"SearchAction","target":{"@type":"EntryPoint","urlTemplate":"https:\/\/ayurvedisktcenter.se\/en\/?s={search_term_string}"},"query-input":{"@type":"PropertyValueSpecification","valueRequired":true,"valueName":"search_term_string"}}],"inLanguage":"en-US"},{"@type":"Organization","@id":"https:\/\/ayurvedisktcenter.se\/en\/#organization","name":"Ayurvedic Center Malm\u00f6","url":"https:\/\/ayurvedisktcenter.se\/en\/","logo":{"@type":"ImageObject","inLanguage":"en-US","@id":"https:\/\/ayurvedisktcenter.se\/en\/#\/schema\/logo\/image\/","url":"https:\/\/ayurvedisktcenter.se\/wp-content\/uploads\/2025\/06\/ACM_Logotype_Dark.svg","contentUrl":"https:\/\/ayurvedisktcenter.se\/wp-content\/uploads\/2025\/06\/ACM_Logotype_Dark.svg","width":1500,"height":1500,"caption":"Ayurvediskt Center Malm\u00f6"},"image":{"@id":"https:\/\/ayurvedisktcenter.se\/en\/#\/schema\/logo\/image\/"},"sameAs":["https:\/\/www.facebook.com\/ayurvedamalmo\/","https:\/\/instagram.com\/ayurvedisktcenter"]}]}},"_links":{"self":[{"href":"https:\/\/ayurvedisktcenter.se\/en\/wp-json\/wp\/v2\/tribe_events\/53481","targetHints":{"allow":["GET"]}}],"collection":[{"href":"https:\/\/ayurvedisktcenter.se\/en\/wp-json\/wp\/v2\/tribe_events"}],"about":[{"href":"https:\/\/ayurvedisktcenter.se\/en\/wp-json\/wp\/v2\/types\/tribe_events"}],"author":[{"embeddable":true,"href":"https:\/\/ayurvedisktcenter.se\/en\/wp-json\/wp\/v2\/users\/1"}],"version-history":[{"count":1,"href":"https:\/\/ayurvedisktcenter.se\/en\/wp-json\/wp\/v2\/tribe_events\/53481\/revisions"}],"predecessor-version":[{"id":53484,"href":"https:\/\/ayurvedisktcenter.se\/en\/wp-json\/wp\/v2\/tribe_events\/53481\/revisions\/53484"}],"wp:featuredmedia":[{"embeddable":true,"href":"https:\/\/ayurvedisktcenter.se\/en\/wp-json\/wp\/v2\/media\/53483"}],"wp:attachment":[{"href":"https:\/\/ayurvedisktcenter.se\/en\/wp-json\/wp\/v2\/media?parent=53481"}],"wp:term":[{"taxonomy":"post_tag","embeddable":true,"href":"https:\/\/ayurvedisktcenter.se\/en\/wp-json\/wp\/v2\/tags?post=53481"},{"taxonomy":"tribe_events_cat","embeddable":true,"href":"https:\/\/ayurvedisktcenter.se\/en\/wp-json\/wp\/v2\/tribe_events_cat?post=53481"}],"curies":[{"name":"wp","href":"https:\/\/api.w.org\/{rel}","templated":true}]}}