{"id":51563,"date":"2025-07-10T15:46:49","date_gmt":"2025-07-10T13:46:49","guid":{"rendered":"https:\/\/staging.ayurvedisktcenter.se\/?post_type=tribe_events&#038;p=51563"},"modified":"2025-08-01T10:01:15","modified_gmt":"2025-08-01T08:01:15","slug":"yoga-oppet-hus-fira-var-utokade-yogaverksamhet-2","status":"publish","type":"tribe_events","link":"https:\/\/ayurvedisktcenter.se\/en\/event\/yoga-oppet-hus-fira-var-utokade-yogaverksamhet-2\/","title":{"rendered":"Yoga Open House - Celebrate our expanded yoga activities!"},"content":{"rendered":"<div  class=\"tribe-events-schedule tribe-clearfix\" >\n\t<p class=\"tribe-events-schedule__datetime\">\n\t\t<span class=\"tribe-events-schedule__date tribe-events-schedule__date--start\">\n\t\t\tAugust 25, 2025\t\t<\/span>\n\n\t\t\t\t\t<span class=\"tribe-events-schedule__separator tribe-events-schedule__separator--date\">\n\t\t\t\t@\t\t\t<\/span>\n\t\t\t<span class=\"tribe-events-schedule__time tribe-events-schedule__time--start\">\n\t\t\t\t07:00\t\t\t<\/span>\n\t\t\n\t\t\t\t\t\t\t\t\t<span class=\"tribe-events-schedule__separator tribe-events-schedule__separator--time\">\n\t\t\t\t\t&#8211;\t\t\t\t<\/span>\n\t\t\t\n\t\t\t\t\t\t\t<span class=\"tribe-events-schedule__date tribe-events-schedule__date--end\">\n\t\t\t\t\tAugust 31, 2025\t\t\t\t<\/span>\n\n\t\t\t\t\t\t\t\t\t<span class=\"tribe-events-schedule__separator tribe-events-schedule__separator--date\">\n\t\t\t\t\t\t@\t\t\t\t\t<\/span>\n\t\t\t\t\t<span class=\"tribe-events-schedule__time tribe-events-schedule__time--end\">\n\t\t\t\t\t\t18:00\t\t\t\t\t<\/span>\n\t\t\t\t\n\t\t\t\n\t\t\t\t\t\t<\/p>\n<\/div>\n\n\n\n<p class=\"wp-block-paragraph\">Welcome to our&nbsp;<em>Yoga Open House<\/em>&nbsp;celebrating the expansion of our yoga program at our Ayurvedic Center for Holistic Health and Wellness. Experience the depth of traditional yoga, guided by ancient wisdom, in an intimate and supportive environment.<\/p>\n\n\n\n<p class=\"wp-block-paragraph\">\ud83e\uddd8\u200d\u2640\ufe0f Classes all day | 8:00 - 18:00<br>\ud83d\udcab Only 30 kr per class<br>\ud83d\udccd Limited number of places - only 12-14 participants per class<\/p>\n\n\n\n<p class=\"wp-block-paragraph\"><strong>Offers throughout the day:<\/strong><br>- 30% discount on all punch cards<br>- 50% discount on first month of membership<\/p>\n\n\n\n<p class=\"wp-block-paragraph\">This is a unique opportunity to explore our new yoga classes and feel the power of a holistic approach through yoga and Ayurveda.<\/p>\n\n\n\n<p class=\"wp-block-paragraph\"><strong>Book early to secure your place - we look forward to welcoming you!<\/strong><\/p>\n\n\n\n<div style=\"height:39px\" aria-hidden=\"true\" class=\"wp-block-spacer\"><\/div>\n\n\n\n<div class=\"wp-block-buttons is-layout-flex wp-block-buttons-is-layout-flex\">\n<div class=\"wp-block-button\"><a class=\"wp-block-button__link has-white-color has-text-color has-background has-link-color wp-element-button\" href=\"https:\/\/ayurvedisktcenter.se\/en\/yoga-oppet-hus\/\" style=\"background-color:#c45b31\">To the events page<\/a><\/div>\n<\/div>\n\n\n\n<div style=\"height:63px\" aria-hidden=\"true\" class=\"wp-block-spacer\"><\/div>\n\n\n\n<h4 class=\"wp-block-heading\"><strong>In English:<\/strong><\/h4>\n\n\n\n<p class=\"wp-block-paragraph\">Join us for a special&nbsp;<em>Yoga Open House<\/em>&nbsp;as we celebrate the expansion of our yoga program at our Ayurvedic center for holistic health and wellness. Experience the depth of traditional yoga guided by ancient wisdom in an intimate setting.<\/p>\n\n\n\n<p class=\"wp-block-paragraph\">\ud83e\uddd8\u200d\u2640\ufe0f Classes all day | 8:00 - 18:00<br>\ud83d\udcab Just 30 kr per class<br>\ud83d\udccd Limited space - only 12-14 spots per session<\/p>\n\n\n\n<p class=\"wp-block-paragraph\"><strong>Special discounts available all day:<\/strong><br>- 30% off all class credit bundles (<em>clipboard<\/em>)<br>- 50% off first month of memberships<\/p>\n\n\n\n<p class=\"wp-block-paragraph\">This is a unique opportunity to explore our expanded offerings and feel the support of a holistic approach to wellbeing through yoga and Ayurveda.<\/p>\n\n\n\n<p class=\"wp-block-paragraph\"><strong>Book early to reserve your spot - we'd love to welcome you!<\/strong><\/p>\n\n\n<div  class=\"tribe-block tribe-block__event-price\" >\n\t\t<\/div>\n\n\n\n\n<div  class=\"tribe-block tribe-block__venue tribe-clearfix\" >\n\t\n\t\t\n\t<\/div>\n\n\n\n\n\t<div  class=\"tribe-block tribe-block__events-link\" >\n\t\t<div class=\"tribe-events tribe-common\">\n\t\t\t<div class=\"tribe-events-c-subscribe-dropdown__container\">\n\t\t\t\t<div class=\"tribe-events-c-subscribe-dropdown\">\n\t\t\t\t\t<div class=\"tribe-common-c-btn-border tribe-events-c-subscribe-dropdown__button\">\n\t\t\t\t\t\t<svg\n\t class=\"tribe-common-c-svgicon tribe-common-c-svgicon--cal-export tribe-events-c-subscribe-dropdown__export-icon\" \taria-hidden=\"true\"\n\tviewbox=\"0 0 23 17\"\n\txmlns=\"http:\/\/www.w3.org\/2000\/svg\"\n>\n\t<path fill-rule=\"evenodd\" clip-rule=\"evenodd\" d=\"M.128.896V16.13c0 .211.145.383.323.383h15.354c.179 0 .323-.172.323-.383V.896c0-.212-.144-.383-.323-.383H.451C.273.513.128.684.128.896Zm16 6.742h-.901V4.679H1.009v10.729h14.218v-3.336h.901V7.638ZM1.01 1.614h14.218v2.058H1.009V1.614Z\" \/>\n\t<path d=\"M20.5 9.846H8.312M18.524 6.953l2.89 2.909-2.855 2.855\" stroke-width=\"1.2\" stroke-linecap=\"round\" stroke-linejoin=\"round\"\/>\n<\/svg>\n\t\t\t\t\t\t<button\n\t\t\t\t\t\t\tclass=\"tribe-events-c-subscribe-dropdown__button-text\"\n\t\t\t\t\t\t\taria-expanded=\"false\"\n\t\t\t\t\t\t\taria-controls=\"tribe-events-subscribe-dropdown-content\"\n\t\t\t\t\t\t\taria-label=\"View links to add events to your calendar\"\n\t\t\t\t\t\t>\n\t\t\t\t\t\t\tAdd to calendar\t\t\t\t\t\t<\/button>\n\t\t\t\t\t\t<svg\n\t class=\"tribe-common-c-svgicon tribe-common-c-svgicon--caret-down tribe-events-c-subscribe-dropdown__button-icon\" \taria-hidden=\"true\"\n\tviewbox=\"0 0 10 7\"\n\txmlns=\"http:\/\/www.w3.org\/2000\/svg\"\n>\n\t<path fill-rule=\"evenodd\" clip-rule=\"evenodd\" d=\"M1.008.609L5 4.6 8.992.61l.958.958L5 6.517.05 1.566l.958-.958z\" class=\"tribe-common-c-svgicon__svg-fill\"\/>\n<\/svg>\n\t\t\t\t\t<\/div>\n\t\t\t\t\t<div id=\"tribe-events-subscribe-dropdown-content\" class=\"tribe-events-c-subscribe-dropdown__content\">\n\t\t\t\t\t\t<ul class=\"tribe-events-c-subscribe-dropdown__list\">\n\t\t\t\t\t\t\t\t\t\t\t\t\t\t\t<li class=\"tribe-events-c-subscribe-dropdown__list-item tribe-events-c-subscribe-dropdown__list-item--gcal\">\n\t\t\t\t\t\t\t\t\t<a\n\t\t\t\t\t\t\t\t\t\thref=\"https:\/\/www.google.com\/calendar\/event?action=TEMPLATE&#038;dates=20250825T070000\/20250831T180000&#038;text=Yoga%20%C3%96ppet%20Hus%20%26%238211%3B%20Fira%20v%C3%A5r%20ut%C3%B6kade%20yogaverksamhet%21&#038;details=%3Cp%3EV%C3%A4lkommen+till+v%C3%A5rt%26nbsp%3B%3Cem%3EYoga+%C3%96ppet+Hus%3C%2Fem%3E%26nbsp%3Bd%C3%A4r+vi+firar+expansionen+av+v%C3%A5rt+yogaprogram+p%C3%A5+v%C3%A5rt+ayurvediska+center+f%C3%B6r+holistisk+h%C3%A4lsa+och+v%C3%A4lm%C3%A5ende.+Upplev+den+traditionella+yogans+djup%2C+v%C3%A4gledd+av+ur%C3%A5ldrig+visdom%2C+i+en+intim+och+st%C3%B6ttande+milj%C3%B6.%3C%2Fp%3E+%3Cp%3E%F0%9F%A7%98%E2%80%8D%E2%99%80%EF%B8%8F+Klasser+hela+dagen+%7C+8%3A00+%E2%80%93+18%3A00%3Cbr+%2F%3E%F0%9F%92%AB+Endast+30+kr+per+klass%3Cbr+%2F%3E%F0%9F%93%8D+Begr%C3%A4nsat+antal+platser+%E2%80%93+endast+12%E2%80%9314+deltagare+per+klass%3C%2Fp%3E+%3Cp%3E%3Cstrong%3EErbjudanden+hela+dagen%3A%3C%2Fstrong%3E%3Cbr+%2F%3E%E2%80%93+30%25+rabatt+p%C3%A5+alla+klippkort%3Cbr+%2F%3E%E2%80%93+50%25+rabatt+p%C3%A5+f%C3%B6rsta+m%C3%A5naden+av+medlemskap%3C%2Fp%3E+%3Cp%3EDetta+%C3%A4r+ett+unikt+tillf%C3%A4lle+att+utforska+v%C3%A5ra+nya+yogaklasser+och+k%C3%A4nna+kraften+i+ett+holistiskt+tillv%C3%A4gag%C3%A5ngss%C3%A4tt+genom+yoga+och+Ayurveda.%3C%2Fp%3E+%3Cp%3E%3Cstrong%3EBoka+i+god+tid+f%C3%B6r+att+s%C3%A4kra+din+plats+%E2%80%93+vi+ser+fram+emot+att+v%C3%A4lkomna+dig%21%3C%2Fstrong%3E%3C%2Fp%3E+%3Cdiv+style%3D%22height%3A39px%22+aria-hidden%3D%22true%22+class%3D%22wp-block-spacer%22%3E%3C%2Fdiv%3E%3Cdiv+class%3D%22wp-block-buttons%22%3E%3Cdiv+class%3D%22wp-block-butt%3C%2Fdiv%3E+%28View+Full+event+Description+Here%3A+https%3A%2F%2Fayurvedisktcenter.se%2Fen%2Fevent%2Fyoga-oppet-hus-fira-var-utokade-yogaverksamhet-2%2F%29&#038;trp=false&#038;ctz=Europe\/Stockholm&#038;sprop=website:https:\/\/ayurvedisktcenter.se\/en\"\n\t\t\t\t\t\t\t\t\t\tclass=\"tribe-events-c-subscribe-dropdown__list-item-link\"\n\t\t\t\t\t\t\t\t\t\ttarget=\"_blank\"\n\t\t\t\t\t\t\t\t\t\trel=\"noopener noreferrer nofollow noindex\"\n\t\t\t\t\t\t\t\t\t>\n\t\t\t\t\t\t\t\t\t\tGoogle Calendar\t\t\t\t\t\t\t\t\t<\/a>\n\t\t\t\t\t\t\t\t<\/li>\n\t\t\t\t\t\t\t\t\t\t\t\t\t\t\t<li class=\"tribe-events-c-subscribe-dropdown__list-item tribe-events-c-subscribe-dropdown__list-item--ical\">\n\t\t\t\t\t\t\t\t\t<a\n\t\t\t\t\t\t\t\t\t\thref=\"\"\n\t\t\t\t\t\t\t\t\t\tclass=\"tribe-events-c-subscribe-dropdown__list-item-link\"\n\t\t\t\t\t\t\t\t\t\ttarget=\"_blank\"\n\t\t\t\t\t\t\t\t\t\trel=\"noopener noreferrer nofollow noindex\"\n\t\t\t\t\t\t\t\t\t>\n\t\t\t\t\t\t\t\t\t\tiCalendar\t\t\t\t\t\t\t\t\t<\/a>\n\t\t\t\t\t\t\t\t<\/li>\n\t\t\t\t\t\t\t\t\t\t\t\t\t\t\t<li class=\"tribe-events-c-subscribe-dropdown__list-item tribe-events-c-subscribe-dropdown__list-item--outlook-365\">\n\t\t\t\t\t\t\t\t\t<a\n\t\t\t\t\t\t\t\t\t\thref=\"\"\n\t\t\t\t\t\t\t\t\t\tclass=\"tribe-events-c-subscribe-dropdown__list-item-link\"\n\t\t\t\t\t\t\t\t\t\ttarget=\"_blank\"\n\t\t\t\t\t\t\t\t\t\trel=\"noopener noreferrer nofollow noindex\"\n\t\t\t\t\t\t\t\t\t>\n\t\t\t\t\t\t\t\t\t\tOutlook 365\t\t\t\t\t\t\t\t\t<\/a>\n\t\t\t\t\t\t\t\t<\/li>\n\t\t\t\t\t\t\t\t\t\t\t\t\t\t\t<li class=\"tribe-events-c-subscribe-dropdown__list-item tribe-events-c-subscribe-dropdown__list-item--outlook-live\">\n\t\t\t\t\t\t\t\t\t<a\n\t\t\t\t\t\t\t\t\t\thref=\"\"\n\t\t\t\t\t\t\t\t\t\tclass=\"tribe-events-c-subscribe-dropdown__list-item-link\"\n\t\t\t\t\t\t\t\t\t\ttarget=\"_blank\"\n\t\t\t\t\t\t\t\t\t\trel=\"noopener noreferrer nofollow noindex\"\n\t\t\t\t\t\t\t\t\t>\n\t\t\t\t\t\t\t\t\t\tOutlook Live\t\t\t\t\t\t\t\t\t<\/a>\n\t\t\t\t\t\t\t\t<\/li>\n\t\t\t\t\t\t\t\t\t\t\t\t\t<\/ul>\n\t\t\t\t\t<\/div>\n\t\t\t\t<\/div>\n\t\t\t<\/div>\n\t\t<\/div>\n\t<\/div>","protected":false},"excerpt":{"rendered":"<p>V\u00e4lkommen till v\u00e5rt&nbsp;Yoga \u00d6ppet Hus&nbsp;d\u00e4r vi firar expansionen av v\u00e5rt yogaprogram p\u00e5 v\u00e5rt ayurvediska center f\u00f6r holistisk h\u00e4lsa och v\u00e4lm\u00e5ende. Upplev den traditionella yogans djup, v\u00e4gledd av ur\u00e5ldrig visdom, i [&hellip;]<\/p>\n","protected":false},"author":1,"featured_media":51811,"template":"","meta":{"_acf_changed":false,"_EventAllDay":false,"_EventTimezone":"Europe\/Stockholm","_EventStartDate":"2025-08-25 07:00:00","_EventEndDate":"2025-08-31 18:00:00","_EventStartDateUTC":"2025-08-25 05:00:00","_EventEndDateUTC":"2025-08-31 16:00:00","_EventShowMap":false,"_EventShowMapLink":false,"_EventURL":"","_EventCost":"","_EventCostDescription":"","_EventCurrencySymbol":"$","_EventCurrencyCode":"USD","_EventCurrencyPosition":"prefix","_EventDateTimeSeparator":"@","_EventTimeRangeSeparator":"-","_EventOrganizerID":[],"_EventVenueID":[],"_OrganizerEmail":"","_OrganizerPhone":"","_OrganizerWebsite":"","_VenueAddress":"","_VenueCity":"","_VenueCountry":"","_VenueProvince":"","_VenueState":"","_VenueZip":"","_VenuePhone":"","_VenueURL":"","_VenueStateProvince":"","_VenueLat":"","_VenueLng":"","_VenueShowMap":false,"_VenueShowMapLink":false,"_tribe_events_status":"","_tribe_events_status_reason":"","footnotes":""},"tags":[],"tribe_events_cat":[],"class_list":["post-51563","tribe_events","type-tribe_events","status-publish","has-post-thumbnail","hentry"],"acf":[],"yoast_head":"<!-- This site is optimized with the Yoast SEO plugin v28.4 - https:\/\/yoast.com\/product\/yoast-seo-wordpress\/ -->\n<title>Yoga \u00d6ppet Hus - Fira v\u00e5r ut\u00f6kade yogaverksamhet! - Ayurvediskt Center<\/title>\n<meta name=\"robots\" content=\"index, follow, max-snippet:-1, max-image-preview:large, max-video-preview:-1\" \/>\n<link rel=\"canonical\" href=\"https:\/\/ayurvedisktcenter.se\/en\/event\/yoga-oppet-hus-fira-var-utokade-yogaverksamhet-2\/\" \/>\n<meta property=\"og:locale\" content=\"en_US\" \/>\n<meta property=\"og:type\" content=\"article\" \/>\n<meta property=\"og:title\" content=\"Yoga \u00d6ppet Hus - Fira v\u00e5r ut\u00f6kade yogaverksamhet! - Ayurvediskt Center\" \/>\n<meta property=\"og:description\" content=\"V\u00e4lkommen till v\u00e5rt&nbsp;Yoga \u00d6ppet Hus&nbsp;d\u00e4r vi firar expansionen av v\u00e5rt yogaprogram p\u00e5 v\u00e5rt ayurvediska center f\u00f6r holistisk h\u00e4lsa och v\u00e4lm\u00e5ende. Upplev den traditionella yogans djup, v\u00e4gledd av ur\u00e5ldrig visdom, i [&hellip;]\" \/>\n<meta property=\"og:url\" content=\"https:\/\/ayurvedisktcenter.se\/en\/event\/yoga-oppet-hus-fira-var-utokade-yogaverksamhet-2\/\" \/>\n<meta property=\"og:site_name\" content=\"Ayurvediskt Center\" \/>\n<meta property=\"article:publisher\" content=\"https:\/\/www.facebook.com\/ayurvedamalmo\/\" \/>\n<meta property=\"article:modified_time\" content=\"2025-08-01T08:01:15+00:00\" \/>\n<meta property=\"og:image\" content=\"https:\/\/ayurvedisktcenter.se\/wp-content\/uploads\/2025\/07\/open-house-banner.webp\" \/>\n\t<meta property=\"og:image:width\" content=\"640\" \/>\n\t<meta property=\"og:image:height\" content=\"360\" \/>\n\t<meta property=\"og:image:type\" content=\"image\/webp\" \/>\n<meta name=\"twitter:card\" content=\"summary_large_image\" \/>\n<meta name=\"twitter:label1\" content=\"Est. reading time\" \/>\n\t<meta name=\"twitter:data1\" content=\"2 minutes\" \/>\n<script type=\"application\/ld+json\" class=\"yoast-schema-graph\">{\"@context\":\"https:\\\/\\\/schema.org\",\"@graph\":[{\"@type\":\"WebPage\",\"@id\":\"https:\\\/\\\/ayurvedisktcenter.se\\\/event\\\/yoga-oppet-hus-fira-var-utokade-yogaverksamhet-2\\\/\",\"url\":\"https:\\\/\\\/ayurvedisktcenter.se\\\/event\\\/yoga-oppet-hus-fira-var-utokade-yogaverksamhet-2\\\/\",\"name\":\"Yoga \u00d6ppet Hus - Fira v\u00e5r ut\u00f6kade yogaverksamhet! - Ayurvediskt Center\",\"isPartOf\":{\"@id\":\"https:\\\/\\\/ayurvedisktcenter.se\\\/en\\\/#website\"},\"primaryImageOfPage\":{\"@id\":\"https:\\\/\\\/ayurvedisktcenter.se\\\/event\\\/yoga-oppet-hus-fira-var-utokade-yogaverksamhet-2\\\/#primaryimage\"},\"image\":{\"@id\":\"https:\\\/\\\/ayurvedisktcenter.se\\\/event\\\/yoga-oppet-hus-fira-var-utokade-yogaverksamhet-2\\\/#primaryimage\"},\"thumbnailUrl\":\"https:\\\/\\\/ayurvedisktcenter.se\\\/wp-content\\\/uploads\\\/2025\\\/07\\\/open-house-banner.webp\",\"datePublished\":\"2025-07-10T13:46:49+00:00\",\"dateModified\":\"2025-08-01T08:01:15+00:00\",\"breadcrumb\":{\"@id\":\"https:\\\/\\\/ayurvedisktcenter.se\\\/event\\\/yoga-oppet-hus-fira-var-utokade-yogaverksamhet-2\\\/#breadcrumb\"},\"inLanguage\":\"en-US\",\"potentialAction\":[{\"@type\":\"ReadAction\",\"target\":[\"https:\\\/\\\/ayurvedisktcenter.se\\\/event\\\/yoga-oppet-hus-fira-var-utokade-yogaverksamhet-2\\\/\"]}]},{\"@type\":\"ImageObject\",\"inLanguage\":\"en-US\",\"@id\":\"https:\\\/\\\/ayurvedisktcenter.se\\\/event\\\/yoga-oppet-hus-fira-var-utokade-yogaverksamhet-2\\\/#primaryimage\",\"url\":\"https:\\\/\\\/ayurvedisktcenter.se\\\/wp-content\\\/uploads\\\/2025\\\/07\\\/open-house-banner.webp\",\"contentUrl\":\"https:\\\/\\\/ayurvedisktcenter.se\\\/wp-content\\\/uploads\\\/2025\\\/07\\\/open-house-banner.webp\",\"width\":640,\"height\":360,\"caption\":\"yoga \u00f6ppet hus ayurvediskt center malm\u00f6\"},{\"@type\":\"BreadcrumbList\",\"@id\":\"https:\\\/\\\/ayurvedisktcenter.se\\\/event\\\/yoga-oppet-hus-fira-var-utokade-yogaverksamhet-2\\\/#breadcrumb\",\"itemListElement\":[{\"@type\":\"ListItem\",\"position\":1,\"name\":\"Hem\",\"item\":\"https:\\\/\\\/ayurvedisktcenter.se\\\/\"},{\"@type\":\"ListItem\",\"position\":2,\"name\":\"Events\",\"item\":\"https:\\\/\\\/ayurvedisktcenter.se\\\/en\\\/eventkalender\\\/\"},{\"@type\":\"ListItem\",\"position\":3,\"name\":\"Yoga \u00d6ppet Hus &#8211; Fira v\u00e5r ut\u00f6kade yogaverksamhet!\"}]},{\"@type\":\"WebSite\",\"@id\":\"https:\\\/\\\/ayurvedisktcenter.se\\\/en\\\/#website\",\"url\":\"https:\\\/\\\/ayurvedisktcenter.se\\\/en\\\/\",\"name\":\"Ayurvediskt Center Malm\u00f6\",\"description\":\"Tidl\u00f6s visdom f\u00f6r ett liv i balans\",\"publisher\":{\"@id\":\"https:\\\/\\\/ayurvedisktcenter.se\\\/en\\\/#organization\"},\"potentialAction\":[{\"@type\":\"SearchAction\",\"target\":{\"@type\":\"EntryPoint\",\"urlTemplate\":\"https:\\\/\\\/ayurvedisktcenter.se\\\/en\\\/?s={search_term_string}\"},\"query-input\":{\"@type\":\"PropertyValueSpecification\",\"valueRequired\":true,\"valueName\":\"search_term_string\"}}],\"inLanguage\":\"en-US\"},{\"@type\":\"Organization\",\"@id\":\"https:\\\/\\\/ayurvedisktcenter.se\\\/en\\\/#organization\",\"name\":\"Ayurvediskt Center Malm\u00f6\",\"url\":\"https:\\\/\\\/ayurvedisktcenter.se\\\/en\\\/\",\"logo\":{\"@type\":\"ImageObject\",\"inLanguage\":\"en-US\",\"@id\":\"https:\\\/\\\/ayurvedisktcenter.se\\\/en\\\/#\\\/schema\\\/logo\\\/image\\\/\",\"url\":\"https:\\\/\\\/ayurvedisktcenter.se\\\/wp-content\\\/uploads\\\/2025\\\/06\\\/ACM_Logotype_Dark.svg\",\"contentUrl\":\"https:\\\/\\\/ayurvedisktcenter.se\\\/wp-content\\\/uploads\\\/2025\\\/06\\\/ACM_Logotype_Dark.svg\",\"width\":1500,\"height\":1500,\"caption\":\"Ayurvediskt Center Malm\u00f6\"},\"image\":{\"@id\":\"https:\\\/\\\/ayurvedisktcenter.se\\\/en\\\/#\\\/schema\\\/logo\\\/image\\\/\"},\"sameAs\":[\"https:\\\/\\\/www.facebook.com\\\/ayurvedamalmo\\\/\",\"https:\\\/\\\/instagram.com\\\/ayurvedisktcenter\"]}]}<\/script>\n<!-- \/ Yoast SEO plugin. -->","yoast_head_json":{"title":"Yoga \u00d6ppet Hus - Fira v\u00e5r ut\u00f6kade yogaverksamhet! - Ayurvediskt Center","robots":{"index":"index","follow":"follow","max-snippet":"max-snippet:-1","max-image-preview":"max-image-preview:large","max-video-preview":"max-video-preview:-1"},"canonical":"https:\/\/ayurvedisktcenter.se\/en\/event\/yoga-oppet-hus-fira-var-utokade-yogaverksamhet-2\/","og_locale":"en_US","og_type":"article","og_title":"Yoga \u00d6ppet Hus - Fira v\u00e5r ut\u00f6kade yogaverksamhet! - Ayurvediskt Center","og_description":"V\u00e4lkommen till v\u00e5rt&nbsp;Yoga \u00d6ppet Hus&nbsp;d\u00e4r vi firar expansionen av v\u00e5rt yogaprogram p\u00e5 v\u00e5rt ayurvediska center f\u00f6r holistisk h\u00e4lsa och v\u00e4lm\u00e5ende. Upplev den traditionella yogans djup, v\u00e4gledd av ur\u00e5ldrig visdom, i [&hellip;]","og_url":"https:\/\/ayurvedisktcenter.se\/en\/event\/yoga-oppet-hus-fira-var-utokade-yogaverksamhet-2\/","og_site_name":"Ayurvediskt Center","article_publisher":"https:\/\/www.facebook.com\/ayurvedamalmo\/","article_modified_time":"2025-08-01T08:01:15+00:00","og_image":[{"width":640,"height":360,"url":"https:\/\/ayurvedisktcenter.se\/wp-content\/uploads\/2025\/07\/open-house-banner.webp","type":"image\/webp"}],"twitter_card":"summary_large_image","twitter_misc":{"Est. reading time":"2 minutes"},"schema":{"@context":"https:\/\/schema.org","@graph":[{"@type":"WebPage","@id":"https:\/\/ayurvedisktcenter.se\/event\/yoga-oppet-hus-fira-var-utokade-yogaverksamhet-2\/","url":"https:\/\/ayurvedisktcenter.se\/event\/yoga-oppet-hus-fira-var-utokade-yogaverksamhet-2\/","name":"Yoga \u00d6ppet Hus - Fira v\u00e5r ut\u00f6kade yogaverksamhet! - Ayurvediskt Center","isPartOf":{"@id":"https:\/\/ayurvedisktcenter.se\/en\/#website"},"primaryImageOfPage":{"@id":"https:\/\/ayurvedisktcenter.se\/event\/yoga-oppet-hus-fira-var-utokade-yogaverksamhet-2\/#primaryimage"},"image":{"@id":"https:\/\/ayurvedisktcenter.se\/event\/yoga-oppet-hus-fira-var-utokade-yogaverksamhet-2\/#primaryimage"},"thumbnailUrl":"https:\/\/ayurvedisktcenter.se\/wp-content\/uploads\/2025\/07\/open-house-banner.webp","datePublished":"2025-07-10T13:46:49+00:00","dateModified":"2025-08-01T08:01:15+00:00","breadcrumb":{"@id":"https:\/\/ayurvedisktcenter.se\/event\/yoga-oppet-hus-fira-var-utokade-yogaverksamhet-2\/#breadcrumb"},"inLanguage":"en-US","potentialAction":[{"@type":"ReadAction","target":["https:\/\/ayurvedisktcenter.se\/event\/yoga-oppet-hus-fira-var-utokade-yogaverksamhet-2\/"]}]},{"@type":"ImageObject","inLanguage":"en-US","@id":"https:\/\/ayurvedisktcenter.se\/event\/yoga-oppet-hus-fira-var-utokade-yogaverksamhet-2\/#primaryimage","url":"https:\/\/ayurvedisktcenter.se\/wp-content\/uploads\/2025\/07\/open-house-banner.webp","contentUrl":"https:\/\/ayurvedisktcenter.se\/wp-content\/uploads\/2025\/07\/open-house-banner.webp","width":640,"height":360,"caption":"yoga \u00f6ppet hus ayurvediskt center malm\u00f6"},{"@type":"BreadcrumbList","@id":"https:\/\/ayurvedisktcenter.se\/event\/yoga-oppet-hus-fira-var-utokade-yogaverksamhet-2\/#breadcrumb","itemListElement":[{"@type":"ListItem","position":1,"name":"Hem","item":"https:\/\/ayurvedisktcenter.se\/"},{"@type":"ListItem","position":2,"name":"Events","item":"https:\/\/ayurvedisktcenter.se\/en\/eventkalender\/"},{"@type":"ListItem","position":3,"name":"Yoga \u00d6ppet Hus &#8211; Fira v\u00e5r ut\u00f6kade yogaverksamhet!"}]},{"@type":"WebSite","@id":"https:\/\/ayurvedisktcenter.se\/en\/#website","url":"https:\/\/ayurvedisktcenter.se\/en\/","name":"Ayurvedic Center Malm\u00f6","description":"Timeless wisdom for a balanced life","publisher":{"@id":"https:\/\/ayurvedisktcenter.se\/en\/#organization"},"potentialAction":[{"@type":"SearchAction","target":{"@type":"EntryPoint","urlTemplate":"https:\/\/ayurvedisktcenter.se\/en\/?s={search_term_string}"},"query-input":{"@type":"PropertyValueSpecification","valueRequired":true,"valueName":"search_term_string"}}],"inLanguage":"en-US"},{"@type":"Organization","@id":"https:\/\/ayurvedisktcenter.se\/en\/#organization","name":"Ayurvedic Center Malm\u00f6","url":"https:\/\/ayurvedisktcenter.se\/en\/","logo":{"@type":"ImageObject","inLanguage":"en-US","@id":"https:\/\/ayurvedisktcenter.se\/en\/#\/schema\/logo\/image\/","url":"https:\/\/ayurvedisktcenter.se\/wp-content\/uploads\/2025\/06\/ACM_Logotype_Dark.svg","contentUrl":"https:\/\/ayurvedisktcenter.se\/wp-content\/uploads\/2025\/06\/ACM_Logotype_Dark.svg","width":1500,"height":1500,"caption":"Ayurvediskt Center Malm\u00f6"},"image":{"@id":"https:\/\/ayurvedisktcenter.se\/en\/#\/schema\/logo\/image\/"},"sameAs":["https:\/\/www.facebook.com\/ayurvedamalmo\/","https:\/\/instagram.com\/ayurvedisktcenter"]}]}},"_links":{"self":[{"href":"https:\/\/ayurvedisktcenter.se\/en\/wp-json\/wp\/v2\/tribe_events\/51563","targetHints":{"allow":["GET"]}}],"collection":[{"href":"https:\/\/ayurvedisktcenter.se\/en\/wp-json\/wp\/v2\/tribe_events"}],"about":[{"href":"https:\/\/ayurvedisktcenter.se\/en\/wp-json\/wp\/v2\/types\/tribe_events"}],"author":[{"embeddable":true,"href":"https:\/\/ayurvedisktcenter.se\/en\/wp-json\/wp\/v2\/users\/1"}],"version-history":[{"count":12,"href":"https:\/\/ayurvedisktcenter.se\/en\/wp-json\/wp\/v2\/tribe_events\/51563\/revisions"}],"predecessor-version":[{"id":60016,"href":"https:\/\/ayurvedisktcenter.se\/en\/wp-json\/wp\/v2\/tribe_events\/51563\/revisions\/60016"}],"wp:featuredmedia":[{"embeddable":true,"href":"https:\/\/ayurvedisktcenter.se\/en\/wp-json\/wp\/v2\/media\/51811"}],"wp:attachment":[{"href":"https:\/\/ayurvedisktcenter.se\/en\/wp-json\/wp\/v2\/media?parent=51563"}],"wp:term":[{"taxonomy":"post_tag","embeddable":true,"href":"https:\/\/ayurvedisktcenter.se\/en\/wp-json\/wp\/v2\/tags?post=51563"},{"taxonomy":"tribe_events_cat","embeddable":true,"href":"https:\/\/ayurvedisktcenter.se\/en\/wp-json\/wp\/v2\/tribe_events_cat?post=51563"}],"curies":[{"name":"wp","href":"https:\/\/api.w.org\/{rel}","templated":true}]}}