{"id":56693,"date":"2026-04-10T12:12:29","date_gmt":"2026-04-10T10:12:29","guid":{"rendered":"https:\/\/ayurvedisktcenter.se\/?page_id=56693"},"modified":"2026-04-14T12:48:03","modified_gmt":"2026-04-14T10:48:03","slug":"regler-villkor-sommaryoga-2026","status":"publish","type":"page","link":"https:\/\/ayurvedisktcenter.se\/en\/regler-villkor-sommaryoga-2026\/","title":{"rendered":"Regler &amp; villkor | Sommaryoga 2026"},"content":{"rendered":"\t\t<div data-elementor-type=\"wp-page\" data-elementor-id=\"56693\" class=\"elementor elementor-56693\" data-elementor-post-type=\"page\">\n\t\t\t\t<div class=\"elementor-element elementor-element-1562c5e6 e-flex e-con-boxed e-con e-parent\" data-id=\"1562c5e6\" data-element_type=\"container\" data-e-type=\"container\">\n\t\t\t\t\t<div class=\"e-con-inner\">\n\t\t\t\t<div class=\"elementor-element elementor-element-74d444fb elementor-widget elementor-widget-text-editor\" data-id=\"74d444fb\" data-element_type=\"widget\" data-e-type=\"widget\" data-widget_type=\"text-editor.default\">\n\t\t\t\t<div class=\"elementor-widget-container\">\n\t\t\t\t\t\t\t\t\t<h2 class=\"text-text-100 mt-3 -mb-1 text-[1.125rem] font-bold\">Regler och villkor \u2013 Sommaryogakort 2026<\/h2><p class=\"font-claude-response-body break-words whitespace-normal leading-[1.7]\"><strong>Ayurvediskt Center Sommaryoga, 22 juni \u2013 23 augusti 2026<\/strong><\/p><hr class=\"border-border-200 border-t-0.5 my-3 mx-1.5\" \/><p class=\"font-claude-response-body break-words whitespace-normal leading-[1.7]\"><strong>\u00a0<\/strong><\/p><p class=\"font-claude-response-body break-words whitespace-normal leading-[1.7]\"><strong>V<\/strong><strong>ad ing\u00e5r i kortet<\/strong><\/p><p class=\"font-claude-response-body break-words whitespace-normal leading-[1.7]\">Sommaryogakortet ger dig tillg\u00e5ng till obegr\u00e4nsad yoga under hela programperioden, 8 Ayurvedic Talks vid kajkanten p\u00e5 Skeppsbron, 20% rabatt p\u00e5 s\u00f6ndagsbrunch samt 15% rabatt p\u00e5 workshops och dagsretreat p\u00e5 l\u00f6rdagar.<\/p><p class=\"font-claude-response-body break-words whitespace-normal leading-[1.7]\">Kortet \u00e4r personligt och kan inte \u00f6verl\u00e5tas till eller anv\u00e4ndas av annan person.<\/p><hr class=\"border-border-200 border-t-0.5 my-3 mx-1.5\" \/><p class=\"font-claude-response-body break-words whitespace-normal leading-[1.7]\"><strong>\u00a0<\/strong><\/p><p class=\"font-claude-response-body break-words whitespace-normal leading-[1.7]\"><strong>Giltighetstid<\/strong><\/p><p class=\"font-claude-response-body break-words whitespace-normal leading-[1.7]\">Kortet g\u00e4ller fr\u00e5n och med 22 juni till och med 23 augusti 2026. Kortet aktiveras automatiskt den 22 juni. Oanv\u00e4nda tillf\u00e4llen eller rabatter f\u00f6rl\u00e4ngs inte och kan inte sparas till annat datum.<\/p><hr class=\"border-border-200 border-t-0.5 my-3 mx-1.5\" \/><p class=\"font-claude-response-body break-words whitespace-normal leading-[1.7]\"><strong>\u00a0<\/strong><\/p><p class=\"font-claude-response-body break-words whitespace-normal leading-[1.7]\"><strong>Betalning och priser<\/strong><\/p><p class=\"font-claude-response-body break-words whitespace-normal leading-[1.7]\">Early Bird-pris: 1 350 kr vid k\u00f6p f\u00f6re 31 maj 2026. Ordinarie pris: 1 550 kr. Betalning sker vid k\u00f6ptillf\u00e4llet via Stripe.<\/p><hr class=\"border-border-200 border-t-0.5 my-3 mx-1.5\" \/><p class=\"font-claude-response-body break-words whitespace-normal leading-[1.7]\"><strong>Bokning och medlemskap<\/strong><\/p><p>Ditt kort aktiveras automatiskt den 22 juni. F\u00f6r att <span style=\"text-decoration: underline;\"><a href=\"https:\/\/ayurvedisktcenter.se\/schema\/\">boka en klass<\/a><\/span> eller f\u00f6rel\u00e4sning m\u00e5ste du f\u00f6rst skapa ett konto i v\u00e5rt bokningssystem, Mana. Du hittar bokningen p\u00e5 v\u00e5r hemsida under &#8221;Yoga &amp; Meditation&#8221;. Du kan \u00e4ven <span style=\"text-decoration: underline;\"><a href=\"https:\/\/www.getmana.app\/s\/ayurvediskt-center-malmo\/install-app\">ladda ner v\u00e5r app<\/a><\/span> f\u00f6r smidigare bokning.\u00a0<\/p><hr class=\"border-border-200 border-t-0.5 my-3 mx-1.5\" \/><p class=\"font-claude-response-body break-words whitespace-normal leading-[1.7]\"><strong>\u00a0<\/strong><\/p><p class=\"font-claude-response-body break-words whitespace-normal leading-[1.7]\"><strong>\u00c5ngerr\u00e4tt och \u00e5terbetalning<\/strong><\/p><p class=\"font-claude-response-body break-words whitespace-normal leading-[1.7]\">Du har 14 dagars \u00e5ngerr\u00e4tt fr\u00e5n k\u00f6pdatum, i enlighet med distansavtalslagen. \u00c5ngerr\u00e4tten g\u00e4ller under f\u00f6ruts\u00e4ttning att programperioden inte har p\u00e5b\u00f6rjats. Kontakta oss p\u00e5 info@ayurvedisktcenter.se f\u00f6r att beg\u00e4ra \u00e5terbetalning.<\/p><p class=\"font-claude-response-body break-words whitespace-normal leading-[1.7]\">Efter att \u00e5ngerfristen l\u00f6pt ut eller programmet startat ges ingen \u00e5terbetalning.<\/p><hr class=\"border-border-200 border-t-0.5 my-3 mx-1.5\" \/><p class=\"font-claude-response-body break-words whitespace-normal leading-[1.7]\"><strong>\u00a0<\/strong><\/p><p class=\"font-claude-response-body break-words whitespace-normal leading-[1.7]\"><strong>F\u00f6r\u00e4ndringar i schemat vid d\u00e5ligt v\u00e4der<\/strong><\/p><p class=\"font-claude-response-body break-words whitespace-normal leading-[1.7]\">Vid d\u00e5ligt v\u00e4der st\u00e4lls yogaklasserna p\u00e5 i Slottsparken in. Slottstr\u00e4dg\u00e5rdens Kaf\u00e9 kommunicerar inst\u00e4llda klasser via sina sociala medier. Ni kan \u00e4ven f\u00f6lja oss p\u00e5 @ayurvedisktcenter f\u00f6r att h\u00e5lla er uppdaterade. Klasser som h\u00e5lls p\u00e5 Skeppskajen flyttas in till yogashalan vid d\u00e5ligt v\u00e4der.<\/p><hr class=\"border-border-200 border-t-0.5 my-3 mx-1.5\" \/><p class=\"font-claude-response-body break-words whitespace-normal leading-[1.7]\"><strong>\u00a0<\/strong><\/p><p class=\"font-claude-response-body break-words whitespace-normal leading-[1.7]\"><strong>Om programmet st\u00e4lls in<\/strong><\/p><p class=\"font-claude-response-body break-words whitespace-normal leading-[1.7]\">Om Ayurvediskt Center skulle beh\u00f6va st\u00e4lla in Sommaryoga 2026 i sin helhet \u00e5terbetalas hela kortpriset. Vid inst\u00e4llda enskilda klasser eller aktiviteter erbjuds ingen \u00e5terbetalning men vi kommunicerar \u00e4ndringar i god tid via e-post och i bokningssystemet.<\/p><hr class=\"border-border-200 border-t-0.5 my-3 mx-1.5\" \/><p class=\"font-claude-response-body break-words whitespace-normal leading-[1.7]\"><strong>\u00a0<\/strong><\/p><p class=\"font-claude-response-body break-words whitespace-normal leading-[1.7]\"><strong>Fr\u00e5gor<\/strong><\/p><p class=\"font-claude-response-body break-words whitespace-normal leading-[1.7]\">Har du fr\u00e5gor om ditt kort eller dessa villkor? H\u00f6r av dig till oss p\u00e5 info@ayurvedisktcenter.se eller bes\u00f6k oss p\u00e5 Ayurvediskt Center i Malm\u00f6.<\/p>\t\t\t\t\t\t\t\t<\/div>\n\t\t\t\t<\/div>\n\t\t\t\t\t<\/div>\n\t\t\t\t<\/div>\n\t\t\t\t<\/div>\n\t\t","protected":false},"excerpt":{"rendered":"<p>Regler och villkor \u2013 Sommaryogakort 2026 Ayurvediskt Center Sommaryoga, 22 juni \u2013 23 augusti 2026 \u00a0 Vad ing\u00e5r i kortet Sommaryogakortet ger dig tillg\u00e5ng till obegr\u00e4nsad yoga under hela programperioden, [&hellip;]<\/p>\n","protected":false},"author":1,"featured_media":0,"parent":0,"menu_order":0,"comment_status":"closed","ping_status":"closed","template":"","meta":{"_acf_changed":false,"_EventAllDay":false,"_EventTimezone":"","_EventStartDate":"","_EventEndDate":"","_EventStartDateUTC":"","_EventEndDateUTC":"","_EventShowMap":false,"_EventShowMapLink":false,"_EventURL":"","_EventCost":"","_EventCostDescription":"","_EventCurrencySymbol":"","_EventCurrencyCode":"","_EventCurrencyPosition":"","_EventDateTimeSeparator":"","_EventTimeRangeSeparator":"","_EventOrganizerID":[],"_EventVenueID":[],"_OrganizerEmail":"","_OrganizerPhone":"","_OrganizerWebsite":"","_VenueAddress":"","_VenueCity":"","_VenueCountry":"","_VenueProvince":"","_VenueState":"","_VenueZip":"","_VenuePhone":"","_VenueURL":"","_VenueStateProvince":"","_VenueLat":"","_VenueLng":"","_VenueShowMap":false,"_VenueShowMapLink":false,"footnotes":""},"class_list":["post-56693","page","type-page","status-publish","hentry"],"acf":[],"yoast_head":"<!-- This site is optimized with the Yoast SEO plugin v28.4 - https:\/\/yoast.com\/product\/yoast-seo-wordpress\/ -->\n<title>Regler &amp; villkor | Sommaryoga 2026 - Ayurvediskt Center<\/title>\n<meta name=\"robots\" content=\"index, follow, max-snippet:-1, max-image-preview:large, max-video-preview:-1\" \/>\n<link rel=\"canonical\" href=\"https:\/\/ayurvedisktcenter.se\/en\/regler-villkor-sommaryoga-2026\/\" \/>\n<meta property=\"og:locale\" content=\"en_US\" \/>\n<meta property=\"og:type\" content=\"article\" \/>\n<meta property=\"og:title\" content=\"Regler &amp; villkor | Sommaryoga 2026 - Ayurvediskt Center\" \/>\n<meta property=\"og:description\" content=\"Regler och villkor \u2013 Sommaryogakort 2026 Ayurvediskt Center Sommaryoga, 22 juni \u2013 23 augusti 2026 \u00a0 Vad ing\u00e5r i kortet Sommaryogakortet ger dig tillg\u00e5ng till obegr\u00e4nsad yoga under hela programperioden, [&hellip;]\" \/>\n<meta property=\"og:url\" content=\"https:\/\/ayurvedisktcenter.se\/en\/regler-villkor-sommaryoga-2026\/\" \/>\n<meta property=\"og:site_name\" content=\"Ayurvediskt Center\" \/>\n<meta property=\"article:publisher\" content=\"https:\/\/www.facebook.com\/ayurvedamalmo\/\" \/>\n<meta property=\"article:modified_time\" content=\"2026-04-14T10:48:03+00:00\" \/>\n<meta property=\"og:image\" content=\"https:\/\/ayurvedisktcenter.se\/wp-content\/uploads\/2025\/06\/MG_9872-scaled.webp\" \/>\n\t<meta property=\"og:image:width\" content=\"1920\" \/>\n\t<meta property=\"og:image:height\" content=\"1280\" \/>\n\t<meta property=\"og:image:type\" content=\"image\/webp\" \/>\n<meta name=\"twitter:card\" content=\"summary_large_image\" \/>\n<meta name=\"twitter:label1\" content=\"Est. reading time\" \/>\n\t<meta name=\"twitter:data1\" content=\"2 minutes\" \/>\n<script type=\"application\/ld+json\" class=\"yoast-schema-graph\">{\"@context\":\"https:\\\/\\\/schema.org\",\"@graph\":[{\"@type\":\"WebPage\",\"@id\":\"https:\\\/\\\/ayurvedisktcenter.se\\\/regler-villkor-sommaryoga-2026\\\/\",\"url\":\"https:\\\/\\\/ayurvedisktcenter.se\\\/regler-villkor-sommaryoga-2026\\\/\",\"name\":\"Regler &amp; villkor | Sommaryoga 2026 - Ayurvediskt Center\",\"isPartOf\":{\"@id\":\"https:\\\/\\\/ayurvedisktcenter.se\\\/en\\\/#website\"},\"datePublished\":\"2026-04-10T10:12:29+00:00\",\"dateModified\":\"2026-04-14T10:48:03+00:00\",\"breadcrumb\":{\"@id\":\"https:\\\/\\\/ayurvedisktcenter.se\\\/regler-villkor-sommaryoga-2026\\\/#breadcrumb\"},\"inLanguage\":\"en-US\",\"potentialAction\":[{\"@type\":\"ReadAction\",\"target\":[\"https:\\\/\\\/ayurvedisktcenter.se\\\/regler-villkor-sommaryoga-2026\\\/\"]}]},{\"@type\":\"BreadcrumbList\",\"@id\":\"https:\\\/\\\/ayurvedisktcenter.se\\\/regler-villkor-sommaryoga-2026\\\/#breadcrumb\",\"itemListElement\":[{\"@type\":\"ListItem\",\"position\":1,\"name\":\"Hem\",\"item\":\"https:\\\/\\\/ayurvedisktcenter.se\\\/\"},{\"@type\":\"ListItem\",\"position\":2,\"name\":\"Regler &amp; villkor | Sommaryoga 2026\"}]},{\"@type\":\"WebSite\",\"@id\":\"https:\\\/\\\/ayurvedisktcenter.se\\\/en\\\/#website\",\"url\":\"https:\\\/\\\/ayurvedisktcenter.se\\\/en\\\/\",\"name\":\"Ayurvediskt Center Malm\u00f6\",\"description\":\"Tidl\u00f6s visdom f\u00f6r ett liv i balans\",\"publisher\":{\"@id\":\"https:\\\/\\\/ayurvedisktcenter.se\\\/en\\\/#organization\"},\"potentialAction\":[{\"@type\":\"SearchAction\",\"target\":{\"@type\":\"EntryPoint\",\"urlTemplate\":\"https:\\\/\\\/ayurvedisktcenter.se\\\/en\\\/?s={search_term_string}\"},\"query-input\":{\"@type\":\"PropertyValueSpecification\",\"valueRequired\":true,\"valueName\":\"search_term_string\"}}],\"inLanguage\":\"en-US\"},{\"@type\":\"Organization\",\"@id\":\"https:\\\/\\\/ayurvedisktcenter.se\\\/en\\\/#organization\",\"name\":\"Ayurvediskt Center Malm\u00f6\",\"url\":\"https:\\\/\\\/ayurvedisktcenter.se\\\/en\\\/\",\"logo\":{\"@type\":\"ImageObject\",\"inLanguage\":\"en-US\",\"@id\":\"https:\\\/\\\/ayurvedisktcenter.se\\\/en\\\/#\\\/schema\\\/logo\\\/image\\\/\",\"url\":\"https:\\\/\\\/ayurvedisktcenter.se\\\/wp-content\\\/uploads\\\/2025\\\/06\\\/ACM_Logotype_Dark.svg\",\"contentUrl\":\"https:\\\/\\\/ayurvedisktcenter.se\\\/wp-content\\\/uploads\\\/2025\\\/06\\\/ACM_Logotype_Dark.svg\",\"width\":1500,\"height\":1500,\"caption\":\"Ayurvediskt Center Malm\u00f6\"},\"image\":{\"@id\":\"https:\\\/\\\/ayurvedisktcenter.se\\\/en\\\/#\\\/schema\\\/logo\\\/image\\\/\"},\"sameAs\":[\"https:\\\/\\\/www.facebook.com\\\/ayurvedamalmo\\\/\",\"https:\\\/\\\/instagram.com\\\/ayurvedisktcenter\"]}]}<\/script>\n<!-- \/ Yoast SEO plugin. -->","yoast_head_json":{"title":"Regler &amp; villkor | Sommaryoga 2026 - Ayurvediskt Center","robots":{"index":"index","follow":"follow","max-snippet":"max-snippet:-1","max-image-preview":"max-image-preview:large","max-video-preview":"max-video-preview:-1"},"canonical":"https:\/\/ayurvedisktcenter.se\/en\/regler-villkor-sommaryoga-2026\/","og_locale":"en_US","og_type":"article","og_title":"Regler &amp; villkor | Sommaryoga 2026 - Ayurvediskt Center","og_description":"Regler och villkor \u2013 Sommaryogakort 2026 Ayurvediskt Center Sommaryoga, 22 juni \u2013 23 augusti 2026 \u00a0 Vad ing\u00e5r i kortet Sommaryogakortet ger dig tillg\u00e5ng till obegr\u00e4nsad yoga under hela programperioden, [&hellip;]","og_url":"https:\/\/ayurvedisktcenter.se\/en\/regler-villkor-sommaryoga-2026\/","og_site_name":"Ayurvediskt Center","article_publisher":"https:\/\/www.facebook.com\/ayurvedamalmo\/","article_modified_time":"2026-04-14T10:48:03+00:00","og_image":[{"width":1920,"height":1280,"url":"https:\/\/ayurvedisktcenter.se\/wp-content\/uploads\/2025\/06\/MG_9872-scaled.webp","type":"image\/webp"}],"twitter_card":"summary_large_image","twitter_misc":{"Est. reading time":"2 minutes"},"schema":{"@context":"https:\/\/schema.org","@graph":[{"@type":"WebPage","@id":"https:\/\/ayurvedisktcenter.se\/regler-villkor-sommaryoga-2026\/","url":"https:\/\/ayurvedisktcenter.se\/regler-villkor-sommaryoga-2026\/","name":"Regler &amp; villkor | Sommaryoga 2026 - Ayurvediskt Center","isPartOf":{"@id":"https:\/\/ayurvedisktcenter.se\/en\/#website"},"datePublished":"2026-04-10T10:12:29+00:00","dateModified":"2026-04-14T10:48:03+00:00","breadcrumb":{"@id":"https:\/\/ayurvedisktcenter.se\/regler-villkor-sommaryoga-2026\/#breadcrumb"},"inLanguage":"en-US","potentialAction":[{"@type":"ReadAction","target":["https:\/\/ayurvedisktcenter.se\/regler-villkor-sommaryoga-2026\/"]}]},{"@type":"BreadcrumbList","@id":"https:\/\/ayurvedisktcenter.se\/regler-villkor-sommaryoga-2026\/#breadcrumb","itemListElement":[{"@type":"ListItem","position":1,"name":"Hem","item":"https:\/\/ayurvedisktcenter.se\/"},{"@type":"ListItem","position":2,"name":"Regler &amp; villkor | Sommaryoga 2026"}]},{"@type":"WebSite","@id":"https:\/\/ayurvedisktcenter.se\/en\/#website","url":"https:\/\/ayurvedisktcenter.se\/en\/","name":"Ayurvedic Center Malm\u00f6","description":"Timeless wisdom for a balanced life","publisher":{"@id":"https:\/\/ayurvedisktcenter.se\/en\/#organization"},"potentialAction":[{"@type":"SearchAction","target":{"@type":"EntryPoint","urlTemplate":"https:\/\/ayurvedisktcenter.se\/en\/?s={search_term_string}"},"query-input":{"@type":"PropertyValueSpecification","valueRequired":true,"valueName":"search_term_string"}}],"inLanguage":"en-US"},{"@type":"Organization","@id":"https:\/\/ayurvedisktcenter.se\/en\/#organization","name":"Ayurvedic Center Malm\u00f6","url":"https:\/\/ayurvedisktcenter.se\/en\/","logo":{"@type":"ImageObject","inLanguage":"en-US","@id":"https:\/\/ayurvedisktcenter.se\/en\/#\/schema\/logo\/image\/","url":"https:\/\/ayurvedisktcenter.se\/wp-content\/uploads\/2025\/06\/ACM_Logotype_Dark.svg","contentUrl":"https:\/\/ayurvedisktcenter.se\/wp-content\/uploads\/2025\/06\/ACM_Logotype_Dark.svg","width":1500,"height":1500,"caption":"Ayurvediskt Center Malm\u00f6"},"image":{"@id":"https:\/\/ayurvedisktcenter.se\/en\/#\/schema\/logo\/image\/"},"sameAs":["https:\/\/www.facebook.com\/ayurvedamalmo\/","https:\/\/instagram.com\/ayurvedisktcenter"]}]}},"_links":{"self":[{"href":"https:\/\/ayurvedisktcenter.se\/en\/wp-json\/wp\/v2\/pages\/56693","targetHints":{"allow":["GET"]}}],"collection":[{"href":"https:\/\/ayurvedisktcenter.se\/en\/wp-json\/wp\/v2\/pages"}],"about":[{"href":"https:\/\/ayurvedisktcenter.se\/en\/wp-json\/wp\/v2\/types\/page"}],"author":[{"embeddable":true,"href":"https:\/\/ayurvedisktcenter.se\/en\/wp-json\/wp\/v2\/users\/1"}],"replies":[{"embeddable":true,"href":"https:\/\/ayurvedisktcenter.se\/en\/wp-json\/wp\/v2\/comments?post=56693"}],"version-history":[{"count":28,"href":"https:\/\/ayurvedisktcenter.se\/en\/wp-json\/wp\/v2\/pages\/56693\/revisions"}],"predecessor-version":[{"id":56879,"href":"https:\/\/ayurvedisktcenter.se\/en\/wp-json\/wp\/v2\/pages\/56693\/revisions\/56879"}],"wp:attachment":[{"href":"https:\/\/ayurvedisktcenter.se\/en\/wp-json\/wp\/v2\/media?parent=56693"}],"curies":[{"name":"wp","href":"https:\/\/api.w.org\/{rel}","templated":true}]}}