{"id":52092,"date":"2025-09-12T11:19:57","date_gmt":"2025-09-12T09:19:57","guid":{"rendered":"https:\/\/ayurvedisktcenter.se\/?page_id=52092"},"modified":"2026-08-20T12:21:03","modified_gmt":"2026-08-20T10:21:03","slug":"foretagsyoga-malmo-kontorsyoga","status":"publish","type":"page","link":"https:\/\/ayurvedisktcenter.se\/en\/foretagsyoga-malmo-kontorsyoga\/","title":{"rendered":"Corporate yoga Malm\u00f6 | Office yoga"},"content":{"rendered":"\t\t<div data-elementor-type=\"wp-page\" data-elementor-id=\"52092\" class=\"elementor elementor-52092\" data-elementor-post-type=\"page\">\n\t\t\t\t<div class=\"elementor-element elementor-element-6869826 e-con-full e-flex e-con e-parent\" data-id=\"6869826\" data-element_type=\"container\" data-e-type=\"container\">\n\t\t<div class=\"elementor-element elementor-element-69c8d2da e-flex e-con-boxed elementor-invisible e-con e-child\" data-id=\"69c8d2da\" data-element_type=\"container\" data-e-type=\"container\" data-settings=\"{&quot;background_background&quot;:&quot;classic&quot;,&quot;animation&quot;:&quot;fadeIn&quot;}\">\n\t\t\t\t\t<div class=\"e-con-inner\">\n\t\t\t\t<div class=\"elementor-element elementor-element-14e70d6f elementor-widget__width-initial elementor-invisible elementor-widget elementor-widget-heading\" data-id=\"14e70d6f\" data-element_type=\"widget\" data-e-type=\"widget\" data-settings=\"{&quot;_animation&quot;:&quot;fadeIn&quot;}\" data-widget_type=\"heading.default\">\n\t\t\t\t<div class=\"elementor-widget-container\">\n\t\t\t\t\t<h2 class=\"elementor-heading-title elementor-size-default\">Kontorsyoga i Malm\u00f6<\/h2>\t\t\t\t<\/div>\n\t\t\t\t<\/div>\n\t\t\t\t<div class=\"elementor-element elementor-element-7aa83a6 elementor-widget__width-initial elementor-invisible elementor-widget elementor-widget-heading\" data-id=\"7aa83a6\" data-element_type=\"widget\" data-e-type=\"widget\" data-settings=\"{&quot;_animation&quot;:&quot;fadeIn&quot;}\" data-widget_type=\"heading.default\">\n\t\t\t\t<div class=\"elementor-widget-container\">\n\t\t\t\t\t<h2 class=\"elementor-heading-title elementor-size-default\">Kontorsyoga f\u00f6r moderna arbetsplatser som vill m\u00e5 bra och prestera b\u00e4ttre<\/h2>\t\t\t\t<\/div>\n\t\t\t\t<\/div>\n\t\t\t\t<div class=\"elementor-element elementor-element-664e7e52 elementor-widget__width-initial elementor-widget elementor-widget-text-editor\" data-id=\"664e7e52\" data-element_type=\"widget\" data-e-type=\"widget\" data-widget_type=\"text-editor.default\">\n\t\t\t\t<div class=\"elementor-widget-container\">\n\t\t\t\t\t\t\t\t\t<p>F\u00f6retagsyoga handlar inte bara om stretching \u2013 det handlar om att ge ert team en chans att ladda om, stressa ner och prestera effektivt \u00f6ver tid. Vi g\u00f6r det enkelt att bygga en arbetsplatskultur d\u00e4r energi, fokus och gemenskap \u00e4r lika sj\u00e4lvklara som fikapausen.<\/p>\t\t\t\t\t\t\t\t<\/div>\n\t\t\t\t<\/div>\n\t\t\t\t<div class=\"elementor-element elementor-element-43f3ab36 elementor-widget elementor-widget-button\" data-id=\"43f3ab36\" data-element_type=\"widget\" data-e-type=\"widget\" data-widget_type=\"button.default\">\n\t\t\t\t<div class=\"elementor-widget-container\">\n\t\t\t\t\t\t\t\t\t<div class=\"elementor-button-wrapper\">\n\t\t\t\t\t<a class=\"elementor-button elementor-button-link elementor-size-sm\" href=\"#upplagg\">\n\t\t\t\t\t\t<span class=\"elementor-button-content-wrapper\">\n\t\t\t\t\t\t\t\t\t<span class=\"elementor-button-text\">S\u00e5h\u00e4r funkar det<\/span>\n\t\t\t\t\t<\/span>\n\t\t\t\t\t<\/a>\n\t\t\t\t<\/div>\n\t\t\t\t\t\t\t\t<\/div>\n\t\t\t\t<\/div>\n\t\t\t\t\t<\/div>\n\t\t\t\t<\/div>\n\t\t\t\t<\/div>\n\t\t<div class=\"elementor-element elementor-element-4d396676 e-con-full e-flex e-con e-parent\" data-id=\"4d396676\" data-element_type=\"container\" data-e-type=\"container\">\n\t\t<div class=\"elementor-element elementor-element-5a48248d e-con-full e-flex e-con e-child\" data-id=\"5a48248d\" data-element_type=\"container\" data-e-type=\"container\">\n\t\t\t\t<div class=\"elementor-element elementor-element-7025880d elementor-invisible elementor-widget elementor-widget-image\" data-id=\"7025880d\" data-element_type=\"widget\" data-e-type=\"widget\" data-settings=\"{&quot;_animation&quot;:&quot;fadeIn&quot;,&quot;_animation_delay&quot;:200}\" data-widget_type=\"image.default\">\n\t\t\t\t<div class=\"elementor-widget-container\">\n\t\t\t\t\t\t\t\t\t\t\t\t\t\t\t<img fetchpriority=\"high\" decoding=\"async\" width=\"400\" height=\"600\" src=\"https:\/\/ayurvedisktcenter.se\/wp-content\/uploads\/2025\/09\/1.webp\" class=\"attachment-large size-large wp-image-52972\" alt=\"kontorsyoga i Malm\u00f6\" srcset=\"https:\/\/ayurvedisktcenter.se\/wp-content\/uploads\/2025\/09\/1.webp 400w, https:\/\/ayurvedisktcenter.se\/wp-content\/uploads\/2025\/09\/1-200x300.webp 200w\" sizes=\"(max-width: 400px) 100vw, 400px\" \/>\t\t\t\t\t\t\t\t\t\t\t\t\t\t\t<\/div>\n\t\t\t\t<\/div>\n\t\t\t\t<\/div>\n\t\t<div class=\"elementor-element elementor-element-3f5e7a1a e-con-full e-flex e-con e-child\" data-id=\"3f5e7a1a\" data-element_type=\"container\" data-e-type=\"container\" id=\"upplagg\">\n\t\t\t\t<div class=\"elementor-element elementor-element-c9c7e36 elementor-invisible elementor-widget elementor-widget-text-editor\" data-id=\"c9c7e36\" data-element_type=\"widget\" data-e-type=\"widget\" data-settings=\"{&quot;_animation&quot;:&quot;fadeIn&quot;}\" data-widget_type=\"text-editor.default\">\n\t\t\t\t<div class=\"elementor-widget-container\">\n\t\t\t\t\t\t\t\t\t<p>F\u00d6R TEAM SOM PRIORITERAR VARDAGSH\u00c4LSA<\/p>\t\t\t\t\t\t\t\t<\/div>\n\t\t\t\t<\/div>\n\t\t\t\t<div class=\"elementor-element elementor-element-774afc22 elementor-invisible elementor-widget elementor-widget-heading\" data-id=\"774afc22\" data-element_type=\"widget\" data-e-type=\"widget\" data-settings=\"{&quot;_animation&quot;:&quot;fadeIn&quot;,&quot;_animation_delay&quot;:200}\" data-widget_type=\"heading.default\">\n\t\t\t\t<div class=\"elementor-widget-container\">\n\t\t\t\t\t<h2 class=\"elementor-heading-title elementor-size-default\">Kontorsyoga &amp; behandlingar direkt p\u00e5 arbetsplatsen<\/h2>\t\t\t\t<\/div>\n\t\t\t\t<\/div>\n\t\t\t\t<div class=\"elementor-element elementor-element-2af76307 elementor-invisible elementor-widget elementor-widget-text-editor\" data-id=\"2af76307\" data-element_type=\"widget\" data-e-type=\"widget\" data-settings=\"{&quot;_animation&quot;:&quot;fadeIn&quot;,&quot;_animation_delay&quot;:400}\" data-widget_type=\"text-editor.default\">\n\t\t\t\t<div class=\"elementor-widget-container\">\n\t\t\t\t\t\t\t\t\t<p>\u2713 Vi kommer till er \u2013 30 eller 55 minuters yogapass p\u00e5 kontoret, perfekt f\u00f6r att motverka stelhet, stress och stillasittande.<\/p><p>\u2713 St\u00e4rk er arbetskultur ytterligare med behandlingsdagar \u2013 halvdags- eller heldagsuppl\u00e4gg med \u00e5terh\u00e4mtande ayurvedisk massage f\u00f6r upp till 12 medarbetare.<\/p><p>\u2713 Passar b\u00e5de sm\u00e5 och stora team \u2013 inga f\u00f6rkunskaper kr\u00e4vs.<\/p>\t\t\t\t\t\t\t\t<\/div>\n\t\t\t\t<\/div>\n\t\t\t\t<div class=\"elementor-element elementor-element-369168f0 elementor-invisible elementor-widget elementor-widget-button\" data-id=\"369168f0\" data-element_type=\"widget\" data-e-type=\"widget\" data-settings=\"{&quot;_animation&quot;:&quot;fadeIn&quot;,&quot;_animation_delay&quot;:600}\" data-widget_type=\"button.default\">\n\t\t\t\t<div class=\"elementor-widget-container\">\n\t\t\t\t\t\t\t\t\t<div class=\"elementor-button-wrapper\">\n\t\t\t\t\t<a class=\"elementor-button elementor-button-link elementor-size-sm elementor-animation-bob\" href=\"mailto:info@ayurvedisktcenter.se\">\n\t\t\t\t\t\t<span class=\"elementor-button-content-wrapper\">\n\t\t\t\t\t\t\t\t\t<span class=\"elementor-button-text\">Kontakta oss f\u00f6r mer info<\/span>\n\t\t\t\t\t<\/span>\n\t\t\t\t\t<\/a>\n\t\t\t\t<\/div>\n\t\t\t\t\t\t\t\t<\/div>\n\t\t\t\t<\/div>\n\t\t\t\t<\/div>\n\t\t\t\t<\/div>\n\t\t<div class=\"elementor-element elementor-element-19cc0352 e-con-full e-flex e-con e-parent\" data-id=\"19cc0352\" data-element_type=\"container\" data-e-type=\"container\" data-settings=\"{&quot;background_background&quot;:&quot;classic&quot;}\">\n\t\t<div class=\"elementor-element elementor-element-822f26b e-con-full e-flex e-con e-child\" data-id=\"822f26b\" data-element_type=\"container\" data-e-type=\"container\">\n\t\t\t\t<div class=\"elementor-element elementor-element-126ee789 elementor-invisible elementor-widget elementor-widget-text-editor\" data-id=\"126ee789\" data-element_type=\"widget\" data-e-type=\"widget\" data-settings=\"{&quot;_animation&quot;:&quot;fadeIn&quot;}\" data-widget_type=\"text-editor.default\">\n\t\t\t\t<div class=\"elementor-widget-container\">\n\t\t\t\t\t\t\t\t\t<p>S\u00e5 funkar det<\/p>\t\t\t\t\t\t\t\t<\/div>\n\t\t\t\t<\/div>\n\t\t\t\t<div class=\"elementor-element elementor-element-72933ae elementor-invisible elementor-widget elementor-widget-heading\" data-id=\"72933ae\" data-element_type=\"widget\" data-e-type=\"widget\" data-settings=\"{&quot;_animation&quot;:&quot;fadeIn&quot;,&quot;_animation_delay&quot;:200}\" data-widget_type=\"heading.default\">\n\t\t\t\t<div class=\"elementor-widget-container\">\n\t\t\t\t\t<h2 class=\"elementor-heading-title elementor-size-default\">Fr\u00e5n stress till fokus p\u00e5 bara 30 minuter<\/h2>\t\t\t\t<\/div>\n\t\t\t\t<\/div>\n\t\t\t\t<div class=\"elementor-element elementor-element-6758e058 elementor-invisible elementor-widget elementor-widget-text-editor\" data-id=\"6758e058\" data-element_type=\"widget\" data-e-type=\"widget\" data-settings=\"{&quot;_animation&quot;:&quot;fadeIn&quot;,&quot;_animation_delay&quot;:400}\" data-widget_type=\"text-editor.default\">\n\t\t\t\t<div class=\"elementor-widget-container\">\n\t\t\t\t\t\t\t\t\t<p>\u2713 Vi kommer direkt till ert kontor i Malm\u00f6 \u2013 allt ni beh\u00f6ver \u00e4r en yta att r\u00f6ra er p\u00e5, alternativt g\u00f6r vi sittande yoga.<\/p><p>\u2713 Ni best\u00e4mmer uppl\u00e4gget: korta 30-minuterspauser f\u00f6r energi, eller l\u00e4ngre pass f\u00f6r djupare \u00e5terh\u00e4mtning.<\/p><p>\u2713 Minsta \u00e5tagande: 3 m\u00e5nader \u2013 d\u00e4refter flexibel l\u00f6sning som v\u00e4xer med era behov.<\/p>\t\t\t\t\t\t\t\t<\/div>\n\t\t\t\t<\/div>\n\t\t\t\t<div class=\"elementor-element elementor-element-76f4c726 elementor-invisible elementor-widget elementor-widget-button\" data-id=\"76f4c726\" data-element_type=\"widget\" data-e-type=\"widget\" data-settings=\"{&quot;_animation&quot;:&quot;fadeIn&quot;,&quot;_animation_delay&quot;:600}\" data-widget_type=\"button.default\">\n\t\t\t\t<div class=\"elementor-widget-container\">\n\t\t\t\t\t\t\t\t\t<div class=\"elementor-button-wrapper\">\n\t\t\t\t\t<a class=\"elementor-button elementor-button-link elementor-size-sm elementor-animation-bob\" href=\"#boka\">\n\t\t\t\t\t\t<span class=\"elementor-button-content-wrapper\">\n\t\t\t\t\t\t\t\t\t<span class=\"elementor-button-text\">Kom ig\u00e5ng direkt<\/span>\n\t\t\t\t\t<\/span>\n\t\t\t\t\t<\/a>\n\t\t\t\t<\/div>\n\t\t\t\t\t\t\t\t<\/div>\n\t\t\t\t<\/div>\n\t\t\t\t<\/div>\n\t\t<div class=\"elementor-element elementor-element-121bdffd e-con-full e-flex e-con e-child\" data-id=\"121bdffd\" data-element_type=\"container\" data-e-type=\"container\">\n\t\t\t\t<div class=\"elementor-element elementor-element-5fbb02ef elementor-invisible elementor-widget elementor-widget-image\" data-id=\"5fbb02ef\" data-element_type=\"widget\" data-e-type=\"widget\" data-settings=\"{&quot;_animation&quot;:&quot;fadeIn&quot;,&quot;_animation_delay&quot;:200}\" data-widget_type=\"image.default\">\n\t\t\t\t<div class=\"elementor-widget-container\">\n\t\t\t\t\t\t\t\t\t\t\t\t\t\t\t<img decoding=\"async\" width=\"400\" height=\"600\" src=\"https:\/\/ayurvedisktcenter.se\/wp-content\/uploads\/2025\/09\/2.webp\" class=\"attachment-large size-large wp-image-52973\" alt=\"kontorsyoga i Malm\u00f6\" srcset=\"https:\/\/ayurvedisktcenter.se\/wp-content\/uploads\/2025\/09\/2.webp 400w, https:\/\/ayurvedisktcenter.se\/wp-content\/uploads\/2025\/09\/2-200x300.webp 200w\" sizes=\"(max-width: 400px) 100vw, 400px\" \/>\t\t\t\t\t\t\t\t\t\t\t\t\t\t\t<\/div>\n\t\t\t\t<\/div>\n\t\t\t\t<\/div>\n\t\t\t\t<\/div>\n\t\t<div class=\"elementor-element elementor-element-753922dc e-flex e-con-boxed e-con e-parent\" data-id=\"753922dc\" data-element_type=\"container\" data-e-type=\"container\" data-settings=\"{&quot;background_background&quot;:&quot;classic&quot;}\">\n\t\t\t\t\t<div class=\"e-con-inner\">\n\t\t\t\t<div class=\"elementor-element elementor-element-4f222786 elementor-invisible elementor-widget elementor-widget-text-editor\" data-id=\"4f222786\" data-element_type=\"widget\" data-e-type=\"widget\" data-settings=\"{&quot;_animation&quot;:&quot;fadeIn&quot;}\" data-widget_type=\"text-editor.default\">\n\t\t\t\t<div class=\"elementor-widget-container\">\n\t\t\t\t\t\t\t\t\t<p>DET SOM G\u00d6R OSS UNIKA<\/p>\t\t\t\t\t\t\t\t<\/div>\n\t\t\t\t<\/div>\n\t\t\t\t<div class=\"elementor-element elementor-element-7f27d5b5 elementor-widget__width-initial elementor-invisible elementor-widget elementor-widget-heading\" data-id=\"7f27d5b5\" data-element_type=\"widget\" data-e-type=\"widget\" data-settings=\"{&quot;_animation&quot;:&quot;fadeIn&quot;,&quot;_animation_delay&quot;:200}\" data-widget_type=\"heading.default\">\n\t\t\t\t<div class=\"elementor-widget-container\">\n\t\t\t\t\t<h2 class=\"elementor-heading-title elementor-size-default\">Varf\u00f6r v\u00e4lja Ayurvediskt Center?<\/h2>\t\t\t\t<\/div>\n\t\t\t\t<\/div>\n\t\t<div class=\"elementor-element elementor-element-798fe1e3 e-grid e-con-full e-con e-child\" data-id=\"798fe1e3\" data-element_type=\"container\" data-e-type=\"container\">\n\t\t<div class=\"elementor-element elementor-element-5e07740e e-con-full e-flex elementor-invisible e-con e-child\" data-id=\"5e07740e\" data-element_type=\"container\" data-e-type=\"container\" data-settings=\"{&quot;background_background&quot;:&quot;classic&quot;,&quot;animation&quot;:&quot;fadeIn&quot;,&quot;animation_delay&quot;:500}\">\n\t\t\t\t<div class=\"elementor-element elementor-element-29e661c9 elementor-position-top elementor-widget elementor-widget-image-box\" data-id=\"29e661c9\" data-element_type=\"widget\" data-e-type=\"widget\" data-widget_type=\"image-box.default\">\n\t\t\t\t<div class=\"elementor-widget-container\">\n\t\t\t\t\t<div class=\"elementor-image-box-wrapper\"><figure class=\"elementor-image-box-img\"><img decoding=\"async\" width=\"1500\" height=\"1500\" src=\"https:\/\/ayurvedisktcenter.se\/wp-content\/uploads\/2025\/06\/ACM_GraphicElements_7.webp\" class=\"attachment-full size-full wp-image-47124\" alt=\"\" srcset=\"https:\/\/ayurvedisktcenter.se\/wp-content\/uploads\/2025\/06\/ACM_GraphicElements_7.webp 1500w, https:\/\/ayurvedisktcenter.se\/wp-content\/uploads\/2025\/06\/ACM_GraphicElements_7-300x300.webp 300w, https:\/\/ayurvedisktcenter.se\/wp-content\/uploads\/2025\/06\/ACM_GraphicElements_7-1024x1024.webp 1024w, https:\/\/ayurvedisktcenter.se\/wp-content\/uploads\/2025\/06\/ACM_GraphicElements_7-150x150.webp 150w, https:\/\/ayurvedisktcenter.se\/wp-content\/uploads\/2025\/06\/ACM_GraphicElements_7-768x768.webp 768w\" sizes=\"(max-width: 1500px) 100vw, 1500px\" \/><\/figure><div class=\"elementor-image-box-content\"><h3 class=\"elementor-image-box-title\">Erfarna l\u00e4rare som m\u00f6ter dig d\u00e4r du \u00e4r<\/h3><p class=\"elementor-image-box-description\">V\u00e5ra yogal\u00e4rare har b\u00e5de djup erfarenhet och f\u00f6rm\u00e5gan att m\u00f6ta varje deltagare d\u00e4r de \u00e4r. H\u00e4r finns inga krav p\u00e5 prestation \u2013 bara nyfikenhet, st\u00f6d och en trygg milj\u00f6 d\u00e4r b\u00e5de nyb\u00f6rjare och erfarna kan v\u00e4xa.<\/p><\/div><\/div>\t\t\t\t<\/div>\n\t\t\t\t<\/div>\n\t\t\t\t<\/div>\n\t\t<div class=\"elementor-element elementor-element-22b9e668 e-con-full e-flex elementor-invisible e-con e-child\" data-id=\"22b9e668\" data-element_type=\"container\" data-e-type=\"container\" data-settings=\"{&quot;background_background&quot;:&quot;classic&quot;,&quot;animation&quot;:&quot;fadeIn&quot;,&quot;animation_delay&quot;:600}\">\n\t\t\t\t<div class=\"elementor-element elementor-element-57631a20 elementor-position-top elementor-widget elementor-widget-image-box\" data-id=\"57631a20\" data-element_type=\"widget\" data-e-type=\"widget\" data-widget_type=\"image-box.default\">\n\t\t\t\t<div class=\"elementor-widget-container\">\n\t\t\t\t\t<div class=\"elementor-image-box-wrapper\"><figure class=\"elementor-image-box-img\"><img loading=\"lazy\" decoding=\"async\" width=\"1500\" height=\"1500\" src=\"https:\/\/ayurvedisktcenter.se\/wp-content\/uploads\/2025\/06\/ACM_GraphicElements_5.webp\" class=\"attachment-full size-full wp-image-47122\" alt=\"\" srcset=\"https:\/\/ayurvedisktcenter.se\/wp-content\/uploads\/2025\/06\/ACM_GraphicElements_5.webp 1500w, https:\/\/ayurvedisktcenter.se\/wp-content\/uploads\/2025\/06\/ACM_GraphicElements_5-300x300.webp 300w, https:\/\/ayurvedisktcenter.se\/wp-content\/uploads\/2025\/06\/ACM_GraphicElements_5-1024x1024.webp 1024w, https:\/\/ayurvedisktcenter.se\/wp-content\/uploads\/2025\/06\/ACM_GraphicElements_5-150x150.webp 150w, https:\/\/ayurvedisktcenter.se\/wp-content\/uploads\/2025\/06\/ACM_GraphicElements_5-768x768.webp 768w\" sizes=\"(max-width: 1500px) 100vw, 1500px\" \/><\/figure><div class=\"elementor-image-box-content\"><h3 class=\"elementor-image-box-title\">Ayurvediska behandlingar som st\u00e4rker fr\u00e5n grunden<\/h3><p class=\"elementor-image-box-description\">Ut\u00f6ver yogan erbjuder vi klassiska ayurvediska behandlingar som hj\u00e4lper kroppen att sl\u00e4ppa stress, \u00e5terh\u00e4mta sig och hitta balans. En unik m\u00f6jlighet att kombinera r\u00f6relse och \u00e5terh\u00e4mtning i samma helhetsuppl\u00e4gg.<\/p><\/div><\/div>\t\t\t\t<\/div>\n\t\t\t\t<\/div>\n\t\t\t\t<\/div>\n\t\t<div class=\"elementor-element elementor-element-5f4c95ca e-con-full e-flex elementor-invisible e-con e-child\" data-id=\"5f4c95ca\" data-element_type=\"container\" data-e-type=\"container\" data-settings=\"{&quot;background_background&quot;:&quot;classic&quot;,&quot;animation&quot;:&quot;fadeIn&quot;,&quot;animation_delay&quot;:600}\">\n\t\t\t\t<div class=\"elementor-element elementor-element-6c161ba3 elementor-position-top elementor-widget elementor-widget-image-box\" data-id=\"6c161ba3\" data-element_type=\"widget\" data-e-type=\"widget\" data-widget_type=\"image-box.default\">\n\t\t\t\t<div class=\"elementor-widget-container\">\n\t\t\t\t\t<div class=\"elementor-image-box-wrapper\"><figure class=\"elementor-image-box-img\"><img loading=\"lazy\" decoding=\"async\" width=\"1500\" height=\"1500\" src=\"https:\/\/ayurvedisktcenter.se\/wp-content\/uploads\/2025\/06\/ACM_GraphicElements_8.webp\" class=\"attachment-full size-full wp-image-47125\" alt=\"\" srcset=\"https:\/\/ayurvedisktcenter.se\/wp-content\/uploads\/2025\/06\/ACM_GraphicElements_8.webp 1500w, https:\/\/ayurvedisktcenter.se\/wp-content\/uploads\/2025\/06\/ACM_GraphicElements_8-300x300.webp 300w, https:\/\/ayurvedisktcenter.se\/wp-content\/uploads\/2025\/06\/ACM_GraphicElements_8-1024x1024.webp 1024w, https:\/\/ayurvedisktcenter.se\/wp-content\/uploads\/2025\/06\/ACM_GraphicElements_8-150x150.webp 150w, https:\/\/ayurvedisktcenter.se\/wp-content\/uploads\/2025\/06\/ACM_GraphicElements_8-768x768.webp 768w\" sizes=\"(max-width: 1500px) 100vw, 1500px\" \/><\/figure><div class=\"elementor-image-box-content\"><h3 class=\"elementor-image-box-title\">En holistisk approach, bortom trender<\/h3><p class=\"elementor-image-box-description\">Vi ser h\u00e4lsa som mer \u00e4n en enskild klass eller behandling. Med ayurvedans tidl\u00f6sa visdom skapar vi h\u00e5llbara vanor och helhetsl\u00f6sningar som st\u00e4rker b\u00e5de individen och organisationen \u00f6ver tid.<\/p><\/div><\/div>\t\t\t\t<\/div>\n\t\t\t\t<\/div>\n\t\t\t\t<\/div>\n\t\t\t\t<\/div>\n\t\t\t\t\t<\/div>\n\t\t\t\t<\/div>\n\t\t<div class=\"elementor-element elementor-element-19e2c29f elementor-hidden-desktop elementor-hidden-tablet elementor-hidden-mobile e-flex e-con-boxed e-con e-parent\" data-id=\"19e2c29f\" data-element_type=\"container\" data-e-type=\"container\" data-settings=\"{&quot;background_background&quot;:&quot;classic&quot;,&quot;background_motion_fx_motion_fx_scrolling&quot;:&quot;yes&quot;,&quot;background_motion_fx_translateY_effect&quot;:&quot;yes&quot;,&quot;background_motion_fx_translateY_speed&quot;:{&quot;unit&quot;:&quot;px&quot;,&quot;size&quot;:7.4,&quot;sizes&quot;:[]},&quot;background_motion_fx_translateY_affectedRange&quot;:{&quot;unit&quot;:&quot;%&quot;,&quot;size&quot;:&quot;&quot;,&quot;sizes&quot;:{&quot;start&quot;:0,&quot;end&quot;:100}},&quot;background_motion_fx_devices&quot;:[&quot;desktop&quot;,&quot;tablet&quot;,&quot;mobile&quot;]}\">\n\t\t\t\t\t<div class=\"e-con-inner\">\n\t\t\t\t<div class=\"elementor-element elementor-element-640cda21 elementor-invisible elementor-widget elementor-widget-text-editor\" data-id=\"640cda21\" data-element_type=\"widget\" data-e-type=\"widget\" data-settings=\"{&quot;_animation&quot;:&quot;fadeIn&quot;}\" data-widget_type=\"text-editor.default\">\n\t\t\t\t<div class=\"elementor-widget-container\">\n\t\t\t\t\t\t\t\t\t<p>Flexibilitet &amp; enkelhet<\/p>\t\t\t\t\t\t\t\t<\/div>\n\t\t\t\t<\/div>\n\t\t\t\t<div class=\"elementor-element elementor-element-4079ea71 elementor-widget__width-initial elementor-invisible elementor-widget elementor-widget-heading\" data-id=\"4079ea71\" data-element_type=\"widget\" data-e-type=\"widget\" data-settings=\"{&quot;_animation&quot;:&quot;fadeIn&quot;,&quot;_animation_delay&quot;:200}\" data-widget_type=\"heading.default\">\n\t\t\t\t<div class=\"elementor-widget-container\">\n\t\t\t\t\t<h2 class=\"elementor-heading-title elementor-size-default\">Kontorsyoga direkt p\u00e5 arbetsplatsen<\/h2>\t\t\t\t<\/div>\n\t\t\t\t<\/div>\n\t\t<div class=\"elementor-element elementor-element-d97ef6b e-grid e-con-full e-con e-child\" data-id=\"d97ef6b\" data-element_type=\"container\" data-e-type=\"container\">\n\t\t<div class=\"elementor-element elementor-element-5553c78d e-con-full e-flex elementor-invisible e-con e-child\" data-id=\"5553c78d\" data-element_type=\"container\" data-e-type=\"container\" data-settings=\"{&quot;background_background&quot;:&quot;classic&quot;,&quot;animation&quot;:&quot;fadeIn&quot;,&quot;animation_delay&quot;:400}\">\n\t\t\t\t<div class=\"elementor-element elementor-element-3e6a349e elementor-position-top elementor-widget elementor-widget-image-box\" data-id=\"3e6a349e\" data-element_type=\"widget\" data-e-type=\"widget\" data-widget_type=\"image-box.default\">\n\t\t\t\t<div class=\"elementor-widget-container\">\n\t\t\t\t\t<div class=\"elementor-image-box-wrapper\"><figure class=\"elementor-image-box-img\"><img loading=\"lazy\" decoding=\"async\" width=\"1500\" height=\"1500\" src=\"https:\/\/ayurvedisktcenter.se\/wp-content\/uploads\/2025\/06\/ACM_GraphicElements_3.webp\" class=\"attachment-full size-full wp-image-47120\" alt=\"\" srcset=\"https:\/\/ayurvedisktcenter.se\/wp-content\/uploads\/2025\/06\/ACM_GraphicElements_3.webp 1500w, https:\/\/ayurvedisktcenter.se\/wp-content\/uploads\/2025\/06\/ACM_GraphicElements_3-300x300.webp 300w, https:\/\/ayurvedisktcenter.se\/wp-content\/uploads\/2025\/06\/ACM_GraphicElements_3-1024x1024.webp 1024w, https:\/\/ayurvedisktcenter.se\/wp-content\/uploads\/2025\/06\/ACM_GraphicElements_3-150x150.webp 150w, https:\/\/ayurvedisktcenter.se\/wp-content\/uploads\/2025\/06\/ACM_GraphicElements_3-768x768.webp 768w\" sizes=\"(max-width: 1500px) 100vw, 1500px\" \/><\/figure><div class=\"elementor-image-box-content\"><h3 class=\"elementor-image-box-title\">F\u00f6rdelar med drop-in<\/h3><p class=\"elementor-image-box-description\">\u2713 Flexibelt f\u00f6r hybridteam <br \/> \n\n\u2713 Inga fasta tider att organisera <br \/> \n\n\u2713 Olika l\u00e4rare och klasser varje vecka <br \/> \n\n\u2713 Perfekt att prova innan ni g\u00e5r vidare till on-site eller partnerprogram<\/p><\/div><\/div>\t\t\t\t<\/div>\n\t\t\t\t<\/div>\n\t\t\t\t<\/div>\n\t\t<div class=\"elementor-element elementor-element-328e7446 e-con-full e-flex elementor-invisible e-con e-child\" data-id=\"328e7446\" data-element_type=\"container\" data-e-type=\"container\" data-settings=\"{&quot;background_background&quot;:&quot;classic&quot;,&quot;animation&quot;:&quot;fadeIn&quot;,&quot;animation_delay&quot;:400}\">\n\t\t\t\t<div class=\"elementor-element elementor-element-185610b9 elementor-position-top elementor-widget elementor-widget-image-box\" data-id=\"185610b9\" data-element_type=\"widget\" data-e-type=\"widget\" data-widget_type=\"image-box.default\">\n\t\t\t\t<div class=\"elementor-widget-container\">\n\t\t\t\t\t<div class=\"elementor-image-box-wrapper\"><figure class=\"elementor-image-box-img\"><img loading=\"lazy\" decoding=\"async\" width=\"1500\" height=\"1500\" src=\"https:\/\/ayurvedisktcenter.se\/wp-content\/uploads\/2025\/06\/ACM_GraphicElements_0.webp\" class=\"attachment-full size-full wp-image-47117\" alt=\"\" srcset=\"https:\/\/ayurvedisktcenter.se\/wp-content\/uploads\/2025\/06\/ACM_GraphicElements_0.webp 1500w, https:\/\/ayurvedisktcenter.se\/wp-content\/uploads\/2025\/06\/ACM_GraphicElements_0-300x300.webp 300w, https:\/\/ayurvedisktcenter.se\/wp-content\/uploads\/2025\/06\/ACM_GraphicElements_0-1024x1024.webp 1024w, https:\/\/ayurvedisktcenter.se\/wp-content\/uploads\/2025\/06\/ACM_GraphicElements_0-150x150.webp 150w, https:\/\/ayurvedisktcenter.se\/wp-content\/uploads\/2025\/06\/ACM_GraphicElements_0-768x768.webp 768w\" sizes=\"(max-width: 1500px) 100vw, 1500px\" \/><\/figure><div class=\"elementor-image-box-content\"><h3 class=\"elementor-image-box-title\">Pris per m\u00e5nad*<\/h3><p class=\"elementor-image-box-description\">\u2713 20 klipp (klasser) \u2013 5 500 kr <br> \n\n\u2713 40 klipp (klasser) \u2013 10 000 kr <br> \n\n\u2713 60 klipp (klasser) \u2013 14 000 kr <br> <br> \n\n*Priser exkl. moms. Klippen \u00e5terst\u00e4lls varje m\u00e5nad. Outnyttjade klipp f\u00f6ljer inte med till n\u00e4sta m\u00e5nad.<\/p><\/div><\/div>\t\t\t\t<\/div>\n\t\t\t\t<\/div>\n\t\t\t\t<\/div>\n\t\t\t\t<\/div>\n\t\t\t\t\t<\/div>\n\t\t\t\t<\/div>\n\t\t<div class=\"elementor-element elementor-element-4ef34b6c e-con-full e-flex e-con e-parent\" data-id=\"4ef34b6c\" data-element_type=\"container\" data-e-type=\"container\" data-settings=\"{&quot;background_background&quot;:&quot;classic&quot;,&quot;background_motion_fx_motion_fx_scrolling&quot;:&quot;yes&quot;,&quot;background_motion_fx_devices&quot;:[&quot;desktop&quot;,&quot;tablet&quot;,&quot;mobile&quot;]}\">\n\t\t<div class=\"elementor-element elementor-element-3801f68a e-con-full e-flex e-con e-child\" data-id=\"3801f68a\" data-element_type=\"container\" data-e-type=\"container\">\n\t\t<div class=\"elementor-element elementor-element-625c829b e-grid e-con-full e-con e-child\" data-id=\"625c829b\" data-element_type=\"container\" data-e-type=\"container\">\n\t\t<div class=\"elementor-element elementor-element-18a5af5f e-con-full e-flex e-con e-child\" data-id=\"18a5af5f\" data-element_type=\"container\" data-e-type=\"container\">\n\t\t\t\t<div class=\"elementor-element elementor-element-7aa54d45 elementor--star-style-star_unicode elementor-star-rating--align-center elementor-widget elementor-widget-star-rating\" data-id=\"7aa54d45\" data-element_type=\"widget\" data-e-type=\"widget\" data-widget_type=\"star-rating.default\">\n\t\t\t\t<div class=\"elementor-widget-container\">\n\t\t\t\t\t\t\t<div class=\"elementor-star-rating__wrapper\">\n\t\t\t\t\t\t<div class=\"elementor-star-rating\" itemtype=\"http:\/\/schema.org\/Rating\" itemscope=\"\" itemprop=\"reviewRating\">\n\t\t\t\t<i class=\"elementor-star-full\" aria-hidden=\"true\">&#9733;<\/i><i class=\"elementor-star-full\" aria-hidden=\"true\">&#9733;<\/i><i class=\"elementor-star-full\" aria-hidden=\"true\">&#9733;<\/i><i class=\"elementor-star-full\" aria-hidden=\"true\">&#9733;<\/i><i class=\"elementor-star-full\" aria-hidden=\"true\">&#9733;<\/i>\t\t\t\t<span itemprop=\"ratingValue\" class=\"elementor-screen-only\">Betygsatt 5 av 5<\/span>\n\t\t\t<\/div>\n\t\t<\/div>\n\t\t\t\t\t\t<\/div>\n\t\t\t\t<\/div>\n\t\t\t\t<div class=\"elementor-element elementor-element-6ee1dccc elementor-widget elementor-widget-heading\" data-id=\"6ee1dccc\" data-element_type=\"widget\" data-e-type=\"widget\" data-widget_type=\"heading.default\">\n\t\t\t\t<div class=\"elementor-widget-container\">\n\t\t\t\t\t<h2 class=\"elementor-heading-title elementor-size-default\">\"A fantastic resource for those of you who are into self-development and well-being!\"<\/h2>\t\t\t\t<\/div>\n\t\t\t\t<\/div>\n\t\t\t\t<div class=\"elementor-element elementor-element-314a2b9a elementor-widget elementor-widget-testimonial\" data-id=\"314a2b9a\" data-element_type=\"widget\" data-e-type=\"widget\" data-widget_type=\"testimonial.default\">\n\t\t\t\t<div class=\"elementor-widget-container\">\n\t\t\t\t\t\t\t<div class=\"elementor-testimonial-wrapper\">\n\t\t\t\t\t\t\t<div class=\"elementor-testimonial-content\">A wonderful, holistic center with lots of different forms of treatment, yoga, gong bath, dance therapy, workshops, courses &amp; events! A fantastic resource for those of you who are into self-development and well-being!<\/div>\n\t\t\t\n\t\t\t\t\t\t<div class=\"elementor-testimonial-meta\">\n\t\t\t\t<div class=\"elementor-testimonial-meta-inner\">\n\t\t\t\t\t\n\t\t\t\t\t\t\t\t\t\t<div class=\"elementor-testimonial-details\">\n\t\t\t\t\t\t\t\t\t\t\t\t\t\t<div class=\"elementor-testimonial-name\">Hanna<\/div>\n\t\t\t\t\t\t\t\t\t\t\t\t\t\t\t\t\t\t\t<\/div>\n\t\t\t\t\t\t\t\t\t<\/div>\n\t\t\t<\/div>\n\t\t\t\t\t<\/div>\n\t\t\t\t\t\t<\/div>\n\t\t\t\t<\/div>\n\t\t\t\t<\/div>\n\t\t<div class=\"elementor-element elementor-element-f60ca8b e-con-full e-flex e-con e-child\" data-id=\"f60ca8b\" data-element_type=\"container\" data-e-type=\"container\">\n\t\t\t\t<div class=\"elementor-element elementor-element-7fac8fe3 elementor--star-style-star_unicode elementor-star-rating--align-center elementor-widget elementor-widget-star-rating\" data-id=\"7fac8fe3\" data-element_type=\"widget\" data-e-type=\"widget\" data-widget_type=\"star-rating.default\">\n\t\t\t\t<div class=\"elementor-widget-container\">\n\t\t\t\t\t\t\t<div class=\"elementor-star-rating__wrapper\">\n\t\t\t\t\t\t<div class=\"elementor-star-rating\" itemtype=\"http:\/\/schema.org\/Rating\" itemscope=\"\" itemprop=\"reviewRating\">\n\t\t\t\t<i class=\"elementor-star-full\" aria-hidden=\"true\">&#9733;<\/i><i class=\"elementor-star-full\" aria-hidden=\"true\">&#9733;<\/i><i class=\"elementor-star-full\" aria-hidden=\"true\">&#9733;<\/i><i class=\"elementor-star-full\" aria-hidden=\"true\">&#9733;<\/i><i class=\"elementor-star-full\" aria-hidden=\"true\">&#9733;<\/i>\t\t\t\t<span itemprop=\"ratingValue\" class=\"elementor-screen-only\">Betygsatt 5 av 5<\/span>\n\t\t\t<\/div>\n\t\t<\/div>\n\t\t\t\t\t\t<\/div>\n\t\t\t\t<\/div>\n\t\t\t\t<div class=\"elementor-element elementor-element-7e0d7f84 elementor-widget elementor-widget-heading\" data-id=\"7e0d7f84\" data-element_type=\"widget\" data-e-type=\"widget\" data-widget_type=\"heading.default\">\n\t\t\t\t<div class=\"elementor-widget-container\">\n\t\t\t\t\t<h2 class=\"elementor-heading-title elementor-size-default\">\"Good for massage and yoga practice.\"<\/h2>\t\t\t\t<\/div>\n\t\t\t\t<\/div>\n\t\t\t\t<div class=\"elementor-element elementor-element-2fad7047 elementor-widget elementor-widget-testimonial\" data-id=\"2fad7047\" data-element_type=\"widget\" data-e-type=\"widget\" data-widget_type=\"testimonial.default\">\n\t\t\t\t<div class=\"elementor-widget-container\">\n\t\t\t\t\t\t\t<div class=\"elementor-testimonial-wrapper\">\n\t\t\t\t\t\t\t<div class=\"elementor-testimonial-content\">Amazing, calm atmosphere in the city center, that helps you disconnect. Good for massage and yoga practice.<\/div>\n\t\t\t\n\t\t\t\t\t\t<div class=\"elementor-testimonial-meta\">\n\t\t\t\t<div class=\"elementor-testimonial-meta-inner\">\n\t\t\t\t\t\n\t\t\t\t\t\t\t\t\t\t<div class=\"elementor-testimonial-details\">\n\t\t\t\t\t\t\t\t\t\t\t\t\t\t<div class=\"elementor-testimonial-name\">Kinga<\/div>\n\t\t\t\t\t\t\t\t\t\t\t\t\t\t\t\t\t\t\t<\/div>\n\t\t\t\t\t\t\t\t\t<\/div>\n\t\t\t<\/div>\n\t\t\t\t\t<\/div>\n\t\t\t\t\t\t<\/div>\n\t\t\t\t<\/div>\n\t\t\t\t<\/div>\n\t\t<div class=\"elementor-element elementor-element-5e7fa538 e-con-full e-flex e-con e-child\" data-id=\"5e7fa538\" data-element_type=\"container\" data-e-type=\"container\">\n\t\t\t\t<div class=\"elementor-element elementor-element-175de91d elementor--star-style-star_unicode elementor-star-rating--align-center elementor-widget elementor-widget-star-rating\" data-id=\"175de91d\" data-element_type=\"widget\" data-e-type=\"widget\" data-widget_type=\"star-rating.default\">\n\t\t\t\t<div class=\"elementor-widget-container\">\n\t\t\t\t\t\t\t<div class=\"elementor-star-rating__wrapper\">\n\t\t\t\t\t\t<div class=\"elementor-star-rating\" itemtype=\"http:\/\/schema.org\/Rating\" itemscope=\"\" itemprop=\"reviewRating\">\n\t\t\t\t<i class=\"elementor-star-full\" aria-hidden=\"true\">&#9733;<\/i><i class=\"elementor-star-full\" aria-hidden=\"true\">&#9733;<\/i><i class=\"elementor-star-full\" aria-hidden=\"true\">&#9733;<\/i><i class=\"elementor-star-full\" aria-hidden=\"true\">&#9733;<\/i><i class=\"elementor-star-full\" aria-hidden=\"true\">&#9733;<\/i>\t\t\t\t<span itemprop=\"ratingValue\" class=\"elementor-screen-only\">Betygsatt 5 av 5<\/span>\n\t\t\t<\/div>\n\t\t<\/div>\n\t\t\t\t\t\t<\/div>\n\t\t\t\t<\/div>\n\t\t\t\t<div class=\"elementor-element elementor-element-6cdc2669 elementor-widget elementor-widget-heading\" data-id=\"6cdc2669\" data-element_type=\"widget\" data-e-type=\"widget\" data-widget_type=\"heading.default\">\n\t\t\t\t<div class=\"elementor-widget-container\">\n\t\t\t\t\t<h2 class=\"elementor-heading-title elementor-size-default\">\"Best atmosphere for authentic traditional yoga in town.\"<\/h2>\t\t\t\t<\/div>\n\t\t\t\t<\/div>\n\t\t\t\t<div class=\"elementor-element elementor-element-2dcb3fc1 elementor-widget elementor-widget-testimonial\" data-id=\"2dcb3fc1\" data-element_type=\"widget\" data-e-type=\"widget\" data-widget_type=\"testimonial.default\">\n\t\t\t\t<div class=\"elementor-widget-container\">\n\t\t\t\t\t\t\t<div class=\"elementor-testimonial-wrapper\">\n\t\t\t\t\t\t\t<div class=\"elementor-testimonial-content\">Teachers Bobbi, Simon and the rest are super genuine and well educated in hatha yoga, yin and vinyasa and lots more.<\/div>\n\t\t\t\n\t\t\t\t\t\t<div class=\"elementor-testimonial-meta\">\n\t\t\t\t<div class=\"elementor-testimonial-meta-inner\">\n\t\t\t\t\t\n\t\t\t\t\t\t\t\t\t\t<div class=\"elementor-testimonial-details\">\n\t\t\t\t\t\t\t\t\t\t\t\t\t\t<div class=\"elementor-testimonial-name\">Bj\u00f6rn <\/div>\n\t\t\t\t\t\t\t\t\t\t\t\t\t\t\t\t\t\t\t<\/div>\n\t\t\t\t\t\t\t\t\t<\/div>\n\t\t\t<\/div>\n\t\t\t\t\t<\/div>\n\t\t\t\t\t\t<\/div>\n\t\t\t\t<\/div>\n\t\t\t\t<\/div>\n\t\t\t\t<\/div>\n\t\t\t\t<\/div>\n\t\t\t\t<\/div>\n\t\t<div class=\"elementor-element elementor-element-1cd85501 elementor-hidden-desktop elementor-hidden-tablet elementor-hidden-mobile e-flex e-con-boxed e-con e-parent\" data-id=\"1cd85501\" data-element_type=\"container\" data-e-type=\"container\">\n\t\t\t\t\t<div class=\"e-con-inner\">\n\t\t<div class=\"elementor-element elementor-element-18e2f68e e-con-full e-flex e-con e-child\" data-id=\"18e2f68e\" data-element_type=\"container\" data-e-type=\"container\" id=\"kom-igang\" data-settings=\"{&quot;background_background&quot;:&quot;classic&quot;}\">\n\t\t\t\t<div class=\"elementor-element elementor-element-3240c214 elementor-invisible elementor-widget elementor-widget-text-editor\" data-id=\"3240c214\" data-element_type=\"widget\" data-e-type=\"widget\" data-settings=\"{&quot;_animation&quot;:&quot;fadeIn&quot;}\" data-widget_type=\"text-editor.default\">\n\t\t\t\t<div class=\"elementor-widget-container\">\n\t\t\t\t\t\t\t\t\t<p>B\u00f6rja yoga direkt<\/p>\t\t\t\t\t\t\t\t<\/div>\n\t\t\t\t<\/div>\n\t\t\t\t<div class=\"elementor-element elementor-element-77c3673d elementor-widget__width-initial elementor-invisible elementor-widget elementor-widget-heading\" data-id=\"77c3673d\" data-element_type=\"widget\" data-e-type=\"widget\" data-settings=\"{&quot;_animation&quot;:&quot;fadeIn&quot;,&quot;_animation_delay&quot;:200}\" data-widget_type=\"heading.default\">\n\t\t\t\t<div class=\"elementor-widget-container\">\n\t\t\t\t\t<h2 class=\"elementor-heading-title elementor-size-default\">Kom ig\u00e5ng i tre enkla steg<\/h2>\t\t\t\t<\/div>\n\t\t\t\t<\/div>\n\t\t<div class=\"elementor-element elementor-element-1b921d27 e-grid e-con-full e-con e-child\" data-id=\"1b921d27\" data-element_type=\"container\" data-e-type=\"container\">\n\t\t<div class=\"elementor-element elementor-element-7ad138c0 e-con-full e-flex elementor-invisible e-con e-child\" data-id=\"7ad138c0\" data-element_type=\"container\" data-e-type=\"container\" data-settings=\"{&quot;background_background&quot;:&quot;classic&quot;,&quot;animation&quot;:&quot;fadeIn&quot;,&quot;animation_delay&quot;:400}\">\n\t\t\t\t<div class=\"elementor-element elementor-element-6a6ce63f elementor-position-top elementor-widget elementor-widget-image-box\" data-id=\"6a6ce63f\" data-element_type=\"widget\" data-e-type=\"widget\" data-widget_type=\"image-box.default\">\n\t\t\t\t<div class=\"elementor-widget-container\">\n\t\t\t\t\t<div class=\"elementor-image-box-wrapper\"><figure class=\"elementor-image-box-img\"><img loading=\"lazy\" decoding=\"async\" width=\"300\" height=\"300\" src=\"https:\/\/ayurvedisktcenter.se\/wp-content\/uploads\/2025\/07\/37.webp\" class=\"attachment-full size-full wp-image-51999\" alt=\"\" srcset=\"https:\/\/ayurvedisktcenter.se\/wp-content\/uploads\/2025\/07\/37.webp 300w, https:\/\/ayurvedisktcenter.se\/wp-content\/uploads\/2025\/07\/37-150x150.webp 150w\" sizes=\"(max-width: 300px) 100vw, 300px\" \/><\/figure><div class=\"elementor-image-box-content\"><h3 class=\"elementor-image-box-title\">V\u00e4lj ert klippkort<\/h3><p class=\"elementor-image-box-description\">20, 40 eller 60 klipp \u2013 ni v\u00e4ljer sj\u00e4lva hur m\u00e5nga som k\u00e4nns r\u00e4tt f\u00f6r att komma ig\u00e5ng. Kortet kan delas av alla p\u00e5 f\u00f6retaget, men varje anst\u00e4lld f\u00e5r ett personligt konto att boka sina klasser fr\u00e5n. <\/p><\/div><\/div>\t\t\t\t<\/div>\n\t\t\t\t<\/div>\n\t\t\t\t<\/div>\n\t\t<div class=\"elementor-element elementor-element-1d92ccec e-con-full e-flex elementor-invisible e-con e-child\" data-id=\"1d92ccec\" data-element_type=\"container\" data-e-type=\"container\" data-settings=\"{&quot;background_background&quot;:&quot;classic&quot;,&quot;animation&quot;:&quot;fadeIn&quot;,&quot;animation_delay&quot;:500}\">\n\t\t\t\t<div class=\"elementor-element elementor-element-70d92e1b elementor-position-top elementor-widget elementor-widget-image-box\" data-id=\"70d92e1b\" data-element_type=\"widget\" data-e-type=\"widget\" data-widget_type=\"image-box.default\">\n\t\t\t\t<div class=\"elementor-widget-container\">\n\t\t\t\t\t<div class=\"elementor-image-box-wrapper\"><figure class=\"elementor-image-box-img\"><img loading=\"lazy\" decoding=\"async\" width=\"300\" height=\"300\" src=\"https:\/\/ayurvedisktcenter.se\/wp-content\/uploads\/2025\/07\/38.webp\" class=\"attachment-full size-full wp-image-52000\" alt=\"\" srcset=\"https:\/\/ayurvedisktcenter.se\/wp-content\/uploads\/2025\/07\/38.webp 300w, https:\/\/ayurvedisktcenter.se\/wp-content\/uploads\/2025\/07\/38-150x150.webp 150w\" sizes=\"(max-width: 300px) 100vw, 300px\" \/><\/figure><div class=\"elementor-image-box-content\"><h3 class=\"elementor-image-box-title\">H\u00f6r av er till oss<\/h3><p class=\"elementor-image-box-description\"><a href=\"mailto:ella@ayurvedisktcenter.se\" style=\"color:#F7EEE5;font-weight:bold\">Skicka ett mail till oss<\/a><a> med f\u00f6ljande information:<br>\n- \u00d6nskat antal klipp + startdatum<br>\n- F\u00f6retagsnamn, fakturaansvarig (namn + e-postadress) och org. nr. &nbsp;&nbsp;<br>\n- Namn + e-postadress till varje anst\u00e4lld som ska utnyttja klippkortet<\/a><\/p><\/div><\/div>\t\t\t\t<\/div>\n\t\t\t\t<\/div>\n\t\t\t\t<\/div>\n\t\t<div class=\"elementor-element elementor-element-38cf00c e-con-full e-flex elementor-invisible e-con e-child\" data-id=\"38cf00c\" data-element_type=\"container\" data-e-type=\"container\" data-settings=\"{&quot;background_background&quot;:&quot;classic&quot;,&quot;animation&quot;:&quot;fadeIn&quot;,&quot;animation_delay&quot;:600}\">\n\t\t\t\t<div class=\"elementor-element elementor-element-1218ab21 elementor-position-top elementor-widget elementor-widget-image-box\" data-id=\"1218ab21\" data-element_type=\"widget\" data-e-type=\"widget\" data-widget_type=\"image-box.default\">\n\t\t\t\t<div class=\"elementor-widget-container\">\n\t\t\t\t\t<div class=\"elementor-image-box-wrapper\"><figure class=\"elementor-image-box-img\"><img loading=\"lazy\" decoding=\"async\" width=\"300\" height=\"300\" src=\"https:\/\/ayurvedisktcenter.se\/wp-content\/uploads\/2025\/07\/39.webp\" class=\"attachment-full size-full wp-image-52001\" alt=\"\" srcset=\"https:\/\/ayurvedisktcenter.se\/wp-content\/uploads\/2025\/07\/39.webp 300w, https:\/\/ayurvedisktcenter.se\/wp-content\/uploads\/2025\/07\/39-150x150.webp 150w\" sizes=\"(max-width: 300px) 100vw, 300px\" \/><\/figure><div class=\"elementor-image-box-content\"><h3 class=\"elementor-image-box-title\">B\u00f6rja boka och yoga<\/h3><p class=\"elementor-image-box-description\">Vi s\u00e4tter upp ert konto inom 2 vardagar. N\u00e4r klippkortet \u00e4r aktiverat f\u00e5r ni tillg\u00e5ng till 18 klasser i veckan. Era medarbetare bokar sj\u00e4lva via v\u00e5r app efter att de loggat in p\u00e5 sitt konto \u2013 enkelt och flexibelt.<\/p><\/div><\/div>\t\t\t\t<\/div>\n\t\t\t\t<\/div>\n\t\t\t\t<\/div>\n\t\t\t\t<\/div>\n\t\t\t\t<\/div>\n\t\t\t\t\t<\/div>\n\t\t\t\t<\/div>\n\t\t<div class=\"elementor-element elementor-element-566d3601 e-flex e-con-boxed e-con e-parent\" data-id=\"566d3601\" data-element_type=\"container\" data-e-type=\"container\" data-settings=\"{&quot;background_background&quot;:&quot;classic&quot;,&quot;background_motion_fx_motion_fx_scrolling&quot;:&quot;yes&quot;,&quot;background_motion_fx_translateY_effect&quot;:&quot;yes&quot;,&quot;background_motion_fx_translateY_speed&quot;:{&quot;unit&quot;:&quot;px&quot;,&quot;size&quot;:7.9,&quot;sizes&quot;:[]},&quot;background_motion_fx_translateY_affectedRange&quot;:{&quot;unit&quot;:&quot;%&quot;,&quot;size&quot;:&quot;&quot;,&quot;sizes&quot;:{&quot;start&quot;:0,&quot;end&quot;:100}},&quot;background_motion_fx_devices&quot;:[&quot;desktop&quot;,&quot;tablet&quot;,&quot;mobile&quot;]}\">\n\t\t\t\t\t<div class=\"e-con-inner\">\n\t\t\t\t<div class=\"elementor-element elementor-element-14242234 elementor-invisible elementor-widget elementor-widget-text-editor\" data-id=\"14242234\" data-element_type=\"widget\" data-e-type=\"widget\" data-settings=\"{&quot;_animation&quot;:&quot;fadeIn&quot;}\" data-widget_type=\"text-editor.default\">\n\t\t\t\t<div class=\"elementor-widget-container\">\n\t\t\t\t\t\t\t\t\t<p>Vanliga fr\u00e5gor<\/p>\t\t\t\t\t\t\t\t<\/div>\n\t\t\t\t<\/div>\n\t\t\t\t<div class=\"elementor-element elementor-element-3d84a4af elementor-widget__width-initial elementor-invisible elementor-widget elementor-widget-heading\" data-id=\"3d84a4af\" data-element_type=\"widget\" data-e-type=\"widget\" data-settings=\"{&quot;_animation&quot;:&quot;fadeIn&quot;,&quot;_animation_delay&quot;:200}\" data-widget_type=\"heading.default\">\n\t\t\t\t<div class=\"elementor-widget-container\">\n\t\t\t\t\t<h2 class=\"elementor-heading-title elementor-size-default\">Vanliga fr\u00e5gor om f\u00f6retagsyoga<\/h2>\t\t\t\t<\/div>\n\t\t\t\t<\/div>\n\t\t<div class=\"elementor-element elementor-element-3199839f e-con-full e-flex e-con e-child\" data-id=\"3199839f\" data-element_type=\"container\" data-e-type=\"container\">\n\t\t<div class=\"elementor-element elementor-element-6ff2b2d4 e-con-full e-flex e-con e-child\" data-id=\"6ff2b2d4\" data-element_type=\"container\" data-e-type=\"container\">\n\t\t\t\t<div class=\"elementor-element elementor-element-2ee54537 elementor-widget__width-inherit elementor-invisible elementor-widget elementor-widget-elementskit-accordion\" data-id=\"2ee54537\" data-element_type=\"widget\" data-e-type=\"widget\" data-settings=\"{&quot;_animation&quot;:&quot;fadeIn&quot;,&quot;_animation_delay&quot;:400}\" data-widget_type=\"elementskit-accordion.default\">\n\t\t\t\t<div class=\"elementor-widget-container\">\n\t\t\t\t\t<div class=\"ekit-wid-con\" >\n        <div class=\"elementskit-accordion accoedion-primary\" id=\"accordion-6a9b60232fb43\">\n\n            \n                <div class=\"elementskit-card \">\n                    <div class=\"elementskit-card-header\" id=\"primaryHeading-0-2ee54537\" role=\"heading\" aria-level=\"3\">\n                        <a href=\"#collapse-f2301cb6a9b60232fb43\" class=\"ekit-accordion--toggler elementskit-btn-link collapsed\" role=\"button\" data-ekit-toggle=\"collapse\" data-target=\"#Collapse-f2301cb6a9b60232fb43\" aria-expanded=\"false\" aria-controls=\"Collapse-f2301cb6a9b60232fb43\">\n                            \n                            <span class=\"ekit-accordion-title\">Passar era klasser f\u00f6r nyb\u00f6rjare?<\/span>\n\n                            \n                                <div class=\"ekit_accordion_icon_group\">\n                                    <div class=\"ekit_accordion_normal_icon\">\n                                        <!-- Normal Icon -->\n\t\t\t\t\t\t\t\t\t\t<i class=\"icon icon-plus\"><\/i>                                    <\/div>\n\n                                    <div class=\"ekit_accordion_active_icon\">\n                                        <!-- Active Icon -->\n\t\t\t\t\t\t\t\t\t\t<i class=\"icon icon-cross\"><\/i>                                    <\/div>\n                                <\/div>\n\n                            \n                                                    <\/a>\n                    <\/div>\n\n                    <div id=\"Collapse-f2301cb6a9b60232fb43\" class=\" collapse\" role=\"region\" aria-labelledby=\"primaryHeading-0-2ee54537\" data-parent=\"#accordion-6a9b60232fb43\">\n\n                        <div class=\"elementskit-card-body ekit-accordion--content\">\n                            <p>Ja! V\u00e5ra pass \u00e4r anpassade f\u00f6r alla niv\u00e5er. M\u00e5nga som b\u00f6rjar med f\u00f6retagsyoga har aldrig provat yoga tidigare, och vi guidar p\u00e5 ett tryggt och enkelt s\u00e4tt.<\/p>                        <\/div>\n\n                    <\/div>\n\n                <\/div><!-- .elementskit-card END -->\n\n                \n                <div class=\"elementskit-card \">\n                    <div class=\"elementskit-card-header\" id=\"primaryHeading-1-2ee54537\" role=\"heading\" aria-level=\"3\">\n                        <a href=\"#collapse-dda4ea46a9b60232fb43\" class=\"ekit-accordion--toggler elementskit-btn-link collapsed\" role=\"button\" data-ekit-toggle=\"collapse\" data-target=\"#Collapse-dda4ea46a9b60232fb43\" aria-expanded=\"false\" aria-controls=\"Collapse-dda4ea46a9b60232fb43\">\n                            \n                            <span class=\"ekit-accordion-title\">Hur fungerar klippkort f\u00f6r f\u00f6retag \u2013 kan vi dela dem mellan medarbetare?<\/span>\n\n                            \n                                <div class=\"ekit_accordion_icon_group\">\n                                    <div class=\"ekit_accordion_normal_icon\">\n                                        <!-- Normal Icon -->\n\t\t\t\t\t\t\t\t\t\t<i class=\"icon icon-plus\"><\/i>                                    <\/div>\n\n                                    <div class=\"ekit_accordion_active_icon\">\n                                        <!-- Active Icon -->\n\t\t\t\t\t\t\t\t\t\t<i class=\"icon icon-cross\"><\/i>                                    <\/div>\n                                <\/div>\n\n                            \n                                                    <\/a>\n                    <\/div>\n\n                    <div id=\"Collapse-dda4ea46a9b60232fb43\" class=\" collapse\" role=\"region\" aria-labelledby=\"primaryHeading-1-2ee54537\" data-parent=\"#accordion-6a9b60232fb43\">\n\n                        <div class=\"elementskit-card-body ekit-accordion--content\">\n                            <p>Ja, klippkortet \u00e4r gemensamt f\u00f6r ert f\u00f6retag och kan anv\u00e4ndas av alla i teamet. Ni v\u00e4ljer sj\u00e4lva vem som g\u00e5r p\u00e5 vilken klass.<\/p>                        <\/div>\n\n                    <\/div>\n\n                <\/div><!-- .elementskit-card END -->\n\n                \n                <div class=\"elementskit-card \">\n                    <div class=\"elementskit-card-header\" id=\"primaryHeading-2-2ee54537\" role=\"heading\" aria-level=\"3\">\n                        <a href=\"#collapse-a4f48b16a9b60232fb43\" class=\"ekit-accordion--toggler elementskit-btn-link collapsed\" role=\"button\" data-ekit-toggle=\"collapse\" data-target=\"#Collapse-a4f48b16a9b60232fb43\" aria-expanded=\"false\" aria-controls=\"Collapse-a4f48b16a9b60232fb43\">\n                            \n                            <span class=\"ekit-accordion-title\">Beh\u00f6ver vi boka specifika tider n\u00e4r vi anv\u00e4nder klippkort?<\/span>\n\n                            \n                                <div class=\"ekit_accordion_icon_group\">\n                                    <div class=\"ekit_accordion_normal_icon\">\n                                        <!-- Normal Icon -->\n\t\t\t\t\t\t\t\t\t\t<i class=\"icon icon-plus\"><\/i>                                    <\/div>\n\n                                    <div class=\"ekit_accordion_active_icon\">\n                                        <!-- Active Icon -->\n\t\t\t\t\t\t\t\t\t\t<i class=\"icon icon-cross\"><\/i>                                    <\/div>\n                                <\/div>\n\n                            \n                                                    <\/a>\n                    <\/div>\n\n                    <div id=\"Collapse-a4f48b16a9b60232fb43\" class=\" collapse\" role=\"region\" aria-labelledby=\"primaryHeading-2-2ee54537\" data-parent=\"#accordion-6a9b60232fb43\">\n\n                        <div class=\"elementskit-card-body ekit-accordion--content\">\n                            <p>Nej, med klippkortet kan era medarbetare boka sig p\u00e5 v\u00e5ra \u00f6ppna klasser via appen \u2013 den dag och tid som passar dem b\u00e4st.<\/p>                        <\/div>\n\n                    <\/div>\n\n                <\/div><!-- .elementskit-card END -->\n\n                \n                <div class=\"elementskit-card \">\n                    <div class=\"elementskit-card-header\" id=\"primaryHeading-3-2ee54537\" role=\"heading\" aria-level=\"3\">\n                        <a href=\"#collapse-549667c6a9b60232fb43\" class=\"ekit-accordion--toggler elementskit-btn-link collapsed\" role=\"button\" data-ekit-toggle=\"collapse\" data-target=\"#Collapse-549667c6a9b60232fb43\" aria-expanded=\"false\" aria-controls=\"Collapse-549667c6a9b60232fb43\">\n                            \n                            <span class=\"ekit-accordion-title\">Kan man blanda drop-in och on-site-klasser i samma uppl\u00e4gg?<\/span>\n\n                            \n                                <div class=\"ekit_accordion_icon_group\">\n                                    <div class=\"ekit_accordion_normal_icon\">\n                                        <!-- Normal Icon -->\n\t\t\t\t\t\t\t\t\t\t<i class=\"icon icon-plus\"><\/i>                                    <\/div>\n\n                                    <div class=\"ekit_accordion_active_icon\">\n                                        <!-- Active Icon -->\n\t\t\t\t\t\t\t\t\t\t<i class=\"icon icon-cross\"><\/i>                                    <\/div>\n                                <\/div>\n\n                            \n                                                    <\/a>\n                    <\/div>\n\n                    <div id=\"Collapse-549667c6a9b60232fb43\" class=\" collapse\" role=\"region\" aria-labelledby=\"primaryHeading-3-2ee54537\" data-parent=\"#accordion-6a9b60232fb43\">\n\n                        <div class=\"elementskit-card-body ekit-accordion--content\">\n                            <p>Ja, vi skr\u00e4ddarsyr g\u00e4rna uppl\u00e4gget s\u00e5 att det passar er arbetsvardag. Vissa f\u00f6retag b\u00f6rjar med klippkort och l\u00e4gger sedan till on-site-klasser n\u00e4r behovet v\u00e4xer.<\/p>                        <\/div>\n\n                    <\/div>\n\n                <\/div><!-- .elementskit-card END -->\n\n                \n                <div class=\"elementskit-card \">\n                    <div class=\"elementskit-card-header\" id=\"primaryHeading-4-2ee54537\" role=\"heading\" aria-level=\"3\">\n                        <a href=\"#collapse-2f4630c6a9b60232fb43\" class=\"ekit-accordion--toggler elementskit-btn-link collapsed\" role=\"button\" data-ekit-toggle=\"collapse\" data-target=\"#Collapse-2f4630c6a9b60232fb43\" aria-expanded=\"false\" aria-controls=\"Collapse-2f4630c6a9b60232fb43\">\n                            \n                            <span class=\"ekit-accordion-title\">Hur l\u00e5ng tid tar ett yogapass?<\/span>\n\n                            \n                                <div class=\"ekit_accordion_icon_group\">\n                                    <div class=\"ekit_accordion_normal_icon\">\n                                        <!-- Normal Icon -->\n\t\t\t\t\t\t\t\t\t\t<i class=\"icon icon-plus\"><\/i>                                    <\/div>\n\n                                    <div class=\"ekit_accordion_active_icon\">\n                                        <!-- Active Icon -->\n\t\t\t\t\t\t\t\t\t\t<i class=\"icon icon-cross\"><\/i>                                    <\/div>\n                                <\/div>\n\n                            \n                                                    <\/a>\n                    <\/div>\n\n                    <div id=\"Collapse-2f4630c6a9b60232fb43\" class=\" collapse\" role=\"region\" aria-labelledby=\"primaryHeading-4-2ee54537\" data-parent=\"#accordion-6a9b60232fb43\">\n\n                        <div class=\"elementskit-card-body ekit-accordion--content\">\n                            <p>V\u00e5ra drop-in-klasser varierar mellan 55-75 min.<\/p><p>F\u00f6r on-site kan ni v\u00e4lja mellan 30 min och 55 min \u2013 perfekt att l\u00e4gga in i anslutning till arbetsdagen.<\/p>                        <\/div>\n\n                    <\/div>\n\n                <\/div><!-- .elementskit-card END -->\n\n                                        <\/div>\n    <\/div>\t\t\t\t<\/div>\n\t\t\t\t<\/div>\n\t\t\t\t<\/div>\n\t\t<div class=\"elementor-element elementor-element-4a183d49 e-con-full e-flex e-con e-child\" data-id=\"4a183d49\" data-element_type=\"container\" data-e-type=\"container\">\n\t\t\t\t<div class=\"elementor-element elementor-element-3de2c9d elementor-widget__width-inherit elementor-invisible elementor-widget elementor-widget-elementskit-accordion\" data-id=\"3de2c9d\" data-element_type=\"widget\" data-e-type=\"widget\" data-settings=\"{&quot;_animation&quot;:&quot;fadeIn&quot;,&quot;_animation_delay&quot;:400}\" data-widget_type=\"elementskit-accordion.default\">\n\t\t\t\t<div class=\"elementor-widget-container\">\n\t\t\t\t\t<div class=\"ekit-wid-con\" >\n        <div class=\"elementskit-accordion accoedion-primary\" id=\"accordion-6a9b6023305a5\">\n\n            \n                <div class=\"elementskit-card \">\n                    <div class=\"elementskit-card-header\" id=\"primaryHeading-0-3de2c9d\" role=\"heading\" aria-level=\"3\">\n                        <a href=\"#collapse-68ccdef6a9b6023305a5\" class=\"ekit-accordion--toggler elementskit-btn-link collapsed\" role=\"button\" data-ekit-toggle=\"collapse\" data-target=\"#Collapse-68ccdef6a9b6023305a5\" aria-expanded=\"false\" aria-controls=\"Collapse-68ccdef6a9b6023305a5\">\n                            \n                            <span class=\"ekit-accordion-title\">Vad beh\u00f6ver vi som f\u00f6retag ordna inf\u00f6r kontorsyoga?<\/span>\n\n                            \n                                <div class=\"ekit_accordion_icon_group\">\n                                    <div class=\"ekit_accordion_normal_icon\">\n                                        <!-- Normal Icon -->\n\t\t\t\t\t\t\t\t\t\t<i class=\"icon icon-plus\"><\/i>                                    <\/div>\n\n                                    <div class=\"ekit_accordion_active_icon\">\n                                        <!-- Active Icon -->\n\t\t\t\t\t\t\t\t\t\t<i class=\"icon icon-cross\"><\/i>                                    <\/div>\n                                <\/div>\n\n                            \n                                                    <\/a>\n                    <\/div>\n\n                    <div id=\"Collapse-68ccdef6a9b6023305a5\" class=\" collapse\" role=\"region\" aria-labelledby=\"primaryHeading-0-3de2c9d\" data-parent=\"#accordion-6a9b6023305a5\">\n\n                        <div class=\"elementskit-card-body ekit-accordion--content\">\n                            <p>Ni beh\u00f6ver bara ett lugnt rum med sitt eller st\u00e5plats f\u00f6r era medarbetare. I de fall ni har ett st\u00f6rre rum som till\u00e5ter yoga p\u00e5 matta tar vi med utrustning, alternativt hittar en l\u00f6sning med er om att beh\u00e5lla utrustningen p\u00e5 plats under tiden f\u00f6r v\u00e5rt samarbete.<\/p>                        <\/div>\n\n                    <\/div>\n\n                <\/div><!-- .elementskit-card END -->\n\n                \n                <div class=\"elementskit-card \">\n                    <div class=\"elementskit-card-header\" id=\"primaryHeading-1-3de2c9d\" role=\"heading\" aria-level=\"3\">\n                        <a href=\"#collapse-a69ecf96a9b6023305a5\" class=\"ekit-accordion--toggler elementskit-btn-link collapsed\" role=\"button\" data-ekit-toggle=\"collapse\" data-target=\"#Collapse-a69ecf96a9b6023305a5\" aria-expanded=\"false\" aria-controls=\"Collapse-a69ecf96a9b6023305a5\">\n                            \n                            <span class=\"ekit-accordion-title\">Kan vi testa ett pass innan vi best\u00e4mmer oss?<\/span>\n\n                            \n                                <div class=\"ekit_accordion_icon_group\">\n                                    <div class=\"ekit_accordion_normal_icon\">\n                                        <!-- Normal Icon -->\n\t\t\t\t\t\t\t\t\t\t<i class=\"icon icon-plus\"><\/i>                                    <\/div>\n\n                                    <div class=\"ekit_accordion_active_icon\">\n                                        <!-- Active Icon -->\n\t\t\t\t\t\t\t\t\t\t<i class=\"icon icon-cross\"><\/i>                                    <\/div>\n                                <\/div>\n\n                            \n                                                    <\/a>\n                    <\/div>\n\n                    <div id=\"Collapse-a69ecf96a9b6023305a5\" class=\" collapse\" role=\"region\" aria-labelledby=\"primaryHeading-1-3de2c9d\" data-parent=\"#accordion-6a9b6023305a5\">\n\n                        <div class=\"elementskit-card-body ekit-accordion--content\">\n                            <p>Absolut. Vi erbjuder prova-p\u00e5-klasser b\u00e5de i v\u00e5r studio och p\u00e5 plats hos er. Det \u00e4r ett bra s\u00e4tt att k\u00e4nna av vad som passar er.<\/p><p>Kontakta oss om ni vill ha ett prisf\u00f6rslag f\u00f6r att prova p\u00e5 antingen kontorsyoga eller drop-in-yoga.\u00a0<\/p>                        <\/div>\n\n                    <\/div>\n\n                <\/div><!-- .elementskit-card END -->\n\n                \n                <div class=\"elementskit-card \">\n                    <div class=\"elementskit-card-header\" id=\"primaryHeading-2-3de2c9d\" role=\"heading\" aria-level=\"3\">\n                        <a href=\"#collapse-73277326a9b6023305a5\" class=\"ekit-accordion--toggler elementskit-btn-link collapsed\" role=\"button\" data-ekit-toggle=\"collapse\" data-target=\"#Collapse-73277326a9b6023305a5\" aria-expanded=\"false\" aria-controls=\"Collapse-73277326a9b6023305a5\">\n                            \n                            <span class=\"ekit-accordion-title\">Kan ni komma till oss om vi har hybridteam?<\/span>\n\n                            \n                                <div class=\"ekit_accordion_icon_group\">\n                                    <div class=\"ekit_accordion_normal_icon\">\n                                        <!-- Normal Icon -->\n\t\t\t\t\t\t\t\t\t\t<i class=\"icon icon-plus\"><\/i>                                    <\/div>\n\n                                    <div class=\"ekit_accordion_active_icon\">\n                                        <!-- Active Icon -->\n\t\t\t\t\t\t\t\t\t\t<i class=\"icon icon-cross\"><\/i>                                    <\/div>\n                                <\/div>\n\n                            \n                                                    <\/a>\n                    <\/div>\n\n                    <div id=\"Collapse-73277326a9b6023305a5\" class=\" collapse\" role=\"region\" aria-labelledby=\"primaryHeading-2-3de2c9d\" data-parent=\"#accordion-6a9b6023305a5\">\n\n                        <div class=\"elementskit-card-body ekit-accordion--content\">\n                            <p>Ja! Vi kan h\u00e5lla klassen p\u00e5 plats hos er samtidigt som vi lives\u00e4nder s\u00e5 att de som jobbar hemifr\u00e5n kan delta via Zoom eller Google Meet.<\/p>                        <\/div>\n\n                    <\/div>\n\n                <\/div><!-- .elementskit-card END -->\n\n                \n                <div class=\"elementskit-card \">\n                    <div class=\"elementskit-card-header\" id=\"primaryHeading-3-3de2c9d\" role=\"heading\" aria-level=\"3\">\n                        <a href=\"#collapse-b96f70d6a9b6023305a5\" class=\"ekit-accordion--toggler elementskit-btn-link collapsed\" role=\"button\" data-ekit-toggle=\"collapse\" data-target=\"#Collapse-b96f70d6a9b6023305a5\" aria-expanded=\"false\" aria-controls=\"Collapse-b96f70d6a9b6023305a5\">\n                            \n                            <span class=\"ekit-accordion-title\">Kan ni anpassa passen efter specifika behov (t.ex. mycket stillasittande arbete eller h\u00f6ga stressniv\u00e5er)?<\/span>\n\n                            \n                                <div class=\"ekit_accordion_icon_group\">\n                                    <div class=\"ekit_accordion_normal_icon\">\n                                        <!-- Normal Icon -->\n\t\t\t\t\t\t\t\t\t\t<i class=\"icon icon-plus\"><\/i>                                    <\/div>\n\n                                    <div class=\"ekit_accordion_active_icon\">\n                                        <!-- Active Icon -->\n\t\t\t\t\t\t\t\t\t\t<i class=\"icon icon-cross\"><\/i>                                    <\/div>\n                                <\/div>\n\n                            \n                                                    <\/a>\n                    <\/div>\n\n                    <div id=\"Collapse-b96f70d6a9b6023305a5\" class=\" collapse\" role=\"region\" aria-labelledby=\"primaryHeading-3-3de2c9d\" data-parent=\"#accordion-6a9b6023305a5\">\n\n                        <div class=\"elementskit-card-body ekit-accordion--content\">\n                            <p>Ja, vi anpassar alltid klasserna utifr\u00e5n deltagarnas behov. Fokus kan vara p\u00e5 r\u00f6rlighet, avslappning, \u00e5terh\u00e4mtning eller energi \u2013 beroende p\u00e5 vad ni \u00f6nskar.<\/p>                        <\/div>\n\n                    <\/div>\n\n                <\/div><!-- .elementskit-card END -->\n\n                \n                <div class=\"elementskit-card \">\n                    <div class=\"elementskit-card-header\" id=\"primaryHeading-4-3de2c9d\" role=\"heading\" aria-level=\"3\">\n                        <a href=\"#collapse-5eab8996a9b6023305a5\" class=\"ekit-accordion--toggler elementskit-btn-link collapsed\" role=\"button\" data-ekit-toggle=\"collapse\" data-target=\"#Collapse-5eab8996a9b6023305a5\" aria-expanded=\"false\" aria-controls=\"Collapse-5eab8996a9b6023305a5\">\n                            \n                            <span class=\"ekit-accordion-title\">Vilken typ av yoga erbjuder ni? \u00c4r det lugn eller fysisk yoga?<\/span>\n\n                            \n                                <div class=\"ekit_accordion_icon_group\">\n                                    <div class=\"ekit_accordion_normal_icon\">\n                                        <!-- Normal Icon -->\n\t\t\t\t\t\t\t\t\t\t<i class=\"icon icon-plus\"><\/i>                                    <\/div>\n\n                                    <div class=\"ekit_accordion_active_icon\">\n                                        <!-- Active Icon -->\n\t\t\t\t\t\t\t\t\t\t<i class=\"icon icon-cross\"><\/i>                                    <\/div>\n                                <\/div>\n\n                            \n                                                    <\/a>\n                    <\/div>\n\n                    <div id=\"Collapse-5eab8996a9b6023305a5\" class=\" collapse\" role=\"region\" aria-labelledby=\"primaryHeading-4-3de2c9d\" data-parent=\"#accordion-6a9b6023305a5\">\n\n                        <div class=\"elementskit-card-body ekit-accordion--content\">\n                            <p>Vi erbjuder flera olika klasser, fr\u00e5n lugn, \u00e5terh\u00e4mtande yoga till mer dynamiska pass. Oavsett typ \u00e4r klasserna oftast tillg\u00e4ngliga \u00e4ven f\u00f6r nyb\u00f6rjare.<\/p>                        <\/div>\n\n                    <\/div>\n\n                <\/div><!-- .elementskit-card END -->\n\n                                        <\/div>\n    <\/div>\t\t\t\t<\/div>\n\t\t\t\t<\/div>\n\t\t\t\t<\/div>\n\t\t\t\t<\/div>\n\t\t\t\t\t<\/div>\n\t\t\t\t<\/div>\n\t\t<div class=\"elementor-element elementor-element-93231c6 e-con e-atomic-element e-flexbox-base e-93231c6-62d00e9 \" data-id=\"93231c6\" data-element_type=\"e-flexbox\" data-e-type=\"e-flexbox\" data-interaction-id=\"93231c6\">\n    <div class=\"elementor-element elementor-element-37b69269 e-con e-atomic-element e-flexbox-base e-37b69269-fab7ca8 \" data-id=\"37b69269\" data-element_type=\"e-flexbox\" data-e-type=\"e-flexbox\" data-interaction-id=\"37b69269\">\n    \t\t\t<h2 data-interaction-id=\"3aaf6c74\" class=\"e-3aaf6c74-e39fca5 h2 e-heading-base\">Redo att skapa balans p\u00e5 jobbet?<\/h2>\n\t\t\t\t\t<p class=\"body e-7c1cb8fd-630a886 e-paragraph-base\" data-interaction-id=\"7c1cb8fd\">Skicka ett mail till oss och ber\u00e4tta om era behov, s\u00e5 s\u00e4tter vi ihop ett paket som passar er. V\u00e5ra priser b\u00f6rjar p\u00e5 6400 kr \/ m\u00e5n f\u00f6r 4 st 30 min yogapass p\u00e5 plats hos er.<\/p>\n\t\t\t\t\t<a href=\"mailto:info@ayurvedisktcenter.se\" target=\"_self\" class=\"btn e-30f36d76-515598f e-button-base\" data-interaction-id=\"30f36d76\">\n\t\tKontakta oss &amp; kom ig\u00e5ng\n\t<\/a>\t\t\n<\/div>\n\n<\/div>\n\t\t<\/div>\n\t\t","protected":false},"excerpt":{"rendered":"<p>Kontorsyoga i Malm\u00f6 Kontorsyoga f\u00f6r moderna arbetsplatser som vill m\u00e5 bra och prestera b\u00e4ttre F\u00f6retagsyoga handlar inte bara om stretching \u2013 det handlar om att ge ert team en chans [&hellip;]<\/p>\n","protected":false},"author":1,"featured_media":0,"parent":0,"menu_order":0,"comment_status":"closed","ping_status":"closed","template":"","meta":{"_acf_changed":false,"_EventAllDay":false,"_EventTimezone":"","_EventStartDate":"","_EventEndDate":"","_EventStartDateUTC":"","_EventEndDateUTC":"","_EventShowMap":false,"_EventShowMapLink":false,"_EventURL":"","_EventCost":"","_EventCostDescription":"","_EventCurrencySymbol":"","_EventCurrencyCode":"","_EventCurrencyPosition":"","_EventDateTimeSeparator":"","_EventTimeRangeSeparator":"","_EventOrganizerID":[],"_EventVenueID":[],"_OrganizerEmail":"","_OrganizerPhone":"","_OrganizerWebsite":"","_VenueAddress":"","_VenueCity":"","_VenueCountry":"","_VenueProvince":"","_VenueState":"","_VenueZip":"","_VenuePhone":"","_VenueURL":"","_VenueStateProvince":"","_VenueLat":"","_VenueLng":"","_VenueShowMap":false,"_VenueShowMapLink":false,"footnotes":""},"class_list":["post-52092","page","type-page","status-publish","hentry"],"acf":[],"yoast_head":"<!-- This site is optimized with the Yoast SEO plugin v28.4 - https:\/\/yoast.com\/product\/yoast-seo-wordpress\/ -->\n<title>F\u00f6retagsyoga Malm\u00f6 | Kontorsyoga - Ayurvediskt Center<\/title>\n<meta name=\"description\" content=\"Erbjud kontorsyoga i Malm\u00f6 f\u00f6r friskare och mer fokuserade medarbetare. Skr\u00e4ddarsydd f\u00f6retagsyoga direkt p\u00e5 arbetsplatsen.\" \/>\n<meta name=\"robots\" content=\"index, follow, max-snippet:-1, max-image-preview:large, max-video-preview:-1\" \/>\n<link rel=\"canonical\" href=\"https:\/\/ayurvedisktcenter.se\/en\/foretagsyoga-malmo-kontorsyoga\/\" \/>\n<meta property=\"og:locale\" content=\"en_US\" \/>\n<meta property=\"og:type\" content=\"article\" \/>\n<meta property=\"og:title\" content=\"F\u00f6retagsyoga Malm\u00f6 | Kontorsyoga - Ayurvediskt Center\" \/>\n<meta property=\"og:description\" content=\"Erbjud kontorsyoga i Malm\u00f6 f\u00f6r friskare och mer fokuserade medarbetare. Skr\u00e4ddarsydd f\u00f6retagsyoga direkt p\u00e5 arbetsplatsen.\" \/>\n<meta property=\"og:url\" content=\"https:\/\/ayurvedisktcenter.se\/en\/foretagsyoga-malmo-kontorsyoga\/\" \/>\n<meta property=\"og:site_name\" content=\"Ayurvediskt Center\" \/>\n<meta property=\"article:publisher\" content=\"https:\/\/www.facebook.com\/ayurvedamalmo\/\" \/>\n<meta property=\"article:modified_time\" content=\"2026-08-20T10:21:03+00:00\" \/>\n<meta property=\"og:image\" content=\"https:\/\/ayurvedisktcenter.se\/wp-content\/uploads\/2025\/09\/1.webp\" \/>\n<meta name=\"twitter:card\" content=\"summary_large_image\" \/>\n<meta name=\"twitter:label1\" content=\"Est. reading time\" \/>\n\t<meta name=\"twitter:data1\" content=\"8 minutes\" \/>\n<script type=\"application\/ld+json\" class=\"yoast-schema-graph\">{\"@context\":\"https:\\\/\\\/schema.org\",\"@graph\":[{\"@type\":\"WebPage\",\"@id\":\"https:\\\/\\\/ayurvedisktcenter.se\\\/foretagsyoga-malmo-kontorsyoga\\\/\",\"url\":\"https:\\\/\\\/ayurvedisktcenter.se\\\/foretagsyoga-malmo-kontorsyoga\\\/\",\"name\":\"F\u00f6retagsyoga Malm\u00f6 | Kontorsyoga - Ayurvediskt Center\",\"isPartOf\":{\"@id\":\"https:\\\/\\\/ayurvedisktcenter.se\\\/en\\\/#website\"},\"primaryImageOfPage\":{\"@id\":\"https:\\\/\\\/ayurvedisktcenter.se\\\/foretagsyoga-malmo-kontorsyoga\\\/#primaryimage\"},\"image\":{\"@id\":\"https:\\\/\\\/ayurvedisktcenter.se\\\/foretagsyoga-malmo-kontorsyoga\\\/#primaryimage\"},\"thumbnailUrl\":\"https:\\\/\\\/ayurvedisktcenter.se\\\/wp-content\\\/uploads\\\/2025\\\/09\\\/1.webp\",\"datePublished\":\"2025-09-12T09:19:57+00:00\",\"dateModified\":\"2026-08-20T10:21:03+00:00\",\"description\":\"Erbjud kontorsyoga i Malm\u00f6 f\u00f6r friskare och mer fokuserade medarbetare. Skr\u00e4ddarsydd f\u00f6retagsyoga direkt p\u00e5 arbetsplatsen.\",\"breadcrumb\":{\"@id\":\"https:\\\/\\\/ayurvedisktcenter.se\\\/foretagsyoga-malmo-kontorsyoga\\\/#breadcrumb\"},\"inLanguage\":\"en-US\",\"potentialAction\":[{\"@type\":\"ReadAction\",\"target\":[\"https:\\\/\\\/ayurvedisktcenter.se\\\/foretagsyoga-malmo-kontorsyoga\\\/\"]}]},{\"@type\":\"ImageObject\",\"inLanguage\":\"en-US\",\"@id\":\"https:\\\/\\\/ayurvedisktcenter.se\\\/foretagsyoga-malmo-kontorsyoga\\\/#primaryimage\",\"url\":\"https:\\\/\\\/ayurvedisktcenter.se\\\/wp-content\\\/uploads\\\/2025\\\/09\\\/1.webp\",\"contentUrl\":\"https:\\\/\\\/ayurvedisktcenter.se\\\/wp-content\\\/uploads\\\/2025\\\/09\\\/1.webp\"},{\"@type\":\"BreadcrumbList\",\"@id\":\"https:\\\/\\\/ayurvedisktcenter.se\\\/foretagsyoga-malmo-kontorsyoga\\\/#breadcrumb\",\"itemListElement\":[{\"@type\":\"ListItem\",\"position\":1,\"name\":\"Hem\",\"item\":\"https:\\\/\\\/ayurvedisktcenter.se\\\/\"},{\"@type\":\"ListItem\",\"position\":2,\"name\":\"F\u00f6retagsyoga Malm\u00f6 | Kontorsyoga\"}]},{\"@type\":\"WebSite\",\"@id\":\"https:\\\/\\\/ayurvedisktcenter.se\\\/en\\\/#website\",\"url\":\"https:\\\/\\\/ayurvedisktcenter.se\\\/en\\\/\",\"name\":\"Ayurvediskt Center Malm\u00f6\",\"description\":\"Tidl\u00f6s visdom f\u00f6r ett liv i balans\",\"publisher\":{\"@id\":\"https:\\\/\\\/ayurvedisktcenter.se\\\/en\\\/#organization\"},\"potentialAction\":[{\"@type\":\"SearchAction\",\"target\":{\"@type\":\"EntryPoint\",\"urlTemplate\":\"https:\\\/\\\/ayurvedisktcenter.se\\\/en\\\/?s={search_term_string}\"},\"query-input\":{\"@type\":\"PropertyValueSpecification\",\"valueRequired\":true,\"valueName\":\"search_term_string\"}}],\"inLanguage\":\"en-US\"},{\"@type\":\"Organization\",\"@id\":\"https:\\\/\\\/ayurvedisktcenter.se\\\/en\\\/#organization\",\"name\":\"Ayurvediskt Center Malm\u00f6\",\"url\":\"https:\\\/\\\/ayurvedisktcenter.se\\\/en\\\/\",\"logo\":{\"@type\":\"ImageObject\",\"inLanguage\":\"en-US\",\"@id\":\"https:\\\/\\\/ayurvedisktcenter.se\\\/en\\\/#\\\/schema\\\/logo\\\/image\\\/\",\"url\":\"https:\\\/\\\/ayurvedisktcenter.se\\\/wp-content\\\/uploads\\\/2025\\\/06\\\/ACM_Logotype_Dark.svg\",\"contentUrl\":\"https:\\\/\\\/ayurvedisktcenter.se\\\/wp-content\\\/uploads\\\/2025\\\/06\\\/ACM_Logotype_Dark.svg\",\"width\":1500,\"height\":1500,\"caption\":\"Ayurvediskt Center Malm\u00f6\"},\"image\":{\"@id\":\"https:\\\/\\\/ayurvedisktcenter.se\\\/en\\\/#\\\/schema\\\/logo\\\/image\\\/\"},\"sameAs\":[\"https:\\\/\\\/www.facebook.com\\\/ayurvedamalmo\\\/\",\"https:\\\/\\\/instagram.com\\\/ayurvedisktcenter\"]}]}<\/script>\n<!-- \/ Yoast SEO plugin. -->","yoast_head_json":{"title":"F\u00f6retagsyoga Malm\u00f6 | Kontorsyoga - Ayurvediskt Center","description":"Erbjud kontorsyoga i Malm\u00f6 f\u00f6r friskare och mer fokuserade medarbetare. Skr\u00e4ddarsydd f\u00f6retagsyoga direkt p\u00e5 arbetsplatsen.","robots":{"index":"index","follow":"follow","max-snippet":"max-snippet:-1","max-image-preview":"max-image-preview:large","max-video-preview":"max-video-preview:-1"},"canonical":"https:\/\/ayurvedisktcenter.se\/en\/foretagsyoga-malmo-kontorsyoga\/","og_locale":"en_US","og_type":"article","og_title":"F\u00f6retagsyoga Malm\u00f6 | Kontorsyoga - Ayurvediskt Center","og_description":"Erbjud kontorsyoga i Malm\u00f6 f\u00f6r friskare och mer fokuserade medarbetare. Skr\u00e4ddarsydd f\u00f6retagsyoga direkt p\u00e5 arbetsplatsen.","og_url":"https:\/\/ayurvedisktcenter.se\/en\/foretagsyoga-malmo-kontorsyoga\/","og_site_name":"Ayurvediskt Center","article_publisher":"https:\/\/www.facebook.com\/ayurvedamalmo\/","article_modified_time":"2026-08-20T10:21:03+00:00","og_image":[{"url":"https:\/\/ayurvedisktcenter.se\/wp-content\/uploads\/2025\/09\/1.webp","type":"","width":"","height":""}],"twitter_card":"summary_large_image","twitter_misc":{"Est. reading time":"8 minutes"},"schema":{"@context":"https:\/\/schema.org","@graph":[{"@type":"WebPage","@id":"https:\/\/ayurvedisktcenter.se\/foretagsyoga-malmo-kontorsyoga\/","url":"https:\/\/ayurvedisktcenter.se\/foretagsyoga-malmo-kontorsyoga\/","name":"F\u00f6retagsyoga Malm\u00f6 | Kontorsyoga - Ayurvediskt Center","isPartOf":{"@id":"https:\/\/ayurvedisktcenter.se\/en\/#website"},"primaryImageOfPage":{"@id":"https:\/\/ayurvedisktcenter.se\/foretagsyoga-malmo-kontorsyoga\/#primaryimage"},"image":{"@id":"https:\/\/ayurvedisktcenter.se\/foretagsyoga-malmo-kontorsyoga\/#primaryimage"},"thumbnailUrl":"https:\/\/ayurvedisktcenter.se\/wp-content\/uploads\/2025\/09\/1.webp","datePublished":"2025-09-12T09:19:57+00:00","dateModified":"2026-08-20T10:21:03+00:00","description":"Erbjud kontorsyoga i Malm\u00f6 f\u00f6r friskare och mer fokuserade medarbetare. Skr\u00e4ddarsydd f\u00f6retagsyoga direkt p\u00e5 arbetsplatsen.","breadcrumb":{"@id":"https:\/\/ayurvedisktcenter.se\/foretagsyoga-malmo-kontorsyoga\/#breadcrumb"},"inLanguage":"en-US","potentialAction":[{"@type":"ReadAction","target":["https:\/\/ayurvedisktcenter.se\/foretagsyoga-malmo-kontorsyoga\/"]}]},{"@type":"ImageObject","inLanguage":"en-US","@id":"https:\/\/ayurvedisktcenter.se\/foretagsyoga-malmo-kontorsyoga\/#primaryimage","url":"https:\/\/ayurvedisktcenter.se\/wp-content\/uploads\/2025\/09\/1.webp","contentUrl":"https:\/\/ayurvedisktcenter.se\/wp-content\/uploads\/2025\/09\/1.webp"},{"@type":"BreadcrumbList","@id":"https:\/\/ayurvedisktcenter.se\/foretagsyoga-malmo-kontorsyoga\/#breadcrumb","itemListElement":[{"@type":"ListItem","position":1,"name":"Hem","item":"https:\/\/ayurvedisktcenter.se\/"},{"@type":"ListItem","position":2,"name":"F\u00f6retagsyoga Malm\u00f6 | Kontorsyoga"}]},{"@type":"WebSite","@id":"https:\/\/ayurvedisktcenter.se\/en\/#website","url":"https:\/\/ayurvedisktcenter.se\/en\/","name":"Ayurvedic Center Malm\u00f6","description":"Timeless wisdom for a balanced life","publisher":{"@id":"https:\/\/ayurvedisktcenter.se\/en\/#organization"},"potentialAction":[{"@type":"SearchAction","target":{"@type":"EntryPoint","urlTemplate":"https:\/\/ayurvedisktcenter.se\/en\/?s={search_term_string}"},"query-input":{"@type":"PropertyValueSpecification","valueRequired":true,"valueName":"search_term_string"}}],"inLanguage":"en-US"},{"@type":"Organization","@id":"https:\/\/ayurvedisktcenter.se\/en\/#organization","name":"Ayurvedic Center Malm\u00f6","url":"https:\/\/ayurvedisktcenter.se\/en\/","logo":{"@type":"ImageObject","inLanguage":"en-US","@id":"https:\/\/ayurvedisktcenter.se\/en\/#\/schema\/logo\/image\/","url":"https:\/\/ayurvedisktcenter.se\/wp-content\/uploads\/2025\/06\/ACM_Logotype_Dark.svg","contentUrl":"https:\/\/ayurvedisktcenter.se\/wp-content\/uploads\/2025\/06\/ACM_Logotype_Dark.svg","width":1500,"height":1500,"caption":"Ayurvediskt Center Malm\u00f6"},"image":{"@id":"https:\/\/ayurvedisktcenter.se\/en\/#\/schema\/logo\/image\/"},"sameAs":["https:\/\/www.facebook.com\/ayurvedamalmo\/","https:\/\/instagram.com\/ayurvedisktcenter"]}]}},"_links":{"self":[{"href":"https:\/\/ayurvedisktcenter.se\/en\/wp-json\/wp\/v2\/pages\/52092","targetHints":{"allow":["GET"]}}],"collection":[{"href":"https:\/\/ayurvedisktcenter.se\/en\/wp-json\/wp\/v2\/pages"}],"about":[{"href":"https:\/\/ayurvedisktcenter.se\/en\/wp-json\/wp\/v2\/types\/page"}],"author":[{"embeddable":true,"href":"https:\/\/ayurvedisktcenter.se\/en\/wp-json\/wp\/v2\/users\/1"}],"replies":[{"embeddable":true,"href":"https:\/\/ayurvedisktcenter.se\/en\/wp-json\/wp\/v2\/comments?post=52092"}],"version-history":[{"count":57,"href":"https:\/\/ayurvedisktcenter.se\/en\/wp-json\/wp\/v2\/pages\/52092\/revisions"}],"predecessor-version":[{"id":61531,"href":"https:\/\/ayurvedisktcenter.se\/en\/wp-json\/wp\/v2\/pages\/52092\/revisions\/61531"}],"wp:attachment":[{"href":"https:\/\/ayurvedisktcenter.se\/en\/wp-json\/wp\/v2\/media?parent=52092"}],"curies":[{"name":"wp","href":"https:\/\/api.w.org\/{rel}","templated":true}]}}