{"id":51926,"date":"2025-07-25T16:14:06","date_gmt":"2025-07-25T14:14:06","guid":{"rendered":"https:\/\/ayurvedisktcenter.se\/?page_id=51926"},"modified":"2026-08-20T12:18:44","modified_gmt":"2026-08-20T10:18:44","slug":"foretagsyoga-malmo-drop-in-klasser","status":"publish","type":"page","link":"https:\/\/ayurvedisktcenter.se\/en\/foretagsyoga-malmo-drop-in-klasser\/","title":{"rendered":"Corporate Yoga Malm\u00f6 | Drop-in classes"},"content":{"rendered":"\t\t<div data-elementor-type=\"wp-page\" data-elementor-id=\"51926\" class=\"elementor elementor-51926\" data-elementor-post-type=\"page\">\n\t\t\t\t<div class=\"elementor-element elementor-element-eb6a8f5 e-con-full e-flex e-con e-parent\" data-id=\"eb6a8f5\" data-element_type=\"container\" data-e-type=\"container\">\n\t\t<div class=\"elementor-element elementor-element-e2c421a e-flex e-con-boxed elementor-invisible e-con e-child\" data-id=\"e2c421a\" data-element_type=\"container\" data-e-type=\"container\" data-settings=\"{&quot;background_background&quot;:&quot;classic&quot;,&quot;animation&quot;:&quot;fadeIn&quot;}\">\n\t\t\t\t\t<div class=\"e-con-inner\">\n\t\t\t\t<div class=\"elementor-element elementor-element-4184e09 elementor-widget__width-initial elementor-invisible elementor-widget elementor-widget-heading\" data-id=\"4184e09\" data-element_type=\"widget\" data-e-type=\"widget\" data-settings=\"{&quot;_animation&quot;:&quot;fadeIn&quot;}\" data-widget_type=\"heading.default\">\n\t\t\t\t<div class=\"elementor-widget-container\">\n\t\t\t\t\t<h2 class=\"elementor-heading-title elementor-size-default\">F\u00f6retagsyoga - drop-in<\/h2>\t\t\t\t<\/div>\n\t\t\t\t<\/div>\n\t\t\t\t<div class=\"elementor-element elementor-element-1b706cd elementor-widget__width-initial elementor-invisible elementor-widget elementor-widget-heading\" data-id=\"1b706cd\" data-element_type=\"widget\" data-e-type=\"widget\" data-settings=\"{&quot;_animation&quot;:&quot;fadeIn&quot;}\" data-widget_type=\"heading.default\">\n\t\t\t\t<div class=\"elementor-widget-container\">\n\t\t\t\t\t<h2 class=\"elementor-heading-title elementor-size-default\">Ge ditt team friheten att sj\u00e4lva v\u00e4lja n\u00e4r de vill yoga<\/h2>\t\t\t\t<\/div>\n\t\t\t\t<\/div>\n\t\t\t\t<div class=\"elementor-element elementor-element-7f2d6e4 elementor-widget__width-initial elementor-widget elementor-widget-text-editor\" data-id=\"7f2d6e4\" data-element_type=\"widget\" data-e-type=\"widget\" data-widget_type=\"text-editor.default\">\n\t\t\t\t<div class=\"elementor-widget-container\">\n\t\t\t\t\t\t\t\t\t<p>V\u00e5ra f\u00f6retagsklippkort g\u00f6r det enkelt f\u00f6r mindre f\u00f6retag och hybrida team att m\u00e5 bra p\u00e5 jobbet, utan schemastress.<\/p>\t\t\t\t\t\t\t\t<\/div>\n\t\t\t\t<\/div>\n\t\t\t\t<div class=\"elementor-element elementor-element-2e1c302 elementor-widget elementor-widget-button\" data-id=\"2e1c302\" data-element_type=\"widget\" data-e-type=\"widget\" data-widget_type=\"button.default\">\n\t\t\t\t<div class=\"elementor-widget-container\">\n\t\t\t\t\t\t\t\t\t<div class=\"elementor-button-wrapper\">\n\t\t\t\t\t<a class=\"elementor-button elementor-button-link elementor-size-sm elementor-animation-float\" href=\"#kom-igang\">\n\t\t\t\t\t\t<span class=\"elementor-button-content-wrapper\">\n\t\t\t\t\t\t\t\t\t<span class=\"elementor-button-text\">Boka ert klippkort<\/span>\n\t\t\t\t\t<\/span>\n\t\t\t\t\t<\/a>\n\t\t\t\t<\/div>\n\t\t\t\t\t\t\t\t<\/div>\n\t\t\t\t<\/div>\n\t\t\t\t\t<\/div>\n\t\t\t\t<\/div>\n\t\t\t\t<\/div>\n\t\t<div class=\"elementor-element elementor-element-83acfaa e-con-full e-flex e-con e-parent\" data-id=\"83acfaa\" data-element_type=\"container\" data-e-type=\"container\">\n\t\t<div class=\"elementor-element elementor-element-992ea8c e-con-full e-flex e-con e-child\" data-id=\"992ea8c\" data-element_type=\"container\" data-e-type=\"container\">\n\t\t\t\t<div class=\"elementor-element elementor-element-18e424fb elementor-invisible elementor-widget elementor-widget-image\" data-id=\"18e424fb\" data-element_type=\"widget\" data-e-type=\"widget\" data-settings=\"{&quot;_animation&quot;:&quot;fadeIn&quot;,&quot;_animation_delay&quot;:200}\" data-widget_type=\"image.default\">\n\t\t\t\t<div class=\"elementor-widget-container\">\n\t\t\t\t\t\t\t\t\t\t\t\t\t\t\t<img fetchpriority=\"high\" decoding=\"async\" width=\"683\" height=\"1024\" src=\"https:\/\/ayurvedisktcenter.se\/wp-content\/uploads\/2025\/07\/AyurvedisktcenterSoMe-4-683x1024.webp\" class=\"attachment-large size-large wp-image-50320\" alt=\"Yogapraktik i ett stilla rum \u2013 en stund f\u00f6r inre kontakt, medveten andning och sj\u00e4lvl\u00e4kning genom r\u00f6relse.\" srcset=\"https:\/\/ayurvedisktcenter.se\/wp-content\/uploads\/2025\/07\/AyurvedisktcenterSoMe-4-683x1024.webp 683w, https:\/\/ayurvedisktcenter.se\/wp-content\/uploads\/2025\/07\/AyurvedisktcenterSoMe-4-200x300.webp 200w, https:\/\/ayurvedisktcenter.se\/wp-content\/uploads\/2025\/07\/AyurvedisktcenterSoMe-4-768x1152.webp 768w, https:\/\/ayurvedisktcenter.se\/wp-content\/uploads\/2025\/07\/AyurvedisktcenterSoMe-4-1024x1536.webp 1024w, https:\/\/ayurvedisktcenter.se\/wp-content\/uploads\/2025\/07\/AyurvedisktcenterSoMe-4.webp 1080w\" sizes=\"(max-width: 683px) 100vw, 683px\" \/>\t\t\t\t\t\t\t\t\t\t\t\t\t\t\t<\/div>\n\t\t\t\t<\/div>\n\t\t\t\t<\/div>\n\t\t<div class=\"elementor-element elementor-element-295d2b69 e-con-full e-flex e-con e-child\" data-id=\"295d2b69\" data-element_type=\"container\" data-e-type=\"container\">\n\t\t\t\t<div class=\"elementor-element elementor-element-b70bb7b elementor-invisible elementor-widget elementor-widget-text-editor\" data-id=\"b70bb7b\" data-element_type=\"widget\" data-e-type=\"widget\" data-settings=\"{&quot;_animation&quot;:&quot;fadeIn&quot;}\" data-widget_type=\"text-editor.default\">\n\t\t\t\t<div class=\"elementor-widget-container\">\n\t\t\t\t\t\t\t\t\t<p>F\u00f6r sm\u00e5 och hybrida team<\/p>\t\t\t\t\t\t\t\t<\/div>\n\t\t\t\t<\/div>\n\t\t\t\t<div class=\"elementor-element elementor-element-181ebbce elementor-invisible elementor-widget elementor-widget-heading\" data-id=\"181ebbce\" data-element_type=\"widget\" data-e-type=\"widget\" data-settings=\"{&quot;_animation&quot;:&quot;fadeIn&quot;,&quot;_animation_delay&quot;:200}\" data-widget_type=\"heading.default\">\n\t\t\t\t<div class=\"elementor-widget-container\">\n\t\t\t\t\t<h2 class=\"elementor-heading-title elementor-size-default\">Perfekt f\u00f6r f\u00f6retag som vill komma ig\u00e5ng enkelt<\/h2>\t\t\t\t<\/div>\n\t\t\t\t<\/div>\n\t\t\t\t<div class=\"elementor-element elementor-element-67dbfe82 elementor-invisible elementor-widget elementor-widget-text-editor\" data-id=\"67dbfe82\" data-element_type=\"widget\" data-e-type=\"widget\" data-settings=\"{&quot;_animation&quot;:&quot;fadeIn&quot;,&quot;_animation_delay&quot;:400}\" data-widget_type=\"text-editor.default\">\n\t\t\t\t<div class=\"elementor-widget-container\">\n\t\t\t\t\t\t\t\t\t<p>\u2713 Drop-in-klasser passar er som vill ge medarbetarna m\u00f6jlighet att tr\u00e4na n\u00e4r det passar dem, utan att boka fasta tider.<\/p><p>\u2713 Med ett f\u00f6retagsklippkort kan alla p\u00e5 f\u00f6retaget dela p\u00e5 klippen och boka sig p\u00e5 v\u00e5ra \u00f6ppna yogaklasser p\u00e5 centret i Malm\u00f6.<\/p><p>\u2713 Ett enkelt och prisv\u00e4rt f\u00f6rsta steg mot mer energi och mindre stress i arbetslivet.<\/p>\t\t\t\t\t\t\t\t<\/div>\n\t\t\t\t<\/div>\n\t\t\t\t<div class=\"elementor-element elementor-element-3fe4cb5 elementor-invisible elementor-widget elementor-widget-button\" data-id=\"3fe4cb5\" data-element_type=\"widget\" data-e-type=\"widget\" data-settings=\"{&quot;_animation&quot;:&quot;fadeIn&quot;,&quot;_animation_delay&quot;:600}\" data-widget_type=\"button.default\">\n\t\t\t\t<div class=\"elementor-widget-container\">\n\t\t\t\t\t\t\t\t\t<div class=\"elementor-button-wrapper\">\n\t\t\t\t\t<a class=\"elementor-button elementor-button-link elementor-size-sm elementor-animation-bob\" href=\"#kom-igang\">\n\t\t\t\t\t\t<span class=\"elementor-button-content-wrapper\">\n\t\t\t\t\t\t\t\t\t<span class=\"elementor-button-text\">Kom ig\u00e5ng direkt<\/span>\n\t\t\t\t\t<\/span>\n\t\t\t\t\t<\/a>\n\t\t\t\t<\/div>\n\t\t\t\t\t\t\t\t<\/div>\n\t\t\t\t<\/div>\n\t\t\t\t<\/div>\n\t\t\t\t<\/div>\n\t\t<div class=\"elementor-element elementor-element-3bf128c1 e-con-full e-flex e-con e-parent\" data-id=\"3bf128c1\" data-element_type=\"container\" data-e-type=\"container\" data-settings=\"{&quot;background_background&quot;:&quot;classic&quot;}\">\n\t\t<div class=\"elementor-element elementor-element-1da2f4f e-con-full e-flex e-con e-child\" data-id=\"1da2f4f\" data-element_type=\"container\" data-e-type=\"container\">\n\t\t\t\t<div class=\"elementor-element elementor-element-4abbaca2 elementor-invisible elementor-widget elementor-widget-text-editor\" data-id=\"4abbaca2\" data-element_type=\"widget\" data-e-type=\"widget\" data-settings=\"{&quot;_animation&quot;:&quot;fadeIn&quot;}\" data-widget_type=\"text-editor.default\">\n\t\t\t\t<div class=\"elementor-widget-container\">\n\t\t\t\t\t\t\t\t\t<p>S\u00e5 funkar det<\/p>\t\t\t\t\t\t\t\t<\/div>\n\t\t\t\t<\/div>\n\t\t\t\t<div class=\"elementor-element elementor-element-6314cb56 elementor-invisible elementor-widget elementor-widget-heading\" data-id=\"6314cb56\" data-element_type=\"widget\" data-e-type=\"widget\" data-settings=\"{&quot;_animation&quot;:&quot;fadeIn&quot;,&quot;_animation_delay&quot;:200}\" data-widget_type=\"heading.default\">\n\t\t\t\t<div class=\"elementor-widget-container\">\n\t\t\t\t\t<h2 class=\"elementor-heading-title elementor-size-default\">Yoga n\u00e4r och hur mycket ni vill - flexibelt &amp; smidigt<\/h2>\t\t\t\t<\/div>\n\t\t\t\t<\/div>\n\t\t\t\t<div class=\"elementor-element elementor-element-6741178e elementor-invisible elementor-widget elementor-widget-text-editor\" data-id=\"6741178e\" data-element_type=\"widget\" data-e-type=\"widget\" data-settings=\"{&quot;_animation&quot;:&quot;fadeIn&quot;,&quot;_animation_delay&quot;:400}\" data-widget_type=\"text-editor.default\">\n\t\t\t\t<div class=\"elementor-widget-container\">\n\t\t\t\t\t\t\t\t\t<p>\u2713 V\u00e4lj antal klipp (20, 40 eller 60 per m\u00e5nad)\u00a0<\/p><p>\u2713 Klippen kan anv\u00e4ndas av alla i f\u00f6retaget\u00a0<\/p><p>\u2713 Bokning sker enkelt via v\u00e5r app (varje medarbetare f\u00e5r sitt eget inlogg)<\/p><p>\u2713 Tillg\u00e5ng till 11 klasser i veckan (60\u201375 min)\u00a0<\/p><p>\u2713 Tre m\u00e5naders \u00e5tagande \u2013 utan bindningstid efter det<\/p>\t\t\t\t\t\t\t\t<\/div>\n\t\t\t\t<\/div>\n\t\t\t\t<div class=\"elementor-element elementor-element-19023dd elementor-invisible elementor-widget elementor-widget-button\" data-id=\"19023dd\" data-element_type=\"widget\" data-e-type=\"widget\" data-settings=\"{&quot;_animation&quot;:&quot;fadeIn&quot;,&quot;_animation_delay&quot;:600}\" data-widget_type=\"button.default\">\n\t\t\t\t<div class=\"elementor-widget-container\">\n\t\t\t\t\t\t\t\t\t<div class=\"elementor-button-wrapper\">\n\t\t\t\t\t<a class=\"elementor-button elementor-button-link elementor-size-sm elementor-animation-bob\" href=\"#boka\">\n\t\t\t\t\t\t<span class=\"elementor-button-content-wrapper\">\n\t\t\t\t\t\t\t\t\t<span class=\"elementor-button-text\">Kontakta oss &amp; kom ig\u00e5ng<\/span>\n\t\t\t\t\t<\/span>\n\t\t\t\t\t<\/a>\n\t\t\t\t<\/div>\n\t\t\t\t\t\t\t\t<\/div>\n\t\t\t\t<\/div>\n\t\t\t\t<\/div>\n\t\t<div class=\"elementor-element elementor-element-1c77ce25 e-con-full e-flex e-con e-child\" data-id=\"1c77ce25\" data-element_type=\"container\" data-e-type=\"container\">\n\t\t\t\t<div class=\"elementor-element elementor-element-2ada0474 elementor-invisible elementor-widget elementor-widget-image\" data-id=\"2ada0474\" data-element_type=\"widget\" data-e-type=\"widget\" data-settings=\"{&quot;_animation&quot;:&quot;fadeIn&quot;,&quot;_animation_delay&quot;:200}\" data-widget_type=\"image.default\">\n\t\t\t\t<div class=\"elementor-widget-container\">\n\t\t\t\t\t\t\t\t\t\t\t\t\t\t\t<img decoding=\"async\" width=\"645\" height=\"999\" src=\"https:\/\/ayurvedisktcenter.se\/wp-content\/uploads\/2025\/07\/Dubbelbild-Text-block.webp\" class=\"attachment-large size-large wp-image-50565\" alt=\"Tv\u00e5 kvinnor ut\u00f6var yoga i Malm\u00f6 p\u00e5 varsin yogamatta\" srcset=\"https:\/\/ayurvedisktcenter.se\/wp-content\/uploads\/2025\/07\/Dubbelbild-Text-block.webp 645w, https:\/\/ayurvedisktcenter.se\/wp-content\/uploads\/2025\/07\/Dubbelbild-Text-block-194x300.webp 194w\" sizes=\"(max-width: 645px) 100vw, 645px\" \/>\t\t\t\t\t\t\t\t\t\t\t\t\t\t\t<\/div>\n\t\t\t\t<\/div>\n\t\t\t\t<\/div>\n\t\t\t\t<\/div>\n\t\t<div class=\"elementor-element elementor-element-3d5a564 e-flex e-con-boxed e-con e-parent\" data-id=\"3d5a564\" data-element_type=\"container\" data-e-type=\"container\" data-settings=\"{&quot;background_background&quot;:&quot;classic&quot;}\">\n\t\t\t\t\t<div class=\"e-con-inner\">\n\t\t\t\t<div class=\"elementor-element elementor-element-e6ed37a elementor-invisible elementor-widget elementor-widget-text-editor\" data-id=\"e6ed37a\" data-element_type=\"widget\" data-e-type=\"widget\" data-settings=\"{&quot;_animation&quot;:&quot;fadeIn&quot;}\" data-widget_type=\"text-editor.default\">\n\t\t\t\t<div class=\"elementor-widget-container\">\n\t\t\t\t\t\t\t\t\t<p>DET SOM G\u00d6R OSS UNIKA<\/p>\t\t\t\t\t\t\t\t<\/div>\n\t\t\t\t<\/div>\n\t\t\t\t<div class=\"elementor-element elementor-element-aa6daee elementor-widget__width-initial elementor-invisible elementor-widget elementor-widget-heading\" data-id=\"aa6daee\" data-element_type=\"widget\" data-e-type=\"widget\" data-settings=\"{&quot;_animation&quot;:&quot;fadeIn&quot;,&quot;_animation_delay&quot;:200}\" data-widget_type=\"heading.default\">\n\t\t\t\t<div class=\"elementor-widget-container\">\n\t\t\t\t\t<h2 class=\"elementor-heading-title elementor-size-default\">Varf\u00f6r yoga med oss?<\/h2>\t\t\t\t<\/div>\n\t\t\t\t<\/div>\n\t\t<div class=\"elementor-element elementor-element-6bb4ba4 e-grid e-con-full e-con e-child\" data-id=\"6bb4ba4\" data-element_type=\"container\" data-e-type=\"container\">\n\t\t<div class=\"elementor-element elementor-element-ff7a927 e-con-full e-flex elementor-invisible e-con e-child\" data-id=\"ff7a927\" data-element_type=\"container\" data-e-type=\"container\" data-settings=\"{&quot;background_background&quot;:&quot;classic&quot;,&quot;animation&quot;:&quot;fadeIn&quot;,&quot;animation_delay&quot;:400}\">\n\t\t\t\t<div class=\"elementor-element elementor-element-5d27899 elementor-widget elementor-widget-image-box\" data-id=\"5d27899\" data-element_type=\"widget\" data-e-type=\"widget\" data-widget_type=\"image-box.default\">\n\t\t\t\t<div class=\"elementor-widget-container\">\n\t\t\t\t\t<div class=\"elementor-image-box-wrapper\"><div class=\"elementor-image-box-content\"><h3 class=\"elementor-image-box-title\">Sm\u00e5 grupper \u2013 mer trygghet och n\u00e4rvaro<\/h3><p class=\"elementor-image-box-description\">Hos oss \u00e4r grupperna medvetet sm\u00e5. Det ger utrymme f\u00f6r lugn, personlig v\u00e4gledning och en trygg atmosf\u00e4r d\u00e4r ni f\u00e5r landa i er sj\u00e4lva utan att k\u00e4nna press eller j\u00e4mf\u00f6relse.<\/p><\/div><\/div>\t\t\t\t<\/div>\n\t\t\t\t<\/div>\n\t\t\t\t<\/div>\n\t\t<div class=\"elementor-element elementor-element-50a143e e-con-full e-flex elementor-invisible e-con e-child\" data-id=\"50a143e\" data-element_type=\"container\" data-e-type=\"container\" data-settings=\"{&quot;background_background&quot;:&quot;classic&quot;,&quot;animation&quot;:&quot;fadeIn&quot;,&quot;animation_delay&quot;:500}\">\n\t\t\t\t<div class=\"elementor-element elementor-element-2a9aae4 elementor-widget elementor-widget-image-box\" data-id=\"2a9aae4\" data-element_type=\"widget\" data-e-type=\"widget\" data-widget_type=\"image-box.default\">\n\t\t\t\t<div class=\"elementor-widget-container\">\n\t\t\t\t\t<div class=\"elementor-image-box-wrapper\"><div class=\"elementor-image-box-content\"><h3 class=\"elementor-image-box-title\">Erfarna l\u00e4rare som m\u00f6ter dig d\u00e4r du \u00e4r<\/h3><p class=\"elementor-image-box-description\">V\u00e5ra l\u00e4rare har l\u00e5ng erfarenhet av yoga och meditation, och framf\u00f6r allt en f\u00f6rm\u00e5ga att se varje deltagare som individ. H\u00e4r finns ingen prestation, bara nyfikenhet och st\u00f6d, oavsett om du \u00e4r nyb\u00f6rjare eller van ut\u00f6vare.<\/p><\/div><\/div>\t\t\t\t<\/div>\n\t\t\t\t<\/div>\n\t\t\t\t<\/div>\n\t\t<div class=\"elementor-element elementor-element-bfb5c18 e-con-full e-flex elementor-invisible e-con e-child\" data-id=\"bfb5c18\" data-element_type=\"container\" data-e-type=\"container\" data-settings=\"{&quot;background_background&quot;:&quot;classic&quot;,&quot;animation&quot;:&quot;fadeIn&quot;,&quot;animation_delay&quot;:600}\">\n\t\t\t\t<div class=\"elementor-element elementor-element-7431f1c elementor-widget elementor-widget-image-box\" data-id=\"7431f1c\" data-element_type=\"widget\" data-e-type=\"widget\" data-widget_type=\"image-box.default\">\n\t\t\t\t<div class=\"elementor-widget-container\">\n\t\t\t\t\t<div class=\"elementor-image-box-wrapper\"><div class=\"elementor-image-box-content\"><h3 class=\"elementor-image-box-title\">Yoga med r\u00f6tter i Ayurveda<\/h3><p class=\"elementor-image-box-description\">Hos oss \u00e4r yogan en del av n\u00e5got st\u00f6rre. Vi v\u00e4ver in Ayurvedans tidl\u00f6sa visdom i v\u00e5ra klasser f\u00f6r att skapa balans och \u00e5terh\u00e4mtning som h\u00e5ller \u00f6ver tid - bortom tr\u00e4ningspass och trender.<\/p><\/div><\/div>\t\t\t\t<\/div>\n\t\t\t\t<\/div>\n\t\t\t\t<\/div>\n\t\t<div class=\"elementor-element elementor-element-1839cba e-con-full e-flex elementor-invisible e-con e-child\" data-id=\"1839cba\" data-element_type=\"container\" data-e-type=\"container\" data-settings=\"{&quot;background_background&quot;:&quot;classic&quot;,&quot;animation&quot;:&quot;fadeIn&quot;,&quot;animation_delay&quot;:600}\">\n\t\t\t\t<div class=\"elementor-element elementor-element-4b0f264 elementor-widget elementor-widget-image-box\" data-id=\"4b0f264\" data-element_type=\"widget\" data-e-type=\"widget\" data-widget_type=\"image-box.default\">\n\t\t\t\t<div class=\"elementor-widget-container\">\n\t\t\t\t\t<div class=\"elementor-image-box-wrapper\"><div class=\"elementor-image-box-content\"><h3 class=\"elementor-image-box-title\">Delta p\u00e5 plats, eller hemifr\u00e5n<\/h3><p class=\"elementor-image-box-description\">Merparten av v\u00e5ra klasser g\u00e5r att f\u00f6lja live via Zoom. Det g\u00f6r att era anst\u00e4llda kan vara med \u00e4ven de dagar de arbetar hemifr\u00e5n och \u00e4nd\u00e5 f\u00e5 samma k\u00e4nsla av n\u00e4rvaro och guidning som i salen.<\/p><\/div><\/div>\t\t\t\t<\/div>\n\t\t\t\t<\/div>\n\t\t\t\t<\/div>\n\t\t\t\t<\/div>\n\t\t\t\t\t<\/div>\n\t\t\t\t<\/div>\n\t\t<div class=\"elementor-element elementor-element-4b66b7e e-flex e-con-boxed e-con e-parent\" data-id=\"4b66b7e\" data-element_type=\"container\" data-e-type=\"container\" data-settings=\"{&quot;background_background&quot;:&quot;classic&quot;,&quot;background_motion_fx_motion_fx_scrolling&quot;:&quot;yes&quot;,&quot;background_motion_fx_translateY_effect&quot;:&quot;yes&quot;,&quot;background_motion_fx_translateY_speed&quot;:{&quot;unit&quot;:&quot;px&quot;,&quot;size&quot;:7.4,&quot;sizes&quot;:[]},&quot;background_motion_fx_translateY_affectedRange&quot;:{&quot;unit&quot;:&quot;%&quot;,&quot;size&quot;:&quot;&quot;,&quot;sizes&quot;:{&quot;start&quot;:0,&quot;end&quot;:100}},&quot;background_motion_fx_devices&quot;:[&quot;desktop&quot;,&quot;tablet&quot;,&quot;mobile&quot;]}\">\n\t\t\t\t\t<div class=\"e-con-inner\">\n\t\t\t\t<div class=\"elementor-element elementor-element-694386f elementor-invisible elementor-widget elementor-widget-text-editor\" data-id=\"694386f\" data-element_type=\"widget\" data-e-type=\"widget\" data-settings=\"{&quot;_animation&quot;:&quot;fadeIn&quot;}\" data-widget_type=\"text-editor.default\">\n\t\t\t\t<div class=\"elementor-widget-container\">\n\t\t\t\t\t\t\t\t\t<p>Flexibilitet &amp; enkelhet<\/p>\t\t\t\t\t\t\t\t<\/div>\n\t\t\t\t<\/div>\n\t\t\t\t<div class=\"elementor-element elementor-element-4fbf0d8 elementor-widget__width-initial elementor-invisible elementor-widget elementor-widget-heading\" data-id=\"4fbf0d8\" data-element_type=\"widget\" data-e-type=\"widget\" data-settings=\"{&quot;_animation&quot;:&quot;fadeIn&quot;,&quot;_animation_delay&quot;:200}\" data-widget_type=\"heading.default\">\n\t\t\t\t<div class=\"elementor-widget-container\">\n\t\t\t\t\t<h2 class=\"elementor-heading-title elementor-size-default\">Drop-in-klasser f\u00f6r f\u00f6retag som vill b\u00f6rja enkelt<\/h2>\t\t\t\t<\/div>\n\t\t\t\t<\/div>\n\t\t<div class=\"elementor-element elementor-element-ed3b27d e-grid e-con-full e-con e-child\" data-id=\"ed3b27d\" data-element_type=\"container\" data-e-type=\"container\">\n\t\t<div class=\"elementor-element elementor-element-36b82d5 e-con-full e-flex elementor-invisible e-con e-child\" data-id=\"36b82d5\" data-element_type=\"container\" data-e-type=\"container\" data-settings=\"{&quot;background_background&quot;:&quot;classic&quot;,&quot;animation&quot;:&quot;fadeIn&quot;,&quot;animation_delay&quot;:400}\">\n\t\t\t\t<div class=\"elementor-element elementor-element-8bf78a9 elementor-position-top elementor-widget elementor-widget-image-box\" data-id=\"8bf78a9\" data-element_type=\"widget\" data-e-type=\"widget\" data-widget_type=\"image-box.default\">\n\t\t\t\t<div class=\"elementor-widget-container\">\n\t\t\t\t\t<div class=\"elementor-image-box-wrapper\"><figure class=\"elementor-image-box-img\"><img decoding=\"async\" width=\"1500\" height=\"1500\" src=\"https:\/\/ayurvedisktcenter.se\/wp-content\/uploads\/2025\/06\/ACM_GraphicElements_3.webp\" class=\"attachment-full size-full wp-image-47120\" alt=\"\" srcset=\"https:\/\/ayurvedisktcenter.se\/wp-content\/uploads\/2025\/06\/ACM_GraphicElements_3.webp 1500w, https:\/\/ayurvedisktcenter.se\/wp-content\/uploads\/2025\/06\/ACM_GraphicElements_3-300x300.webp 300w, https:\/\/ayurvedisktcenter.se\/wp-content\/uploads\/2025\/06\/ACM_GraphicElements_3-1024x1024.webp 1024w, https:\/\/ayurvedisktcenter.se\/wp-content\/uploads\/2025\/06\/ACM_GraphicElements_3-150x150.webp 150w, https:\/\/ayurvedisktcenter.se\/wp-content\/uploads\/2025\/06\/ACM_GraphicElements_3-768x768.webp 768w\" sizes=\"(max-width: 1500px) 100vw, 1500px\" \/><\/figure><div class=\"elementor-image-box-content\"><h3 class=\"elementor-image-box-title\">F\u00f6rdelar med drop-in<\/h3><p class=\"elementor-image-box-description\">\u2713 Flexibelt f\u00f6r hybridteam <br \/> \n\n\u2713 Inga fasta tider att organisera <br \/> \n\n\u2713 Olika l\u00e4rare och klasser varje vecka <br \/> \n\n\u2713 Perfekt att prova innan ni g\u00e5r vidare till on-site eller partnerprogram<\/p><\/div><\/div>\t\t\t\t<\/div>\n\t\t\t\t<\/div>\n\t\t\t\t<\/div>\n\t\t<div class=\"elementor-element elementor-element-fec84bb e-con-full e-flex elementor-invisible e-con e-child\" data-id=\"fec84bb\" data-element_type=\"container\" data-e-type=\"container\" data-settings=\"{&quot;background_background&quot;:&quot;classic&quot;,&quot;animation&quot;:&quot;fadeIn&quot;,&quot;animation_delay&quot;:400}\">\n\t\t\t\t<div class=\"elementor-element elementor-element-881af8b elementor-position-top elementor-widget elementor-widget-image-box\" data-id=\"881af8b\" data-element_type=\"widget\" data-e-type=\"widget\" data-widget_type=\"image-box.default\">\n\t\t\t\t<div class=\"elementor-widget-container\">\n\t\t\t\t\t<div class=\"elementor-image-box-wrapper\"><figure class=\"elementor-image-box-img\"><img loading=\"lazy\" decoding=\"async\" width=\"1500\" height=\"1500\" src=\"https:\/\/ayurvedisktcenter.se\/wp-content\/uploads\/2025\/06\/ACM_GraphicElements_0.webp\" class=\"attachment-full size-full wp-image-47117\" alt=\"\" srcset=\"https:\/\/ayurvedisktcenter.se\/wp-content\/uploads\/2025\/06\/ACM_GraphicElements_0.webp 1500w, https:\/\/ayurvedisktcenter.se\/wp-content\/uploads\/2025\/06\/ACM_GraphicElements_0-300x300.webp 300w, https:\/\/ayurvedisktcenter.se\/wp-content\/uploads\/2025\/06\/ACM_GraphicElements_0-1024x1024.webp 1024w, https:\/\/ayurvedisktcenter.se\/wp-content\/uploads\/2025\/06\/ACM_GraphicElements_0-150x150.webp 150w, https:\/\/ayurvedisktcenter.se\/wp-content\/uploads\/2025\/06\/ACM_GraphicElements_0-768x768.webp 768w\" sizes=\"(max-width: 1500px) 100vw, 1500px\" \/><\/figure><div class=\"elementor-image-box-content\"><h3 class=\"elementor-image-box-title\">Pris per m\u00e5nad*<\/h3><p class=\"elementor-image-box-description\">\u2713 20 klipp (klasser) \u2013 4000 kr <br> \n\n\u2713 40 klipp (klasser) \u2013 7600 kr<br> \n\n\u2713 60 klipp (klasser) \u2013 11200 kr <br> <br> \n\n*Priser exkl. moms. Klippen \u00e5terst\u00e4lls varje m\u00e5nad. Outnyttjade klipp f\u00f6ljer inte med till n\u00e4sta m\u00e5nad.<\/p><\/div><\/div>\t\t\t\t<\/div>\n\t\t\t\t<\/div>\n\t\t\t\t<\/div>\n\t\t\t\t<\/div>\n\t\t\t\t\t<\/div>\n\t\t\t\t<\/div>\n\t\t<div class=\"elementor-element elementor-element-d4d42a8 e-flex e-con-boxed e-con e-parent\" data-id=\"d4d42a8\" data-element_type=\"container\" data-e-type=\"container\" data-settings=\"{&quot;background_background&quot;:&quot;classic&quot;}\">\n\t\t\t\t\t<div class=\"e-con-inner\">\n\t\t<div class=\"elementor-element elementor-element-cdd6202 e-con-full e-flex e-con e-child\" data-id=\"cdd6202\" data-element_type=\"container\" data-e-type=\"container\">\n\t\t\t\t<div class=\"elementor-element elementor-element-4030ce6 elementor-widget__width-initial elementor-widget elementor-widget-image\" data-id=\"4030ce6\" data-element_type=\"widget\" data-e-type=\"widget\" data-widget_type=\"image.default\">\n\t\t\t\t<div class=\"elementor-widget-container\">\n\t\t\t\t\t\t\t\t\t\t\t\t\t\t\t<img loading=\"lazy\" decoding=\"async\" width=\"1920\" height=\"1357\" src=\"https:\/\/ayurvedisktcenter.se\/wp-content\/uploads\/2026\/03\/Yogaschema-for-hemsida.webp\" class=\"attachment-full size-full wp-image-55846\" alt=\"yoga och meditation malm\u00f6\" srcset=\"https:\/\/ayurvedisktcenter.se\/wp-content\/uploads\/2026\/03\/Yogaschema-for-hemsida.webp 1920w, https:\/\/ayurvedisktcenter.se\/wp-content\/uploads\/2026\/03\/Yogaschema-for-hemsida-300x212.webp 300w, https:\/\/ayurvedisktcenter.se\/wp-content\/uploads\/2026\/03\/Yogaschema-for-hemsida-1024x724.webp 1024w, https:\/\/ayurvedisktcenter.se\/wp-content\/uploads\/2026\/03\/Yogaschema-for-hemsida-768x543.webp 768w, https:\/\/ayurvedisktcenter.se\/wp-content\/uploads\/2026\/03\/Yogaschema-for-hemsida-1536x1086.webp 1536w, https:\/\/ayurvedisktcenter.se\/wp-content\/uploads\/2026\/03\/Yogaschema-for-hemsida-18x12.webp 18w\" sizes=\"(max-width: 1920px) 100vw, 1920px\" \/>\t\t\t\t\t\t\t\t\t\t\t\t\t\t\t<\/div>\n\t\t\t\t<\/div>\n\t\t\t\t<\/div>\n\t\t<div class=\"elementor-element elementor-element-3a1bb76 e-con-full e-flex e-con e-child\" data-id=\"3a1bb76\" data-element_type=\"container\" data-e-type=\"container\">\n\t\t<div class=\"elementor-element elementor-element-f31031f e-con-full e-flex elementor-invisible e-con e-child\" data-id=\"f31031f\" data-element_type=\"container\" data-e-type=\"container\" data-settings=\"{&quot;animation&quot;:&quot;fadeIn&quot;,&quot;animation_delay&quot;:500,&quot;background_background&quot;:&quot;classic&quot;}\">\n\t\t\t\t<div class=\"elementor-element elementor-element-ba55359 elementor-widget__width-inherit elementor-widget elementor-widget-heading\" data-id=\"ba55359\" data-element_type=\"widget\" data-e-type=\"widget\" data-widget_type=\"heading.default\">\n\t\t\t\t<div class=\"elementor-widget-container\">\n\t\t\t\t\t<h3 class=\"elementor-heading-title elementor-size-default\">Yoga p\u00e5 morgonen eller eftermiddagen<\/h3>\t\t\t\t<\/div>\n\t\t\t\t<\/div>\n\t\t\t\t<div class=\"elementor-element elementor-element-c8d7b72 elementor-widget__width-inherit elementor-widget elementor-widget-text-editor\" data-id=\"c8d7b72\" data-element_type=\"widget\" data-e-type=\"widget\" data-widget_type=\"text-editor.default\">\n\t\t\t\t<div class=\"elementor-widget-container\">\n\t\t\t\t\t\t\t\t\t<p data-start=\"48\" data-end=\"210\">V\u00e5rt schema best\u00e5r av tv\u00e5 olika typer av yoga, Restorative och Dynamic, f\u00f6rdelade \u00f6ver 11 klasser per vecka.<\/p><p data-start=\"212\" data-end=\"301\"><u>Vi har \u00e4ven en webbapp<\/u>\u00a0f\u00f6r smidigare bokning.<\/p>\t\t\t\t\t\t\t\t<\/div>\n\t\t\t\t<\/div>\n\t\t\t\t<\/div>\n\t\t\t\t<\/div>\n\t\t\t\t\t<\/div>\n\t\t\t\t<\/div>\n\t\t<div class=\"elementor-element elementor-element-1f9ed66 e-con-full e-flex e-con e-parent\" data-id=\"1f9ed66\" data-element_type=\"container\" data-e-type=\"container\" data-settings=\"{&quot;background_background&quot;:&quot;classic&quot;,&quot;background_motion_fx_motion_fx_scrolling&quot;:&quot;yes&quot;,&quot;background_motion_fx_devices&quot;:[&quot;desktop&quot;,&quot;tablet&quot;,&quot;mobile&quot;]}\">\n\t\t<div class=\"elementor-element elementor-element-96a8dcd e-con-full e-flex e-con e-child\" data-id=\"96a8dcd\" data-element_type=\"container\" data-e-type=\"container\">\n\t\t<div class=\"elementor-element elementor-element-b29f960 e-grid e-con-full e-con e-child\" data-id=\"b29f960\" data-element_type=\"container\" data-e-type=\"container\">\n\t\t<div class=\"elementor-element elementor-element-614e670 e-con-full e-flex e-con e-child\" data-id=\"614e670\" data-element_type=\"container\" data-e-type=\"container\">\n\t\t\t\t<div class=\"elementor-element elementor-element-937c2a3 elementor--star-style-star_unicode elementor-star-rating--align-center elementor-widget elementor-widget-star-rating\" data-id=\"937c2a3\" data-element_type=\"widget\" data-e-type=\"widget\" data-widget_type=\"star-rating.default\">\n\t\t\t\t<div class=\"elementor-widget-container\">\n\t\t\t\t\t\t\t<div class=\"elementor-star-rating__wrapper\">\n\t\t\t\t\t\t<div class=\"elementor-star-rating\" itemtype=\"http:\/\/schema.org\/Rating\" itemscope=\"\" itemprop=\"reviewRating\">\n\t\t\t\t<i class=\"elementor-star-full\" aria-hidden=\"true\">&#9733;<\/i><i class=\"elementor-star-full\" aria-hidden=\"true\">&#9733;<\/i><i class=\"elementor-star-full\" aria-hidden=\"true\">&#9733;<\/i><i class=\"elementor-star-full\" aria-hidden=\"true\">&#9733;<\/i><i class=\"elementor-star-full\" aria-hidden=\"true\">&#9733;<\/i>\t\t\t\t<span itemprop=\"ratingValue\" class=\"elementor-screen-only\">Betygsatt 5 av 5<\/span>\n\t\t\t<\/div>\n\t\t<\/div>\n\t\t\t\t\t\t<\/div>\n\t\t\t\t<\/div>\n\t\t\t\t<div class=\"elementor-element elementor-element-e3623bc elementor-widget elementor-widget-heading\" data-id=\"e3623bc\" data-element_type=\"widget\" data-e-type=\"widget\" data-widget_type=\"heading.default\">\n\t\t\t\t<div class=\"elementor-widget-container\">\n\t\t\t\t\t<h2 class=\"elementor-heading-title elementor-size-default\">\"A fantastic resource for those of you who are into self-development and well-being!\"<\/h2>\t\t\t\t<\/div>\n\t\t\t\t<\/div>\n\t\t\t\t<div class=\"elementor-element elementor-element-fb44ed3 elementor-widget elementor-widget-testimonial\" data-id=\"fb44ed3\" data-element_type=\"widget\" data-e-type=\"widget\" data-widget_type=\"testimonial.default\">\n\t\t\t\t<div class=\"elementor-widget-container\">\n\t\t\t\t\t\t\t<div class=\"elementor-testimonial-wrapper\">\n\t\t\t\t\t\t\t<div class=\"elementor-testimonial-content\">A wonderful, holistic center with lots of different forms of treatment, yoga, gong bath, dance therapy, workshops, courses &amp; events! A fantastic resource for those of you who are into self-development and well-being!<\/div>\n\t\t\t\n\t\t\t\t\t\t<div class=\"elementor-testimonial-meta\">\n\t\t\t\t<div class=\"elementor-testimonial-meta-inner\">\n\t\t\t\t\t\n\t\t\t\t\t\t\t\t\t\t<div class=\"elementor-testimonial-details\">\n\t\t\t\t\t\t\t\t\t\t\t\t\t\t<div class=\"elementor-testimonial-name\">Hanna<\/div>\n\t\t\t\t\t\t\t\t\t\t\t\t\t\t\t\t\t\t\t<\/div>\n\t\t\t\t\t\t\t\t\t<\/div>\n\t\t\t<\/div>\n\t\t\t\t\t<\/div>\n\t\t\t\t\t\t<\/div>\n\t\t\t\t<\/div>\n\t\t\t\t<\/div>\n\t\t<div class=\"elementor-element elementor-element-d2b1f9d e-con-full e-flex e-con e-child\" data-id=\"d2b1f9d\" data-element_type=\"container\" data-e-type=\"container\">\n\t\t\t\t<div class=\"elementor-element elementor-element-4157b1a elementor--star-style-star_unicode elementor-star-rating--align-center elementor-widget elementor-widget-star-rating\" data-id=\"4157b1a\" data-element_type=\"widget\" data-e-type=\"widget\" data-widget_type=\"star-rating.default\">\n\t\t\t\t<div class=\"elementor-widget-container\">\n\t\t\t\t\t\t\t<div class=\"elementor-star-rating__wrapper\">\n\t\t\t\t\t\t<div class=\"elementor-star-rating\" itemtype=\"http:\/\/schema.org\/Rating\" itemscope=\"\" itemprop=\"reviewRating\">\n\t\t\t\t<i class=\"elementor-star-full\" aria-hidden=\"true\">&#9733;<\/i><i class=\"elementor-star-full\" aria-hidden=\"true\">&#9733;<\/i><i class=\"elementor-star-full\" aria-hidden=\"true\">&#9733;<\/i><i class=\"elementor-star-full\" aria-hidden=\"true\">&#9733;<\/i><i class=\"elementor-star-full\" aria-hidden=\"true\">&#9733;<\/i>\t\t\t\t<span itemprop=\"ratingValue\" class=\"elementor-screen-only\">Betygsatt 5 av 5<\/span>\n\t\t\t<\/div>\n\t\t<\/div>\n\t\t\t\t\t\t<\/div>\n\t\t\t\t<\/div>\n\t\t\t\t<div class=\"elementor-element elementor-element-a606786 elementor-widget elementor-widget-heading\" data-id=\"a606786\" data-element_type=\"widget\" data-e-type=\"widget\" data-widget_type=\"heading.default\">\n\t\t\t\t<div class=\"elementor-widget-container\">\n\t\t\t\t\t<h2 class=\"elementor-heading-title elementor-size-default\">\"Best atmosphere for authentic traditional yoga in town.\"<\/h2>\t\t\t\t<\/div>\n\t\t\t\t<\/div>\n\t\t\t\t<div class=\"elementor-element elementor-element-c1fc064 elementor-widget elementor-widget-testimonial\" data-id=\"c1fc064\" data-element_type=\"widget\" data-e-type=\"widget\" data-widget_type=\"testimonial.default\">\n\t\t\t\t<div class=\"elementor-widget-container\">\n\t\t\t\t\t\t\t<div class=\"elementor-testimonial-wrapper\">\n\t\t\t\t\t\t\t<div class=\"elementor-testimonial-content\">Teachers Bobbi, Simon and the rest are super genuine and well educated in hatha yoga, yin and vinyasa and lots more.<\/div>\n\t\t\t\n\t\t\t\t\t\t<div class=\"elementor-testimonial-meta\">\n\t\t\t\t<div class=\"elementor-testimonial-meta-inner\">\n\t\t\t\t\t\n\t\t\t\t\t\t\t\t\t\t<div class=\"elementor-testimonial-details\">\n\t\t\t\t\t\t\t\t\t\t\t\t\t\t<div class=\"elementor-testimonial-name\">Bj\u00f6rn <\/div>\n\t\t\t\t\t\t\t\t\t\t\t\t\t\t\t\t\t\t\t<\/div>\n\t\t\t\t\t\t\t\t\t<\/div>\n\t\t\t<\/div>\n\t\t\t\t\t<\/div>\n\t\t\t\t\t\t<\/div>\n\t\t\t\t<\/div>\n\t\t\t\t<\/div>\n\t\t<div class=\"elementor-element elementor-element-98d4e45 e-con-full e-flex e-con e-child\" data-id=\"98d4e45\" data-element_type=\"container\" data-e-type=\"container\">\n\t\t\t\t<div class=\"elementor-element elementor-element-866c28d elementor--star-style-star_unicode elementor-star-rating--align-center elementor-widget elementor-widget-star-rating\" data-id=\"866c28d\" data-element_type=\"widget\" data-e-type=\"widget\" data-widget_type=\"star-rating.default\">\n\t\t\t\t<div class=\"elementor-widget-container\">\n\t\t\t\t\t\t\t<div class=\"elementor-star-rating__wrapper\">\n\t\t\t\t\t\t<div class=\"elementor-star-rating\" itemtype=\"http:\/\/schema.org\/Rating\" itemscope=\"\" itemprop=\"reviewRating\">\n\t\t\t\t<i class=\"elementor-star-full\" aria-hidden=\"true\">&#9733;<\/i><i class=\"elementor-star-full\" aria-hidden=\"true\">&#9733;<\/i><i class=\"elementor-star-full\" aria-hidden=\"true\">&#9733;<\/i><i class=\"elementor-star-full\" aria-hidden=\"true\">&#9733;<\/i><i class=\"elementor-star-full\" aria-hidden=\"true\">&#9733;<\/i>\t\t\t\t<span itemprop=\"ratingValue\" class=\"elementor-screen-only\">Betygsatt 5 av 5<\/span>\n\t\t\t<\/div>\n\t\t<\/div>\n\t\t\t\t\t\t<\/div>\n\t\t\t\t<\/div>\n\t\t\t\t<div class=\"elementor-element elementor-element-2908786 elementor-widget elementor-widget-heading\" data-id=\"2908786\" data-element_type=\"widget\" data-e-type=\"widget\" data-widget_type=\"heading.default\">\n\t\t\t\t<div class=\"elementor-widget-container\">\n\t\t\t\t\t<h2 class=\"elementor-heading-title elementor-size-default\">\"Good for massage and yoga practice.\"<\/h2>\t\t\t\t<\/div>\n\t\t\t\t<\/div>\n\t\t\t\t<div class=\"elementor-element elementor-element-5e00bbe elementor-widget elementor-widget-testimonial\" data-id=\"5e00bbe\" data-element_type=\"widget\" data-e-type=\"widget\" data-widget_type=\"testimonial.default\">\n\t\t\t\t<div class=\"elementor-widget-container\">\n\t\t\t\t\t\t\t<div class=\"elementor-testimonial-wrapper\">\n\t\t\t\t\t\t\t<div class=\"elementor-testimonial-content\">Amazing, calm atmosphere in the city center, that helps you disconnect. Good for massage and yoga practice.<\/div>\n\t\t\t\n\t\t\t\t\t\t<div class=\"elementor-testimonial-meta\">\n\t\t\t\t<div class=\"elementor-testimonial-meta-inner\">\n\t\t\t\t\t\n\t\t\t\t\t\t\t\t\t\t<div class=\"elementor-testimonial-details\">\n\t\t\t\t\t\t\t\t\t\t\t\t\t\t<div class=\"elementor-testimonial-name\">Kinga<\/div>\n\t\t\t\t\t\t\t\t\t\t\t\t\t\t\t\t\t\t\t<\/div>\n\t\t\t\t\t\t\t\t\t<\/div>\n\t\t\t<\/div>\n\t\t\t\t\t<\/div>\n\t\t\t\t\t\t<\/div>\n\t\t\t\t<\/div>\n\t\t\t\t<\/div>\n\t\t\t\t<\/div>\n\t\t\t\t<\/div>\n\t\t\t\t<\/div>\n\t\t<div class=\"elementor-element elementor-element-9c661df e-flex e-con-boxed e-con e-parent\" data-id=\"9c661df\" data-element_type=\"container\" data-e-type=\"container\">\n\t\t\t\t\t<div class=\"e-con-inner\">\n\t\t<div class=\"elementor-element elementor-element-0ce0954 e-con-full e-flex e-con e-child\" data-id=\"0ce0954\" data-element_type=\"container\" data-e-type=\"container\" id=\"kom-igang\" data-settings=\"{&quot;background_background&quot;:&quot;classic&quot;}\">\n\t\t\t\t<div class=\"elementor-element elementor-element-7bca608 elementor-invisible elementor-widget elementor-widget-text-editor\" data-id=\"7bca608\" data-element_type=\"widget\" data-e-type=\"widget\" data-settings=\"{&quot;_animation&quot;:&quot;fadeIn&quot;}\" data-widget_type=\"text-editor.default\">\n\t\t\t\t<div class=\"elementor-widget-container\">\n\t\t\t\t\t\t\t\t\t<p>B\u00f6rja yoga direkt<\/p>\t\t\t\t\t\t\t\t<\/div>\n\t\t\t\t<\/div>\n\t\t\t\t<div class=\"elementor-element elementor-element-594da65 elementor-widget__width-initial elementor-invisible elementor-widget elementor-widget-heading\" data-id=\"594da65\" data-element_type=\"widget\" data-e-type=\"widget\" data-settings=\"{&quot;_animation&quot;:&quot;fadeIn&quot;,&quot;_animation_delay&quot;:200}\" data-widget_type=\"heading.default\">\n\t\t\t\t<div class=\"elementor-widget-container\">\n\t\t\t\t\t<h2 class=\"elementor-heading-title elementor-size-default\">Kom ig\u00e5ng i tre enkla steg<\/h2>\t\t\t\t<\/div>\n\t\t\t\t<\/div>\n\t\t<div class=\"elementor-element elementor-element-3db64a3 e-grid e-con-full e-con e-child\" data-id=\"3db64a3\" data-element_type=\"container\" data-e-type=\"container\">\n\t\t<div class=\"elementor-element elementor-element-19f166f e-con-full e-flex elementor-invisible e-con e-child\" data-id=\"19f166f\" data-element_type=\"container\" data-e-type=\"container\" data-settings=\"{&quot;background_background&quot;:&quot;classic&quot;,&quot;animation&quot;:&quot;fadeIn&quot;,&quot;animation_delay&quot;:400}\">\n\t\t\t\t<div class=\"elementor-element elementor-element-a3890f0 elementor-position-top elementor-widget elementor-widget-image-box\" data-id=\"a3890f0\" data-element_type=\"widget\" data-e-type=\"widget\" data-widget_type=\"image-box.default\">\n\t\t\t\t<div class=\"elementor-widget-container\">\n\t\t\t\t\t<div class=\"elementor-image-box-wrapper\"><figure class=\"elementor-image-box-img\"><img loading=\"lazy\" decoding=\"async\" width=\"300\" height=\"300\" src=\"https:\/\/ayurvedisktcenter.se\/wp-content\/uploads\/2025\/07\/37.webp\" class=\"attachment-full size-full wp-image-51999\" alt=\"\" srcset=\"https:\/\/ayurvedisktcenter.se\/wp-content\/uploads\/2025\/07\/37.webp 300w, https:\/\/ayurvedisktcenter.se\/wp-content\/uploads\/2025\/07\/37-150x150.webp 150w\" sizes=\"(max-width: 300px) 100vw, 300px\" \/><\/figure><div class=\"elementor-image-box-content\"><h3 class=\"elementor-image-box-title\">V\u00e4lj ert klippkort<\/h3><p class=\"elementor-image-box-description\">20, 40 eller 60 klipp \u2013 ni v\u00e4ljer sj\u00e4lva hur m\u00e5nga som k\u00e4nns r\u00e4tt f\u00f6r att komma ig\u00e5ng. Kortet kan delas av alla p\u00e5 f\u00f6retaget, men varje anst\u00e4lld f\u00e5r ett personligt konto att boka sina klasser fr\u00e5n. <\/p><\/div><\/div>\t\t\t\t<\/div>\n\t\t\t\t<\/div>\n\t\t\t\t<\/div>\n\t\t<div class=\"elementor-element elementor-element-9604e45 e-con-full e-flex elementor-invisible e-con e-child\" data-id=\"9604e45\" data-element_type=\"container\" data-e-type=\"container\" data-settings=\"{&quot;background_background&quot;:&quot;classic&quot;,&quot;animation&quot;:&quot;fadeIn&quot;,&quot;animation_delay&quot;:500}\">\n\t\t\t\t<div class=\"elementor-element elementor-element-8248a16 elementor-position-top elementor-widget elementor-widget-image-box\" data-id=\"8248a16\" data-element_type=\"widget\" data-e-type=\"widget\" data-widget_type=\"image-box.default\">\n\t\t\t\t<div class=\"elementor-widget-container\">\n\t\t\t\t\t<div class=\"elementor-image-box-wrapper\"><figure class=\"elementor-image-box-img\"><img loading=\"lazy\" decoding=\"async\" width=\"300\" height=\"300\" src=\"https:\/\/ayurvedisktcenter.se\/wp-content\/uploads\/2025\/07\/38.webp\" class=\"attachment-full size-full wp-image-52000\" alt=\"\" srcset=\"https:\/\/ayurvedisktcenter.se\/wp-content\/uploads\/2025\/07\/38.webp 300w, https:\/\/ayurvedisktcenter.se\/wp-content\/uploads\/2025\/07\/38-150x150.webp 150w\" sizes=\"(max-width: 300px) 100vw, 300px\" \/><\/figure><div class=\"elementor-image-box-content\"><h3 class=\"elementor-image-box-title\">H\u00f6r av er till oss<\/h3><p class=\"elementor-image-box-description\"><a href=\"mailto:info@ayurvedisktcenter.se\" style=\"color:#F7EEE5;font-weight:bold\">Skicka ett mail till oss<\/a><a> med f\u00f6ljande information:<br>\n- \u00d6nskat antal klipp + startdatum<br>\n- F\u00f6retagsnamn, fakturaansvarig (namn + e-postadress) och org. nr. &nbsp;&nbsp;<br>\n- Namn + e-postadress till varje anst\u00e4lld som ska utnyttja klippkortet<\/a><\/p><\/div><\/div>\t\t\t\t<\/div>\n\t\t\t\t<\/div>\n\t\t\t\t<\/div>\n\t\t<div class=\"elementor-element elementor-element-938e970 e-con-full e-flex elementor-invisible e-con e-child\" data-id=\"938e970\" data-element_type=\"container\" data-e-type=\"container\" data-settings=\"{&quot;background_background&quot;:&quot;classic&quot;,&quot;animation&quot;:&quot;fadeIn&quot;,&quot;animation_delay&quot;:600}\">\n\t\t\t\t<div class=\"elementor-element elementor-element-be518d5 elementor-position-top elementor-widget elementor-widget-image-box\" data-id=\"be518d5\" data-element_type=\"widget\" data-e-type=\"widget\" data-widget_type=\"image-box.default\">\n\t\t\t\t<div class=\"elementor-widget-container\">\n\t\t\t\t\t<div class=\"elementor-image-box-wrapper\"><figure class=\"elementor-image-box-img\"><img loading=\"lazy\" decoding=\"async\" width=\"300\" height=\"300\" src=\"https:\/\/ayurvedisktcenter.se\/wp-content\/uploads\/2025\/07\/39.webp\" class=\"attachment-full size-full wp-image-52001\" alt=\"\" srcset=\"https:\/\/ayurvedisktcenter.se\/wp-content\/uploads\/2025\/07\/39.webp 300w, https:\/\/ayurvedisktcenter.se\/wp-content\/uploads\/2025\/07\/39-150x150.webp 150w\" sizes=\"(max-width: 300px) 100vw, 300px\" \/><\/figure><div class=\"elementor-image-box-content\"><h3 class=\"elementor-image-box-title\">B\u00f6rja boka och yoga<\/h3><p class=\"elementor-image-box-description\">Vi s\u00e4tter upp ert konto inom 2 vardagar. N\u00e4r klippkortet \u00e4r aktiverat f\u00e5r ni tillg\u00e5ng till 11 klasser i veckan. Era medarbetare bokar sj\u00e4lva via v\u00e5r app efter att de loggat in p\u00e5 sitt konto \u2013 enkelt och flexibelt.<\/p><\/div><\/div>\t\t\t\t<\/div>\n\t\t\t\t<\/div>\n\t\t\t\t<\/div>\n\t\t\t\t<\/div>\n\t\t\t\t<\/div>\n\t\t\t\t\t<\/div>\n\t\t\t\t<\/div>\n\t\t<div class=\"elementor-element elementor-element-db60444 e-flex e-con-boxed e-con e-parent\" data-id=\"db60444\" data-element_type=\"container\" data-e-type=\"container\">\n\t\t\t\t\t<div class=\"e-con-inner\">\n\t\t<div class=\"elementor-element elementor-element-de9876d e-con-full e-flex e-con e-child\" data-id=\"de9876d\" data-element_type=\"container\" data-e-type=\"container\" id=\"boka\" data-settings=\"{&quot;background_background&quot;:&quot;classic&quot;}\">\n\t\t<div class=\"elementor-element elementor-element-a963d35 e-con-full e-flex e-con e-child\" data-id=\"a963d35\" data-element_type=\"container\" data-e-type=\"container\">\n\t\t\t\t<div class=\"elementor-element elementor-element-2250aca elementor-widget__width-initial elementor-invisible elementor-widget elementor-widget-image\" data-id=\"2250aca\" data-element_type=\"widget\" data-e-type=\"widget\" data-settings=\"{&quot;_animation&quot;:&quot;fadeIn&quot;}\" data-widget_type=\"image.default\">\n\t\t\t\t<div class=\"elementor-widget-container\">\n\t\t\t\t\t\t\t\t\t\t\t\t\t\t\t<img loading=\"lazy\" decoding=\"async\" width=\"661\" height=\"1024\" src=\"https:\/\/ayurvedisktcenter.se\/wp-content\/uploads\/2025\/07\/4-3-661x1024.webp\" class=\"attachment-large size-large wp-image-50555\" alt=\"Terapeut ger ayurvedisk behandling med varma oljor \u2013 en djupg\u00e5ende metod f\u00f6r \u00e5terh\u00e4mtning och balans i kropp och sinne.\" srcset=\"https:\/\/ayurvedisktcenter.se\/wp-content\/uploads\/2025\/07\/4-3-661x1024.webp 661w, https:\/\/ayurvedisktcenter.se\/wp-content\/uploads\/2025\/07\/4-3-194x300.webp 194w, https:\/\/ayurvedisktcenter.se\/wp-content\/uploads\/2025\/07\/4-3.webp 695w\" sizes=\"(max-width: 661px) 100vw, 661px\" \/>\t\t\t\t\t\t\t\t\t\t\t\t\t\t\t<\/div>\n\t\t\t\t<\/div>\n\t\t\t\t<div class=\"elementor-element elementor-element-e047e6d elementor-widget__width-initial elementor-invisible elementor-widget elementor-widget-image\" data-id=\"e047e6d\" data-element_type=\"widget\" data-e-type=\"widget\" data-settings=\"{&quot;_animation&quot;:&quot;fadeIn&quot;,&quot;_animation_delay&quot;:200}\" data-widget_type=\"image.default\">\n\t\t\t\t<div class=\"elementor-widget-container\">\n\t\t\t\t\t\t\t\t\t\t\t\t\t\t\t<img loading=\"lazy\" decoding=\"async\" width=\"683\" height=\"1024\" src=\"https:\/\/ayurvedisktcenter.se\/wp-content\/uploads\/2025\/07\/AyurvedisktcenterSoMe-3-683x1024.webp\" class=\"attachment-large size-large wp-image-50319\" alt=\"Yogal\u00e4rare leder en klass i gravidyoga p\u00e5 Ayurvediskt Center i Malm\u00f6\" srcset=\"https:\/\/ayurvedisktcenter.se\/wp-content\/uploads\/2025\/07\/AyurvedisktcenterSoMe-3-683x1024.webp 683w, https:\/\/ayurvedisktcenter.se\/wp-content\/uploads\/2025\/07\/AyurvedisktcenterSoMe-3-200x300.webp 200w, https:\/\/ayurvedisktcenter.se\/wp-content\/uploads\/2025\/07\/AyurvedisktcenterSoMe-3-768x1152.webp 768w, https:\/\/ayurvedisktcenter.se\/wp-content\/uploads\/2025\/07\/AyurvedisktcenterSoMe-3-1024x1536.webp 1024w, https:\/\/ayurvedisktcenter.se\/wp-content\/uploads\/2025\/07\/AyurvedisktcenterSoMe-3.webp 1080w\" sizes=\"(max-width: 683px) 100vw, 683px\" \/>\t\t\t\t\t\t\t\t\t\t\t\t\t\t\t<\/div>\n\t\t\t\t<\/div>\n\t\t\t\t<\/div>\n\t\t<div class=\"elementor-element elementor-element-ef186a5 e-con-full e-flex e-con e-child\" data-id=\"ef186a5\" data-element_type=\"container\" data-e-type=\"container\">\n\t\t\t\t<div class=\"elementor-element elementor-element-e8c39dc elementor-widget__width-initial elementor-invisible elementor-widget elementor-widget-heading\" data-id=\"e8c39dc\" data-element_type=\"widget\" data-e-type=\"widget\" data-settings=\"{&quot;_animation&quot;:&quot;fadeIn&quot;,&quot;_animation_delay&quot;:200}\" data-widget_type=\"heading.default\">\n\t\t\t\t<div class=\"elementor-widget-container\">\n\t\t\t\t\t<h2 class=\"elementor-heading-title elementor-size-default\">Redo att skapa balans p\u00e5 jobbet?<\/h2>\t\t\t\t<\/div>\n\t\t\t\t<\/div>\n\t\t\t\t<div class=\"elementor-element elementor-element-4627808 elementor-invisible elementor-widget elementor-widget-text-editor\" data-id=\"4627808\" data-element_type=\"widget\" data-e-type=\"widget\" data-settings=\"{&quot;_animation&quot;:&quot;fadeIn&quot;,&quot;_animation_delay&quot;:400}\" data-widget_type=\"text-editor.default\">\n\t\t\t\t<div class=\"elementor-widget-container\">\n\t\t\t\t\t\t\t\t\t<p>Skicka ett mail till oss med informationen ovan, s\u00e5 s\u00e4tter vi upp ert konto och ni kan komma ig\u00e5ng med yogan inom tv\u00e5 dagar!<\/p>\t\t\t\t\t\t\t\t<\/div>\n\t\t\t\t<\/div>\n\t\t<div class=\"elementor-element elementor-element-578793f e-con-full e-flex e-con e-child\" data-id=\"578793f\" data-element_type=\"container\" data-e-type=\"container\">\n\t\t\t\t<div class=\"elementor-element elementor-element-e0d6e9e elementor-invisible elementor-widget elementor-widget-button\" data-id=\"e0d6e9e\" data-element_type=\"widget\" data-e-type=\"widget\" data-settings=\"{&quot;_animation&quot;:&quot;fadeIn&quot;,&quot;_animation_delay&quot;:600}\" data-widget_type=\"button.default\">\n\t\t\t\t<div class=\"elementor-widget-container\">\n\t\t\t\t\t\t\t\t\t<div class=\"elementor-button-wrapper\">\n\t\t\t\t\t<a class=\"elementor-button elementor-button-link elementor-size-sm elementor-animation-bob\" href=\"mailto:info@ayurvedisktcenter.se\">\n\t\t\t\t\t\t<span class=\"elementor-button-content-wrapper\">\n\t\t\t\t\t\t\t\t\t<span class=\"elementor-button-text\">Kontakta oss &amp; kom ig\u00e5ng direkt<\/span>\n\t\t\t\t\t<\/span>\n\t\t\t\t\t<\/a>\n\t\t\t\t<\/div>\n\t\t\t\t\t\t\t\t<\/div>\n\t\t\t\t<\/div>\n\t\t\t\t<\/div>\n\t\t\t\t<\/div>\n\t\t\t\t<\/div>\n\t\t\t\t\t<\/div>\n\t\t\t\t<\/div>\n\t\t<div class=\"elementor-element elementor-element-cd2fec1 e-flex e-con-boxed e-con e-parent\" data-id=\"cd2fec1\" data-element_type=\"container\" data-e-type=\"container\" data-settings=\"{&quot;background_background&quot;:&quot;classic&quot;,&quot;background_motion_fx_motion_fx_scrolling&quot;:&quot;yes&quot;,&quot;background_motion_fx_translateY_effect&quot;:&quot;yes&quot;,&quot;background_motion_fx_translateY_speed&quot;:{&quot;unit&quot;:&quot;px&quot;,&quot;size&quot;:7.9,&quot;sizes&quot;:[]},&quot;background_motion_fx_translateY_affectedRange&quot;:{&quot;unit&quot;:&quot;%&quot;,&quot;size&quot;:&quot;&quot;,&quot;sizes&quot;:{&quot;start&quot;:0,&quot;end&quot;:100}},&quot;background_motion_fx_devices&quot;:[&quot;desktop&quot;,&quot;tablet&quot;,&quot;mobile&quot;]}\">\n\t\t\t\t\t<div class=\"e-con-inner\">\n\t\t\t\t<div class=\"elementor-element elementor-element-747853a elementor-invisible elementor-widget elementor-widget-text-editor\" data-id=\"747853a\" data-element_type=\"widget\" data-e-type=\"widget\" data-settings=\"{&quot;_animation&quot;:&quot;fadeIn&quot;}\" data-widget_type=\"text-editor.default\">\n\t\t\t\t<div class=\"elementor-widget-container\">\n\t\t\t\t\t\t\t\t\t<p>Vanliga fr\u00e5gor<\/p>\t\t\t\t\t\t\t\t<\/div>\n\t\t\t\t<\/div>\n\t\t\t\t<div class=\"elementor-element elementor-element-80be067 elementor-widget__width-initial elementor-invisible elementor-widget elementor-widget-heading\" data-id=\"80be067\" data-element_type=\"widget\" data-e-type=\"widget\" data-settings=\"{&quot;_animation&quot;:&quot;fadeIn&quot;,&quot;_animation_delay&quot;:200}\" data-widget_type=\"heading.default\">\n\t\t\t\t<div class=\"elementor-widget-container\">\n\t\t\t\t\t<h2 class=\"elementor-heading-title elementor-size-default\">Vanliga fr\u00e5gor om f\u00f6retagsyoga<\/h2>\t\t\t\t<\/div>\n\t\t\t\t<\/div>\n\t\t<div class=\"elementor-element elementor-element-c837e87 e-con-full e-flex e-con e-child\" data-id=\"c837e87\" data-element_type=\"container\" data-e-type=\"container\">\n\t\t<div class=\"elementor-element elementor-element-2379cad e-con-full e-flex e-con e-child\" data-id=\"2379cad\" data-element_type=\"container\" data-e-type=\"container\">\n\t\t\t\t<div class=\"elementor-element elementor-element-5ae2296 elementor-widget__width-inherit elementor-invisible elementor-widget elementor-widget-elementskit-accordion\" data-id=\"5ae2296\" data-element_type=\"widget\" data-e-type=\"widget\" data-settings=\"{&quot;_animation&quot;:&quot;fadeIn&quot;,&quot;_animation_delay&quot;:400}\" data-widget_type=\"elementskit-accordion.default\">\n\t\t\t\t<div class=\"elementor-widget-container\">\n\t\t\t\t\t<div class=\"ekit-wid-con\" >\n        <div class=\"elementskit-accordion accoedion-primary\" id=\"accordion-6a9adc66637c0\">\n\n            \n                <div class=\"elementskit-card \">\n                    <div class=\"elementskit-card-header\" id=\"primaryHeading-0-5ae2296\" role=\"heading\" aria-level=\"3\">\n                        <a href=\"#collapse-f2301cb6a9adc66637c0\" class=\"ekit-accordion--toggler elementskit-btn-link collapsed\" role=\"button\" data-ekit-toggle=\"collapse\" data-target=\"#Collapse-f2301cb6a9adc66637c0\" aria-expanded=\"false\" aria-controls=\"Collapse-f2301cb6a9adc66637c0\">\n                            \n                            <span class=\"ekit-accordion-title\">Passar era klasser f\u00f6r nyb\u00f6rjare?<\/span>\n\n                            \n                                <div class=\"ekit_accordion_icon_group\">\n                                    <div class=\"ekit_accordion_normal_icon\">\n                                        <!-- Normal Icon -->\n\t\t\t\t\t\t\t\t\t\t<i class=\"icon icon-plus\"><\/i>                                    <\/div>\n\n                                    <div class=\"ekit_accordion_active_icon\">\n                                        <!-- Active Icon -->\n\t\t\t\t\t\t\t\t\t\t<i class=\"icon icon-cross\"><\/i>                                    <\/div>\n                                <\/div>\n\n                            \n                                                    <\/a>\n                    <\/div>\n\n                    <div id=\"Collapse-f2301cb6a9adc66637c0\" class=\" collapse\" role=\"region\" aria-labelledby=\"primaryHeading-0-5ae2296\" data-parent=\"#accordion-6a9adc66637c0\">\n\n                        <div class=\"elementskit-card-body ekit-accordion--content\">\n                            <p>Ja! V\u00e5ra pass \u00e4r anpassade f\u00f6r alla niv\u00e5er. M\u00e5nga som b\u00f6rjar med f\u00f6retagsyoga har aldrig provat yoga tidigare, och vi guidar p\u00e5 ett tryggt och enkelt s\u00e4tt.<\/p>                        <\/div>\n\n                    <\/div>\n\n                <\/div><!-- .elementskit-card END -->\n\n                \n                <div class=\"elementskit-card \">\n                    <div class=\"elementskit-card-header\" id=\"primaryHeading-1-5ae2296\" role=\"heading\" aria-level=\"3\">\n                        <a href=\"#collapse-dda4ea46a9adc66637c0\" class=\"ekit-accordion--toggler elementskit-btn-link collapsed\" role=\"button\" data-ekit-toggle=\"collapse\" data-target=\"#Collapse-dda4ea46a9adc66637c0\" aria-expanded=\"false\" aria-controls=\"Collapse-dda4ea46a9adc66637c0\">\n                            \n                            <span class=\"ekit-accordion-title\">Hur fungerar klippkort f\u00f6r f\u00f6retag \u2013 kan vi dela dem mellan medarbetare?<\/span>\n\n                            \n                                <div class=\"ekit_accordion_icon_group\">\n                                    <div class=\"ekit_accordion_normal_icon\">\n                                        <!-- Normal Icon -->\n\t\t\t\t\t\t\t\t\t\t<i class=\"icon icon-plus\"><\/i>                                    <\/div>\n\n                                    <div class=\"ekit_accordion_active_icon\">\n                                        <!-- Active Icon -->\n\t\t\t\t\t\t\t\t\t\t<i class=\"icon icon-cross\"><\/i>                                    <\/div>\n                                <\/div>\n\n                            \n                                                    <\/a>\n                    <\/div>\n\n                    <div id=\"Collapse-dda4ea46a9adc66637c0\" class=\" collapse\" role=\"region\" aria-labelledby=\"primaryHeading-1-5ae2296\" data-parent=\"#accordion-6a9adc66637c0\">\n\n                        <div class=\"elementskit-card-body ekit-accordion--content\">\n                            <p>Ja, klippkortet \u00e4r gemensamt f\u00f6r ert f\u00f6retag och kan anv\u00e4ndas av alla i teamet. Ni v\u00e4ljer sj\u00e4lva vem som g\u00e5r p\u00e5 vilken klass.<\/p>                        <\/div>\n\n                    <\/div>\n\n                <\/div><!-- .elementskit-card END -->\n\n                \n                <div class=\"elementskit-card \">\n                    <div class=\"elementskit-card-header\" id=\"primaryHeading-2-5ae2296\" role=\"heading\" aria-level=\"3\">\n                        <a href=\"#collapse-a4f48b16a9adc66637c0\" class=\"ekit-accordion--toggler elementskit-btn-link collapsed\" role=\"button\" data-ekit-toggle=\"collapse\" data-target=\"#Collapse-a4f48b16a9adc66637c0\" aria-expanded=\"false\" aria-controls=\"Collapse-a4f48b16a9adc66637c0\">\n                            \n                            <span class=\"ekit-accordion-title\">Beh\u00f6ver vi boka specifika tider n\u00e4r vi anv\u00e4nder klippkort?<\/span>\n\n                            \n                                <div class=\"ekit_accordion_icon_group\">\n                                    <div class=\"ekit_accordion_normal_icon\">\n                                        <!-- Normal Icon -->\n\t\t\t\t\t\t\t\t\t\t<i class=\"icon icon-plus\"><\/i>                                    <\/div>\n\n                                    <div class=\"ekit_accordion_active_icon\">\n                                        <!-- Active Icon -->\n\t\t\t\t\t\t\t\t\t\t<i class=\"icon icon-cross\"><\/i>                                    <\/div>\n                                <\/div>\n\n                            \n                                                    <\/a>\n                    <\/div>\n\n                    <div id=\"Collapse-a4f48b16a9adc66637c0\" class=\" collapse\" role=\"region\" aria-labelledby=\"primaryHeading-2-5ae2296\" data-parent=\"#accordion-6a9adc66637c0\">\n\n                        <div class=\"elementskit-card-body ekit-accordion--content\">\n                            <p>Nej, med klippkortet kan era medarbetare boka sig p\u00e5 v\u00e5ra \u00f6ppna klasser via appen \u2013 den dag och tid som passar dem b\u00e4st.<\/p>                        <\/div>\n\n                    <\/div>\n\n                <\/div><!-- .elementskit-card END -->\n\n                \n                <div class=\"elementskit-card \">\n                    <div class=\"elementskit-card-header\" id=\"primaryHeading-3-5ae2296\" role=\"heading\" aria-level=\"3\">\n                        <a href=\"#collapse-549667c6a9adc66637c0\" class=\"ekit-accordion--toggler elementskit-btn-link collapsed\" role=\"button\" data-ekit-toggle=\"collapse\" data-target=\"#Collapse-549667c6a9adc66637c0\" aria-expanded=\"false\" aria-controls=\"Collapse-549667c6a9adc66637c0\">\n                            \n                            <span class=\"ekit-accordion-title\">Kan man blanda drop-in och on-site-klasser i samma uppl\u00e4gg?<\/span>\n\n                            \n                                <div class=\"ekit_accordion_icon_group\">\n                                    <div class=\"ekit_accordion_normal_icon\">\n                                        <!-- Normal Icon -->\n\t\t\t\t\t\t\t\t\t\t<i class=\"icon icon-plus\"><\/i>                                    <\/div>\n\n                                    <div class=\"ekit_accordion_active_icon\">\n                                        <!-- Active Icon -->\n\t\t\t\t\t\t\t\t\t\t<i class=\"icon icon-cross\"><\/i>                                    <\/div>\n                                <\/div>\n\n                            \n                                                    <\/a>\n                    <\/div>\n\n                    <div id=\"Collapse-549667c6a9adc66637c0\" class=\" collapse\" role=\"region\" aria-labelledby=\"primaryHeading-3-5ae2296\" data-parent=\"#accordion-6a9adc66637c0\">\n\n                        <div class=\"elementskit-card-body ekit-accordion--content\">\n                            <p>Ja, vi skr\u00e4ddarsyr g\u00e4rna uppl\u00e4gget s\u00e5 att det passar er arbetsvardag. Vissa f\u00f6retag b\u00f6rjar med klippkort och l\u00e4gger sedan till on-site-klasser n\u00e4r behovet v\u00e4xer.<\/p>                        <\/div>\n\n                    <\/div>\n\n                <\/div><!-- .elementskit-card END -->\n\n                \n                <div class=\"elementskit-card \">\n                    <div class=\"elementskit-card-header\" id=\"primaryHeading-4-5ae2296\" role=\"heading\" aria-level=\"3\">\n                        <a href=\"#collapse-2f4630c6a9adc66637c0\" class=\"ekit-accordion--toggler elementskit-btn-link collapsed\" role=\"button\" data-ekit-toggle=\"collapse\" data-target=\"#Collapse-2f4630c6a9adc66637c0\" aria-expanded=\"false\" aria-controls=\"Collapse-2f4630c6a9adc66637c0\">\n                            \n                            <span class=\"ekit-accordion-title\">Hur l\u00e5ng tid tar ett yogapass?<\/span>\n\n                            \n                                <div class=\"ekit_accordion_icon_group\">\n                                    <div class=\"ekit_accordion_normal_icon\">\n                                        <!-- Normal Icon -->\n\t\t\t\t\t\t\t\t\t\t<i class=\"icon icon-plus\"><\/i>                                    <\/div>\n\n                                    <div class=\"ekit_accordion_active_icon\">\n                                        <!-- Active Icon -->\n\t\t\t\t\t\t\t\t\t\t<i class=\"icon icon-cross\"><\/i>                                    <\/div>\n                                <\/div>\n\n                            \n                                                    <\/a>\n                    <\/div>\n\n                    <div id=\"Collapse-2f4630c6a9adc66637c0\" class=\" collapse\" role=\"region\" aria-labelledby=\"primaryHeading-4-5ae2296\" data-parent=\"#accordion-6a9adc66637c0\">\n\n                        <div class=\"elementskit-card-body ekit-accordion--content\">\n                            <p>V\u00e5ra drop-in-klasser varierar mellan 55-75 min.<\/p><p>F\u00f6r on-site kan ni v\u00e4lja mellan 30 min och 55 min \u2013 perfekt att l\u00e4gga in i anslutning till arbetsdagen.<\/p>                        <\/div>\n\n                    <\/div>\n\n                <\/div><!-- .elementskit-card END -->\n\n                                        <\/div>\n    <\/div>\t\t\t\t<\/div>\n\t\t\t\t<\/div>\n\t\t\t\t<\/div>\n\t\t<div class=\"elementor-element elementor-element-c16abf7 e-con-full e-flex e-con e-child\" data-id=\"c16abf7\" data-element_type=\"container\" data-e-type=\"container\">\n\t\t\t\t<div class=\"elementor-element elementor-element-702dabd elementor-widget__width-inherit elementor-invisible elementor-widget elementor-widget-elementskit-accordion\" data-id=\"702dabd\" data-element_type=\"widget\" data-e-type=\"widget\" data-settings=\"{&quot;_animation&quot;:&quot;fadeIn&quot;,&quot;_animation_delay&quot;:400}\" data-widget_type=\"elementskit-accordion.default\">\n\t\t\t\t<div class=\"elementor-widget-container\">\n\t\t\t\t\t<div class=\"ekit-wid-con\" >\n        <div class=\"elementskit-accordion accoedion-primary\" id=\"accordion-6a9adc66642a0\">\n\n            \n                <div class=\"elementskit-card \">\n                    <div class=\"elementskit-card-header\" id=\"primaryHeading-0-702dabd\" role=\"heading\" aria-level=\"3\">\n                        <a href=\"#collapse-68ccdef6a9adc66642a0\" class=\"ekit-accordion--toggler elementskit-btn-link collapsed\" role=\"button\" data-ekit-toggle=\"collapse\" data-target=\"#Collapse-68ccdef6a9adc66642a0\" aria-expanded=\"false\" aria-controls=\"Collapse-68ccdef6a9adc66642a0\">\n                            \n                            <span class=\"ekit-accordion-title\">Vad beh\u00f6ver vi som f\u00f6retag ordna inf\u00f6r kontorsyoga?<\/span>\n\n                            \n                                <div class=\"ekit_accordion_icon_group\">\n                                    <div class=\"ekit_accordion_normal_icon\">\n                                        <!-- Normal Icon -->\n\t\t\t\t\t\t\t\t\t\t<i class=\"icon icon-plus\"><\/i>                                    <\/div>\n\n                                    <div class=\"ekit_accordion_active_icon\">\n                                        <!-- Active Icon -->\n\t\t\t\t\t\t\t\t\t\t<i class=\"icon icon-cross\"><\/i>                                    <\/div>\n                                <\/div>\n\n                            \n                                                    <\/a>\n                    <\/div>\n\n                    <div id=\"Collapse-68ccdef6a9adc66642a0\" class=\" collapse\" role=\"region\" aria-labelledby=\"primaryHeading-0-702dabd\" data-parent=\"#accordion-6a9adc66642a0\">\n\n                        <div class=\"elementskit-card-body ekit-accordion--content\">\n                            <p>Ni beh\u00f6ver bara ett lugnt rum med sitt eller st\u00e5plats f\u00f6r era medarbetare. I de fall ni har ett st\u00f6rre rum som till\u00e5ter yoga p\u00e5 matta tar vi med utrustning, alternativt hittar en l\u00f6sning med er om att beh\u00e5lla utrustningen p\u00e5 plats under tiden f\u00f6r v\u00e5rt samarbete.<\/p>                        <\/div>\n\n                    <\/div>\n\n                <\/div><!-- .elementskit-card END -->\n\n                \n                <div class=\"elementskit-card \">\n                    <div class=\"elementskit-card-header\" id=\"primaryHeading-1-702dabd\" role=\"heading\" aria-level=\"3\">\n                        <a href=\"#collapse-a69ecf96a9adc66642a0\" class=\"ekit-accordion--toggler elementskit-btn-link collapsed\" role=\"button\" data-ekit-toggle=\"collapse\" data-target=\"#Collapse-a69ecf96a9adc66642a0\" aria-expanded=\"false\" aria-controls=\"Collapse-a69ecf96a9adc66642a0\">\n                            \n                            <span class=\"ekit-accordion-title\">Kan vi testa ett pass innan vi best\u00e4mmer oss?<\/span>\n\n                            \n                                <div class=\"ekit_accordion_icon_group\">\n                                    <div class=\"ekit_accordion_normal_icon\">\n                                        <!-- Normal Icon -->\n\t\t\t\t\t\t\t\t\t\t<i class=\"icon icon-plus\"><\/i>                                    <\/div>\n\n                                    <div class=\"ekit_accordion_active_icon\">\n                                        <!-- Active Icon -->\n\t\t\t\t\t\t\t\t\t\t<i class=\"icon icon-cross\"><\/i>                                    <\/div>\n                                <\/div>\n\n                            \n                                                    <\/a>\n                    <\/div>\n\n                    <div id=\"Collapse-a69ecf96a9adc66642a0\" class=\" collapse\" role=\"region\" aria-labelledby=\"primaryHeading-1-702dabd\" data-parent=\"#accordion-6a9adc66642a0\">\n\n                        <div class=\"elementskit-card-body ekit-accordion--content\">\n                            <p>Absolut. Vi erbjuder prova-p\u00e5-klasser b\u00e5de i v\u00e5r studio och p\u00e5 plats hos er. Det \u00e4r ett bra s\u00e4tt att k\u00e4nna av vad som passar er.<\/p><p>Kontakta oss om ni vill ha ett prisf\u00f6rslag f\u00f6r att prova p\u00e5 antingen kontorsyoga eller drop-in-yoga.\u00a0<\/p>                        <\/div>\n\n                    <\/div>\n\n                <\/div><!-- .elementskit-card END -->\n\n                \n                <div class=\"elementskit-card \">\n                    <div class=\"elementskit-card-header\" id=\"primaryHeading-2-702dabd\" role=\"heading\" aria-level=\"3\">\n                        <a href=\"#collapse-73277326a9adc66642a0\" class=\"ekit-accordion--toggler elementskit-btn-link collapsed\" role=\"button\" data-ekit-toggle=\"collapse\" data-target=\"#Collapse-73277326a9adc66642a0\" aria-expanded=\"false\" aria-controls=\"Collapse-73277326a9adc66642a0\">\n                            \n                            <span class=\"ekit-accordion-title\">Kan ni komma till oss om vi har hybridteam?<\/span>\n\n                            \n                                <div class=\"ekit_accordion_icon_group\">\n                                    <div class=\"ekit_accordion_normal_icon\">\n                                        <!-- Normal Icon -->\n\t\t\t\t\t\t\t\t\t\t<i class=\"icon icon-plus\"><\/i>                                    <\/div>\n\n                                    <div class=\"ekit_accordion_active_icon\">\n                                        <!-- Active Icon -->\n\t\t\t\t\t\t\t\t\t\t<i class=\"icon icon-cross\"><\/i>                                    <\/div>\n                                <\/div>\n\n                            \n                                                    <\/a>\n                    <\/div>\n\n                    <div id=\"Collapse-73277326a9adc66642a0\" class=\" collapse\" role=\"region\" aria-labelledby=\"primaryHeading-2-702dabd\" data-parent=\"#accordion-6a9adc66642a0\">\n\n                        <div class=\"elementskit-card-body ekit-accordion--content\">\n                            <p>Ja! Vi kan h\u00e5lla klassen p\u00e5 plats hos er samtidigt som vi lives\u00e4nder s\u00e5 att de som jobbar hemifr\u00e5n kan delta via Zoom eller Google Meet.<\/p>                        <\/div>\n\n                    <\/div>\n\n                <\/div><!-- .elementskit-card END -->\n\n                \n                <div class=\"elementskit-card \">\n                    <div class=\"elementskit-card-header\" id=\"primaryHeading-3-702dabd\" role=\"heading\" aria-level=\"3\">\n                        <a href=\"#collapse-b96f70d6a9adc66642a0\" class=\"ekit-accordion--toggler elementskit-btn-link collapsed\" role=\"button\" data-ekit-toggle=\"collapse\" data-target=\"#Collapse-b96f70d6a9adc66642a0\" aria-expanded=\"false\" aria-controls=\"Collapse-b96f70d6a9adc66642a0\">\n                            \n                            <span class=\"ekit-accordion-title\">Kan ni anpassa passen efter specifika behov (t.ex. mycket stillasittande arbete eller h\u00f6ga stressniv\u00e5er)?<\/span>\n\n                            \n                                <div class=\"ekit_accordion_icon_group\">\n                                    <div class=\"ekit_accordion_normal_icon\">\n                                        <!-- Normal Icon -->\n\t\t\t\t\t\t\t\t\t\t<i class=\"icon icon-plus\"><\/i>                                    <\/div>\n\n                                    <div class=\"ekit_accordion_active_icon\">\n                                        <!-- Active Icon -->\n\t\t\t\t\t\t\t\t\t\t<i class=\"icon icon-cross\"><\/i>                                    <\/div>\n                                <\/div>\n\n                            \n                                                    <\/a>\n                    <\/div>\n\n                    <div id=\"Collapse-b96f70d6a9adc66642a0\" class=\" collapse\" role=\"region\" aria-labelledby=\"primaryHeading-3-702dabd\" data-parent=\"#accordion-6a9adc66642a0\">\n\n                        <div class=\"elementskit-card-body ekit-accordion--content\">\n                            <p>Ja, vi anpassar alltid klasserna utifr\u00e5n deltagarnas behov. Fokus kan vara p\u00e5 r\u00f6rlighet, avslappning, \u00e5terh\u00e4mtning eller energi \u2013 beroende p\u00e5 vad ni \u00f6nskar.<\/p>                        <\/div>\n\n                    <\/div>\n\n                <\/div><!-- .elementskit-card END -->\n\n                \n                <div class=\"elementskit-card \">\n                    <div class=\"elementskit-card-header\" id=\"primaryHeading-4-702dabd\" role=\"heading\" aria-level=\"3\">\n                        <a href=\"#collapse-5eab8996a9adc66642a0\" class=\"ekit-accordion--toggler elementskit-btn-link collapsed\" role=\"button\" data-ekit-toggle=\"collapse\" data-target=\"#Collapse-5eab8996a9adc66642a0\" aria-expanded=\"false\" aria-controls=\"Collapse-5eab8996a9adc66642a0\">\n                            \n                            <span class=\"ekit-accordion-title\">Vilken typ av yoga erbjuder ni? \u00c4r det lugn eller fysisk yoga?<\/span>\n\n                            \n                                <div class=\"ekit_accordion_icon_group\">\n                                    <div class=\"ekit_accordion_normal_icon\">\n                                        <!-- Normal Icon -->\n\t\t\t\t\t\t\t\t\t\t<i class=\"icon icon-plus\"><\/i>                                    <\/div>\n\n                                    <div class=\"ekit_accordion_active_icon\">\n                                        <!-- Active Icon -->\n\t\t\t\t\t\t\t\t\t\t<i class=\"icon icon-cross\"><\/i>                                    <\/div>\n                                <\/div>\n\n                            \n                                                    <\/a>\n                    <\/div>\n\n                    <div id=\"Collapse-5eab8996a9adc66642a0\" class=\" collapse\" role=\"region\" aria-labelledby=\"primaryHeading-4-702dabd\" data-parent=\"#accordion-6a9adc66642a0\">\n\n                        <div class=\"elementskit-card-body ekit-accordion--content\">\n                            <p>Vi erbjuder flera olika klasser, fr\u00e5n lugn, \u00e5terh\u00e4mtande yoga till mer dynamiska pass. Oavsett typ \u00e4r klasserna oftast tillg\u00e4ngliga \u00e4ven f\u00f6r nyb\u00f6rjare.<\/p>                        <\/div>\n\n                    <\/div>\n\n                <\/div><!-- .elementskit-card END -->\n\n                                        <\/div>\n    <\/div>\t\t\t\t<\/div>\n\t\t\t\t<\/div>\n\t\t\t\t<\/div>\n\t\t\t\t<\/div>\n\t\t\t\t\t<\/div>\n\t\t\t\t<\/div>\n\t\t\t\t<\/div>\n\t\t","protected":false},"excerpt":{"rendered":"<p>F\u00f6retagsyoga &#8211; drop-in Ge ditt team friheten att sj\u00e4lva v\u00e4lja n\u00e4r de vill yoga V\u00e5ra f\u00f6retagsklippkort g\u00f6r det enkelt f\u00f6r mindre f\u00f6retag och hybrida team att m\u00e5 bra p\u00e5 jobbet, [&hellip;]<\/p>\n","protected":false},"author":1,"featured_media":0,"parent":0,"menu_order":0,"comment_status":"closed","ping_status":"closed","template":"","meta":{"_acf_changed":false,"_EventAllDay":false,"_EventTimezone":"","_EventStartDate":"","_EventEndDate":"","_EventStartDateUTC":"","_EventEndDateUTC":"","_EventShowMap":false,"_EventShowMapLink":false,"_EventURL":"","_EventCost":"","_EventCostDescription":"","_EventCurrencySymbol":"","_EventCurrencyCode":"","_EventCurrencyPosition":"","_EventDateTimeSeparator":"","_EventTimeRangeSeparator":"","_EventOrganizerID":[],"_EventVenueID":[],"_OrganizerEmail":"","_OrganizerPhone":"","_OrganizerWebsite":"","_VenueAddress":"","_VenueCity":"","_VenueCountry":"","_VenueProvince":"","_VenueState":"","_VenueZip":"","_VenuePhone":"","_VenueURL":"","_VenueStateProvince":"","_VenueLat":"","_VenueLng":"","_VenueShowMap":false,"_VenueShowMapLink":false,"footnotes":""},"class_list":["post-51926","page","type-page","status-publish","hentry"],"acf":[],"yoast_head":"<!-- This site is optimized with the Yoast SEO plugin v28.4 - https:\/\/yoast.com\/product\/yoast-seo-wordpress\/ -->\n<title>F\u00f6retagsyoga Malm\u00f6 | Drop-in-klasser - Ayurvediskt Center<\/title>\n<meta name=\"description\" content=\"F\u00f6retagsyoga i Malm\u00f6 med drop-in-klippkort. Ge ert team frihet att v\u00e4lja bland 12 klasser\/vecka. Perfekt f\u00f6r sm\u00e5 f\u00f6retag och hybridteam.\" \/>\n<meta name=\"robots\" content=\"index, follow, max-snippet:-1, max-image-preview:large, max-video-preview:-1\" \/>\n<link rel=\"canonical\" href=\"https:\/\/ayurvedisktcenter.se\/en\/foretagsyoga-malmo-drop-in-klasser\/\" \/>\n<meta property=\"og:locale\" content=\"en_US\" \/>\n<meta property=\"og:type\" content=\"article\" \/>\n<meta property=\"og:title\" content=\"F\u00f6retagsyoga Malm\u00f6 | Drop-in-klasser - Ayurvediskt Center\" \/>\n<meta property=\"og:description\" content=\"F\u00f6retagsyoga i Malm\u00f6 med drop-in-klippkort. Ge ert team frihet att v\u00e4lja bland 12 klasser\/vecka. Perfekt f\u00f6r sm\u00e5 f\u00f6retag och hybridteam.\" \/>\n<meta property=\"og:url\" content=\"https:\/\/ayurvedisktcenter.se\/en\/foretagsyoga-malmo-drop-in-klasser\/\" \/>\n<meta property=\"og:site_name\" content=\"Ayurvediskt Center\" \/>\n<meta property=\"article:publisher\" content=\"https:\/\/www.facebook.com\/ayurvedamalmo\/\" \/>\n<meta property=\"article:modified_time\" content=\"2026-08-20T10:18:44+00:00\" \/>\n<meta property=\"og:image\" content=\"https:\/\/ayurvedisktcenter.se\/wp-content\/uploads\/2025\/07\/AyurvedisktcenterSoMe-4-683x1024.webp\" \/>\n<meta name=\"twitter:card\" content=\"summary_large_image\" \/>\n<meta name=\"twitter:label1\" content=\"Est. reading time\" \/>\n\t<meta name=\"twitter:data1\" content=\"8 minutes\" \/>\n<script type=\"application\/ld+json\" class=\"yoast-schema-graph\">{\"@context\":\"https:\\\/\\\/schema.org\",\"@graph\":[{\"@type\":\"WebPage\",\"@id\":\"https:\\\/\\\/ayurvedisktcenter.se\\\/foretagsyoga-malmo-drop-in-klasser\\\/\",\"url\":\"https:\\\/\\\/ayurvedisktcenter.se\\\/foretagsyoga-malmo-drop-in-klasser\\\/\",\"name\":\"F\u00f6retagsyoga Malm\u00f6 | Drop-in-klasser - Ayurvediskt Center\",\"isPartOf\":{\"@id\":\"https:\\\/\\\/ayurvedisktcenter.se\\\/en\\\/#website\"},\"primaryImageOfPage\":{\"@id\":\"https:\\\/\\\/ayurvedisktcenter.se\\\/foretagsyoga-malmo-drop-in-klasser\\\/#primaryimage\"},\"image\":{\"@id\":\"https:\\\/\\\/ayurvedisktcenter.se\\\/foretagsyoga-malmo-drop-in-klasser\\\/#primaryimage\"},\"thumbnailUrl\":\"https:\\\/\\\/ayurvedisktcenter.se\\\/wp-content\\\/uploads\\\/2025\\\/07\\\/AyurvedisktcenterSoMe-4-683x1024.webp\",\"datePublished\":\"2025-07-25T14:14:06+00:00\",\"dateModified\":\"2026-08-20T10:18:44+00:00\",\"description\":\"F\u00f6retagsyoga i Malm\u00f6 med drop-in-klippkort. Ge ert team frihet att v\u00e4lja bland 12 klasser\\\/vecka. Perfekt f\u00f6r sm\u00e5 f\u00f6retag och hybridteam.\",\"breadcrumb\":{\"@id\":\"https:\\\/\\\/ayurvedisktcenter.se\\\/foretagsyoga-malmo-drop-in-klasser\\\/#breadcrumb\"},\"inLanguage\":\"en-US\",\"potentialAction\":[{\"@type\":\"ReadAction\",\"target\":[\"https:\\\/\\\/ayurvedisktcenter.se\\\/foretagsyoga-malmo-drop-in-klasser\\\/\"]}]},{\"@type\":\"ImageObject\",\"inLanguage\":\"en-US\",\"@id\":\"https:\\\/\\\/ayurvedisktcenter.se\\\/foretagsyoga-malmo-drop-in-klasser\\\/#primaryimage\",\"url\":\"https:\\\/\\\/ayurvedisktcenter.se\\\/wp-content\\\/uploads\\\/2025\\\/07\\\/AyurvedisktcenterSoMe-4-683x1024.webp\",\"contentUrl\":\"https:\\\/\\\/ayurvedisktcenter.se\\\/wp-content\\\/uploads\\\/2025\\\/07\\\/AyurvedisktcenterSoMe-4-683x1024.webp\"},{\"@type\":\"BreadcrumbList\",\"@id\":\"https:\\\/\\\/ayurvedisktcenter.se\\\/foretagsyoga-malmo-drop-in-klasser\\\/#breadcrumb\",\"itemListElement\":[{\"@type\":\"ListItem\",\"position\":1,\"name\":\"Hem\",\"item\":\"https:\\\/\\\/ayurvedisktcenter.se\\\/\"},{\"@type\":\"ListItem\",\"position\":2,\"name\":\"F\u00f6retagsyoga Malm\u00f6 | Drop-in-klasser\"}]},{\"@type\":\"WebSite\",\"@id\":\"https:\\\/\\\/ayurvedisktcenter.se\\\/en\\\/#website\",\"url\":\"https:\\\/\\\/ayurvedisktcenter.se\\\/en\\\/\",\"name\":\"Ayurvediskt Center Malm\u00f6\",\"description\":\"Tidl\u00f6s visdom f\u00f6r ett liv i balans\",\"publisher\":{\"@id\":\"https:\\\/\\\/ayurvedisktcenter.se\\\/en\\\/#organization\"},\"potentialAction\":[{\"@type\":\"SearchAction\",\"target\":{\"@type\":\"EntryPoint\",\"urlTemplate\":\"https:\\\/\\\/ayurvedisktcenter.se\\\/en\\\/?s={search_term_string}\"},\"query-input\":{\"@type\":\"PropertyValueSpecification\",\"valueRequired\":true,\"valueName\":\"search_term_string\"}}],\"inLanguage\":\"en-US\"},{\"@type\":\"Organization\",\"@id\":\"https:\\\/\\\/ayurvedisktcenter.se\\\/en\\\/#organization\",\"name\":\"Ayurvediskt Center Malm\u00f6\",\"url\":\"https:\\\/\\\/ayurvedisktcenter.se\\\/en\\\/\",\"logo\":{\"@type\":\"ImageObject\",\"inLanguage\":\"en-US\",\"@id\":\"https:\\\/\\\/ayurvedisktcenter.se\\\/en\\\/#\\\/schema\\\/logo\\\/image\\\/\",\"url\":\"https:\\\/\\\/ayurvedisktcenter.se\\\/wp-content\\\/uploads\\\/2025\\\/06\\\/ACM_Logotype_Dark.svg\",\"contentUrl\":\"https:\\\/\\\/ayurvedisktcenter.se\\\/wp-content\\\/uploads\\\/2025\\\/06\\\/ACM_Logotype_Dark.svg\",\"width\":1500,\"height\":1500,\"caption\":\"Ayurvediskt Center Malm\u00f6\"},\"image\":{\"@id\":\"https:\\\/\\\/ayurvedisktcenter.se\\\/en\\\/#\\\/schema\\\/logo\\\/image\\\/\"},\"sameAs\":[\"https:\\\/\\\/www.facebook.com\\\/ayurvedamalmo\\\/\",\"https:\\\/\\\/instagram.com\\\/ayurvedisktcenter\"]}]}<\/script>\n<!-- \/ Yoast SEO plugin. -->","yoast_head_json":{"title":"F\u00f6retagsyoga Malm\u00f6 | Drop-in-klasser - Ayurvediskt Center","description":"F\u00f6retagsyoga i Malm\u00f6 med drop-in-klippkort. Ge ert team frihet att v\u00e4lja bland 12 klasser\/vecka. Perfekt f\u00f6r sm\u00e5 f\u00f6retag och hybridteam.","robots":{"index":"index","follow":"follow","max-snippet":"max-snippet:-1","max-image-preview":"max-image-preview:large","max-video-preview":"max-video-preview:-1"},"canonical":"https:\/\/ayurvedisktcenter.se\/en\/foretagsyoga-malmo-drop-in-klasser\/","og_locale":"en_US","og_type":"article","og_title":"F\u00f6retagsyoga Malm\u00f6 | Drop-in-klasser - Ayurvediskt Center","og_description":"F\u00f6retagsyoga i Malm\u00f6 med drop-in-klippkort. Ge ert team frihet att v\u00e4lja bland 12 klasser\/vecka. Perfekt f\u00f6r sm\u00e5 f\u00f6retag och hybridteam.","og_url":"https:\/\/ayurvedisktcenter.se\/en\/foretagsyoga-malmo-drop-in-klasser\/","og_site_name":"Ayurvediskt Center","article_publisher":"https:\/\/www.facebook.com\/ayurvedamalmo\/","article_modified_time":"2026-08-20T10:18:44+00:00","og_image":[{"url":"https:\/\/ayurvedisktcenter.se\/wp-content\/uploads\/2025\/07\/AyurvedisktcenterSoMe-4-683x1024.webp","type":"","width":"","height":""}],"twitter_card":"summary_large_image","twitter_misc":{"Est. reading time":"8 minutes"},"schema":{"@context":"https:\/\/schema.org","@graph":[{"@type":"WebPage","@id":"https:\/\/ayurvedisktcenter.se\/foretagsyoga-malmo-drop-in-klasser\/","url":"https:\/\/ayurvedisktcenter.se\/foretagsyoga-malmo-drop-in-klasser\/","name":"F\u00f6retagsyoga Malm\u00f6 | Drop-in-klasser - Ayurvediskt Center","isPartOf":{"@id":"https:\/\/ayurvedisktcenter.se\/en\/#website"},"primaryImageOfPage":{"@id":"https:\/\/ayurvedisktcenter.se\/foretagsyoga-malmo-drop-in-klasser\/#primaryimage"},"image":{"@id":"https:\/\/ayurvedisktcenter.se\/foretagsyoga-malmo-drop-in-klasser\/#primaryimage"},"thumbnailUrl":"https:\/\/ayurvedisktcenter.se\/wp-content\/uploads\/2025\/07\/AyurvedisktcenterSoMe-4-683x1024.webp","datePublished":"2025-07-25T14:14:06+00:00","dateModified":"2026-08-20T10:18:44+00:00","description":"F\u00f6retagsyoga i Malm\u00f6 med drop-in-klippkort. Ge ert team frihet att v\u00e4lja bland 12 klasser\/vecka. Perfekt f\u00f6r sm\u00e5 f\u00f6retag och hybridteam.","breadcrumb":{"@id":"https:\/\/ayurvedisktcenter.se\/foretagsyoga-malmo-drop-in-klasser\/#breadcrumb"},"inLanguage":"en-US","potentialAction":[{"@type":"ReadAction","target":["https:\/\/ayurvedisktcenter.se\/foretagsyoga-malmo-drop-in-klasser\/"]}]},{"@type":"ImageObject","inLanguage":"en-US","@id":"https:\/\/ayurvedisktcenter.se\/foretagsyoga-malmo-drop-in-klasser\/#primaryimage","url":"https:\/\/ayurvedisktcenter.se\/wp-content\/uploads\/2025\/07\/AyurvedisktcenterSoMe-4-683x1024.webp","contentUrl":"https:\/\/ayurvedisktcenter.se\/wp-content\/uploads\/2025\/07\/AyurvedisktcenterSoMe-4-683x1024.webp"},{"@type":"BreadcrumbList","@id":"https:\/\/ayurvedisktcenter.se\/foretagsyoga-malmo-drop-in-klasser\/#breadcrumb","itemListElement":[{"@type":"ListItem","position":1,"name":"Hem","item":"https:\/\/ayurvedisktcenter.se\/"},{"@type":"ListItem","position":2,"name":"F\u00f6retagsyoga Malm\u00f6 | Drop-in-klasser"}]},{"@type":"WebSite","@id":"https:\/\/ayurvedisktcenter.se\/en\/#website","url":"https:\/\/ayurvedisktcenter.se\/en\/","name":"Ayurvedic Center Malm\u00f6","description":"Timeless wisdom for a balanced life","publisher":{"@id":"https:\/\/ayurvedisktcenter.se\/en\/#organization"},"potentialAction":[{"@type":"SearchAction","target":{"@type":"EntryPoint","urlTemplate":"https:\/\/ayurvedisktcenter.se\/en\/?s={search_term_string}"},"query-input":{"@type":"PropertyValueSpecification","valueRequired":true,"valueName":"search_term_string"}}],"inLanguage":"en-US"},{"@type":"Organization","@id":"https:\/\/ayurvedisktcenter.se\/en\/#organization","name":"Ayurvedic Center Malm\u00f6","url":"https:\/\/ayurvedisktcenter.se\/en\/","logo":{"@type":"ImageObject","inLanguage":"en-US","@id":"https:\/\/ayurvedisktcenter.se\/en\/#\/schema\/logo\/image\/","url":"https:\/\/ayurvedisktcenter.se\/wp-content\/uploads\/2025\/06\/ACM_Logotype_Dark.svg","contentUrl":"https:\/\/ayurvedisktcenter.se\/wp-content\/uploads\/2025\/06\/ACM_Logotype_Dark.svg","width":1500,"height":1500,"caption":"Ayurvediskt Center Malm\u00f6"},"image":{"@id":"https:\/\/ayurvedisktcenter.se\/en\/#\/schema\/logo\/image\/"},"sameAs":["https:\/\/www.facebook.com\/ayurvedamalmo\/","https:\/\/instagram.com\/ayurvedisktcenter"]}]}},"_links":{"self":[{"href":"https:\/\/ayurvedisktcenter.se\/en\/wp-json\/wp\/v2\/pages\/51926","targetHints":{"allow":["GET"]}}],"collection":[{"href":"https:\/\/ayurvedisktcenter.se\/en\/wp-json\/wp\/v2\/pages"}],"about":[{"href":"https:\/\/ayurvedisktcenter.se\/en\/wp-json\/wp\/v2\/types\/page"}],"author":[{"embeddable":true,"href":"https:\/\/ayurvedisktcenter.se\/en\/wp-json\/wp\/v2\/users\/1"}],"replies":[{"embeddable":true,"href":"https:\/\/ayurvedisktcenter.se\/en\/wp-json\/wp\/v2\/comments?post=51926"}],"version-history":[{"count":159,"href":"https:\/\/ayurvedisktcenter.se\/en\/wp-json\/wp\/v2\/pages\/51926\/revisions"}],"predecessor-version":[{"id":61525,"href":"https:\/\/ayurvedisktcenter.se\/en\/wp-json\/wp\/v2\/pages\/51926\/revisions\/61525"}],"wp:attachment":[{"href":"https:\/\/ayurvedisktcenter.se\/en\/wp-json\/wp\/v2\/media?parent=51926"}],"curies":[{"name":"wp","href":"https:\/\/api.w.org\/{rel}","templated":true}]}}